{"id":1666,"date":"2022-12-01T13:50:00","date_gmt":"2022-12-01T12:50:00","guid":{"rendered":"https:\/\/forskning.eu\/projects\/unentdeckter-sehverlust\/"},"modified":"2024-11-11T13:52:50","modified_gmt":"2024-11-11T12:52:50","slug":"unentdeckter-sehverlust","status":"publish","type":"projects","link":"https:\/\/forskning.eu\/de\/projects\/unentdeckter-sehverlust\/","title":{"rendered":"Unerkannter Sehkraftverlust"},"content":{"rendered":"<link rel=\"stylesheet\" type=\"text\/css\" href=\"https:\/\/forskning.eu\/wp-content\/themes\/oak-theme\/dist\/template-parts\/blocks\/hero-project\/hero-project.css\">\n\t<section class=\"block block--hero-project spacing--little\">\n\t\t<div  class=\"hero-project\">\n\t\t\t\t<div class=\"hero-project__wrapper  \">\n\t\t\t\t\t<div class=\"grid\">\n\t\t\t\t<div class=\"col-12\">\n\t\t\t\t\t<div class=\"hero-project__interreg\">\n\t\t\t\t\t\t<img decoding=\"async\" src=\"https:\/\/forskning.eu\/wp-content\/themes\/oak-theme\/assets\/images\/placeholder.png\" data-src=\"https:\/\/forskning.eu\/wp-content\/uploads\/2023\/04\/Logo_Interreg_OKS_DK-1024x293.png\" data-srcset=\"https:\/\/forskning.eu\/wp-content\/uploads\/2023\/04\/Logo_Interreg_OKS_DK-1024x293.png 1024w, https:\/\/forskning.eu\/wp-content\/uploads\/2023\/04\/Logo_Interreg_OKS_DK-300x86.png 300w, https:\/\/forskning.eu\/wp-content\/uploads\/2023\/04\/Logo_Interreg_OKS_DK-768x220.png 768w, https:\/\/forskning.eu\/wp-content\/uploads\/2023\/04\/Logo_Interreg_OKS_DK-1536x440.png 1536w, https:\/\/forskning.eu\/wp-content\/uploads\/2023\/04\/Logo_Interreg_OKS_DK-2048x587.png 2048w\" sizes=\"(max-width: 100vw) 500px, 500px\" data-loading=\"lazy\" alt=\"\"\n\t\t\t\t\t\t\talt=\"\" \/>\n\t\t\t\t\t<\/div>\n\t\t\t\t<\/div>\n\t\t\t<\/div>\n\t\t\t\t<div class=\"grid\">\n\t\t\t<div class=\"col-lg-8 offset-lg-2\">\n\t\t\t\t\t\t\t\t\t<div class=\"hero-project__logo\">\n\t\t\t\t\t\t<img decoding=\"async\" src=\"https:\/\/forskning.eu\/wp-content\/themes\/oak-theme\/assets\/images\/placeholder.png\" data-src=\"https:\/\/forskning.eu\/wp-content\/uploads\/2023\/06\/logo_groen_web.jpg\" data-srcset=\"https:\/\/forskning.eu\/wp-content\/uploads\/2023\/06\/logo_groen_web.jpg 567w, https:\/\/forskning.eu\/wp-content\/uploads\/2023\/06\/logo_groen_web-300x300.jpg 300w, https:\/\/forskning.eu\/wp-content\/uploads\/2023\/06\/logo_groen_web-150x150.jpg 150w\" sizes=\"(max-width: 100vw) 600px, 600px\" data-loading=\"lazy\" alt=\"Uopdaget Synstab logo\"\n\t\t\t\t\t\t\talt=\"Uopdaget Synstab logo\" \/>\n\t\t\t\t\t<\/div>\n\t\t\t\t\t\t\t\t<h1 class=\"hero-project__title\">\n\t\t\t\t\tUnbemerkter Sehkraftverlust\n\t\t\t\t<\/h1>\n\t\t\t\t\t\t\t\t\t<p class=\"hero-project__description\">\n\t\t\t\t\t\tDas Forschungs- und Innovationsprojekt &#8222;Unerkannter Sehkraftverlust&#8220; zielt darauf ab, den Sehkraftverlust bei \u00e4lteren Menschen schneller zu diagnostizieren und zu behandeln.<br \/>\r\n<br \/>\r\nF\u00fcr weitere Informationen besuchen Sie bitte die englischsprachiger Version dieser Website.\n\t\t\t\t\t<\/p>\n\t\t\t\t\t\t\t\t<div class=\"hero-project__container\">\n\t\t\t\t\t<div class=\"hero-project__manager\">\n\t\t\t\t\t\t<div class=\"manager__avatar\">\n\t\t\t\t\t\t\t<img decoding=\"async\" src=\"https:\/\/forskning.eu\/wp-content\/themes\/oak-theme\/assets\/images\/placeholder.png\" data-src=\"https:\/\/forskning.eu\/wp-content\/uploads\/2023\/06\/Ditte-150x150.jpg\" data-srcset=\"https:\/\/forskning.eu\/wp-content\/uploads\/2023\/06\/Ditte-150x150.jpg 150w, https:\/\/forskning.eu\/wp-content\/uploads\/2023\/06\/Ditte-300x300.jpg 300w, https:\/\/forskning.eu\/wp-content\/uploads\/2023\/06\/Ditte-1024x1024.jpg 1024w, https:\/\/forskning.eu\/wp-content\/uploads\/2023\/06\/Ditte-768x768.jpg 768w, https:\/\/forskning.eu\/wp-content\/uploads\/2023\/06\/Ditte.jpg 1200w\" sizes=\"(max-width: 100vw) 200px, 200px\" data-loading=\"lazy\" alt=\"\" \/>\n\t\t\t\t\t\t<\/div>\n\t\t\t\t\t\t<span class=\"manager__name\">\n\t\t\t\t\t\t\tDitte Luise Hartvig\n\t\t\t\t\t\t<\/span>\n\t\t\t\t\t\t<span class=\"manager__position\">\n\t\t\t\t\t\t\tFaglig leder for projektledelse, ph.d.\n\t\t\t\t\t\t<\/span>\n\t\t\t\t\t<\/div>\n\t\t\t\t\t\t\t\t\t\t\t<div class=\"hero-project__cta\">\n\t\t\t\t\t\t\t<a href=\"https:\/\/uopdagetsynstab.forskning.eu\/\"\n\t\t\t\t\t\t\t\tclass=\"btn btn--primary hero-project__link\"\n\t\t\t\t\t\t\t\ttarget=\"_blank\">\n\t\t\t\t\t\t\t\tG\u00e5 til projektets hjemmeside\n\t\t\t\t\t\t\t<\/a>\n\t\t\t\t\t\t<\/div>\n\t\t\t\t\t\t\t\t\t<\/div>\n\t\t\t<\/div>\n\t\t<\/div>\n\t<\/div>\n\t\t\t<div class=\"grid\">\n\t\t\t<div class=\"col-lg-8 offset-lg-2\">\n\t\t\t\t<div class=\"hero-project__image\">\n\t\t\t\t\t<img decoding=\"async\" src=\"https:\/\/forskning.eu\/wp-content\/themes\/oak-theme\/assets\/images\/placeholder.png\" data-src=\"https:\/\/forskning.eu\/wp-content\/uploads\/2023\/05\/Birte-og-patient-04.jpg\" data-srcset=\"https:\/\/forskning.eu\/wp-content\/uploads\/2023\/05\/Birte-og-patient-04.jpg 709w, https:\/\/forskning.eu\/wp-content\/uploads\/2023\/05\/Birte-og-patient-04-300x200.jpg 300w\" sizes=\"(max-width: 100vw) 1600px, 1600px\" data-loading=\"lazy\" alt=\"\"\n\t\t\t\t\t\talt=\"\" \/>\n\t\t\t\t<\/div>\n\t\t\t<\/div>\n\t\t<\/div>\n\t\t\t<\/div>\n\t<\/section>\n\n\n<link rel=\"stylesheet\" type=\"text\/css\" href=\"https:\/\/forskning.eu\/wp-content\/themes\/oak-theme\/dist\/template-parts\/blocks\/paragraph\/paragraph.css\">\n\t<section class=\"block block--paragraph spacing--little\">\n\t\t<div  class=\"paragraph\">\n\t\t\t\t\t\t\t<div class=\"grid \">\n\t\t\t\t\t\t<div class=\"col-lg-8 offset-lg-2\">\n\t\t<p>Sehkraftverlust ist ein weit verbreitetes aber oft \u00fcbersehenes Problem im Alter. Es stellt Betroffene vor gro\u00dfe Herausforderungen im Alltag, sowohl in Bezug auf das Wohlbefinden als auch auf die allgemeine Gesundheit. Sehkraftverlust erh\u00f6ht das Risiko, zu st\u00fcrzen oder gef\u00e4hrliche Situationen im Stra\u00dfenverkehr zu geraten, die zu Unf\u00e4llen f\u00fchren k\u00f6nnen. Wenn sich das Sehverm\u00f6gen verschlechtert, bleiben die Menschen eher zu Hause, isolieren sich und nehmen nicht an sozialen Aktivit\u00e4ten teil. Au\u00dferdem kann der Sehkraftverlust die Bew\u00e4ltigung von Krankheiten erschweren, da er oft die Mobilit\u00e4t und Handlungsfreiheit einschr\u00e4nkt und den Kontakt zu medizinischen Einrichtungen erschwert. Wenn es beispielsweise aufgrund von Sehkraftverlust schwierig ist, vor die T\u00fcr zu gehen, wird es auch schwieriger werden, zum Arzt zu gehen. Das Sehverm\u00f6gen ist daher entscheidend f\u00fcr den Erhalt der Mobilit\u00e4t und Unabh\u00e4ngigkeit im Alltag. Die rechtzeitige Erkennung von Sehkraftverlust bedeutet, dass weniger Menschen mit den unn\u00f6tigen Folgen dieses Verlustes leben m\u00fcssen und dass ihnen fr\u00fcher und besser geholfen wird. Eine fr\u00fchzeitige Behandlung sorgt f\u00fcr eine h\u00f6here Funktionsf\u00e4higkeit und Unabh\u00e4ngigkeit der Betroffenen sowie f\u00fcr ein h\u00f6heres Wohlbefinden und eine bessere Lebensqualit\u00e4t f\u00fcr Betroffene und deren Angeh\u00f6rige. In diesem skandinavischen Forschungs- und Innovationsprojekt &#8222;Unerkannter Sehkraftverlust&#8220; geht es darum, die Diagnose und Behandlung von Sehkraftverlust zu optimieren. Das Projekt entwickelt bestehende Technologien weiter, um zu einer fr\u00fcheren Erkennung und besseren Priorisierung von Patienten beizutragen, die eine augen\u00e4rztliche Behandlung ben\u00f6tigen. Im Projekt arbeiten private und \u00f6ffentliche Anbietern von Augenheilkunde in D\u00e4nemark, Schweden und Norwegen zusammen.\u00a0 Die Zielgruppe des Projekts sind B\u00fcrger \u00fcber 75 Jahre. Dazu geh\u00f6ren auch B\u00fcrger mit nicht diagnostiziertem Sehverlust, die aus anderen Gr\u00fcnden als Sehproblemen ein Gesundheitszentrum aufsuchen &#8211; diese Einbeziehung findet in Schweden statt. Das Projekt schlie\u00dft auch Angeh\u00f6rige von B\u00fcrgern ein, die Optiker aufsuchen &#8211; sowohl in D\u00e4nemark als auch in Schweden. Schlie\u00dflich umfasst das Projekt auch B\u00fcrger, die mit anderen Krankheiten leben und Hilfe von der kommunalen Hauspflege erhalten.<\/p>\n\n\t<\/div>\n\t\t\t\t<\/div>\n\t\t\t\t\t<\/div>\n\t<\/section>\n\n\n<link rel=\"stylesheet\" type=\"text\/css\" href=\"https:\/\/forskning.eu\/wp-content\/themes\/oak-theme\/dist\/template-parts\/blocks\/project-details\/project-details.css\">\n\t<section class=\"block block--project-details spacing--large\">\n\t\t<div  class=\"project-details\">\n\t\t\t\t\t\t\t<div class=\"grid \">\n\t\t\t\t\t\t<div class=\"col-lg-8 offset-lg-2\">\n\t\t<div class=\"project-details__divider\"><\/div>\n\t<\/div>\n\n\t<div class=\"col-lg-8 col-xl-7 offset-lg-2\">\n\t\t<div class=\"project-details__container\">\n\t\t\t<span class=\"project-details__title\">Med i projektet<\/span>\n\n\t\t\t<div class=\"project-details__team\">\n\t\t\t\t\t\t\t\t\t<div class=\"project-details__member\">\n\t\t\t\t\t\t<div class=\"member__avatar\">\n\t\t\t\t\t\t\t<img decoding=\"async\" src=\"https:\/\/forskning.eu\/wp-content\/themes\/oak-theme\/assets\/images\/placeholder.png\" data-src=\"https:\/\/forskning.eu\/wp-content\/uploads\/2023\/06\/Ditte-150x150.jpg\" data-srcset=\"https:\/\/forskning.eu\/wp-content\/uploads\/2023\/06\/Ditte-150x150.jpg 150w, https:\/\/forskning.eu\/wp-content\/uploads\/2023\/06\/Ditte-300x300.jpg 300w, https:\/\/forskning.eu\/wp-content\/uploads\/2023\/06\/Ditte-1024x1024.jpg 1024w, https:\/\/forskning.eu\/wp-content\/uploads\/2023\/06\/Ditte-768x768.jpg 768w, https:\/\/forskning.eu\/wp-content\/uploads\/2023\/06\/Ditte.jpg 1200w\" sizes=\"(max-width: 100vw) 200px, 200px\" data-loading=\"lazy\" alt=\"\"\n\t\t\t\t\t\t\t\talt=\"\" \/>\n\t\t\t\t\t\t<\/div>\n\t\t\t\t\t\t<span class=\"member__name\">Ditte Luise Hartvig<\/span>\n\t\t\t\t\t\t<span class=\"member__title\">Projektleder<\/span>\n\t\t\t\t\t<\/div>\n\t\t\t\t\t\t\t\t\t<div class=\"project-details__member\">\n\t\t\t\t\t\t<div class=\"member__avatar\">\n\t\t\t\t\t\t\t<img decoding=\"async\" src=\"https:\/\/forskning.eu\/wp-content\/themes\/oak-theme\/assets\/images\/placeholder.png\" data-src=\"https:\/\/forskning.eu\/wp-content\/uploads\/2023\/06\/Anne-150x150.jpg\" data-srcset=\"https:\/\/forskning.eu\/wp-content\/uploads\/2023\/06\/Anne-150x150.jpg 150w, https:\/\/forskning.eu\/wp-content\/uploads\/2023\/06\/Anne-300x300.jpg 300w, https:\/\/forskning.eu\/wp-content\/uploads\/2023\/06\/Anne-1024x1024.jpg 1024w, https:\/\/forskning.eu\/wp-content\/uploads\/2023\/06\/Anne-768x768.jpg 768w, https:\/\/forskning.eu\/wp-content\/uploads\/2023\/06\/Anne.jpg 1200w\" sizes=\"(max-width: 100vw) 200px, 200px\" data-loading=\"lazy\" alt=\"\"\n\t\t\t\t\t\t\t\talt=\"\" \/>\n\t\t\t\t\t\t<\/div>\n\t\t\t\t\t\t<span class=\"member__name\">Anne Nistrup Skovsb\u00f8ll<\/span>\n\t\t\t\t\t\t<span class=\"member__title\">Kvalitativ forskningsmedarbejder<\/span>\n\t\t\t\t\t<\/div>\n\t\t\t\t\t\t\t\t\t<div class=\"project-details__member\">\n\t\t\t\t\t\t<div class=\"member__avatar\">\n\t\t\t\t\t\t\t<img decoding=\"async\" src=\"https:\/\/forskning.eu\/wp-content\/themes\/oak-theme\/assets\/images\/placeholder.png\" data-src=\"https:\/\/forskning.eu\/wp-content\/uploads\/2023\/05\/foto-pa-vej-150x150.jpg\" data-srcset=\"https:\/\/forskning.eu\/wp-content\/uploads\/2023\/05\/foto-pa-vej-150x150.jpg 150w, https:\/\/forskning.eu\/wp-content\/uploads\/2023\/05\/foto-pa-vej-300x300.jpg 300w, https:\/\/forskning.eu\/wp-content\/uploads\/2023\/05\/foto-pa-vej-1024x1024.jpg 1024w, https:\/\/forskning.eu\/wp-content\/uploads\/2023\/05\/foto-pa-vej-768x768.jpg 768w, https:\/\/forskning.eu\/wp-content\/uploads\/2023\/05\/foto-pa-vej.jpg 1181w\" sizes=\"(max-width: 100vw) 200px, 200px\" data-loading=\"lazy\" alt=\"\"\n\t\t\t\t\t\t\t\talt=\"\" \/>\n\t\t\t\t\t\t<\/div>\n\t\t\t\t\t\t<span class=\"member__name\">Iryna Dzyba <\/span>\n\t\t\t\t\t\t<span class=\"member__title\">\u00d8konom<\/span>\n\t\t\t\t\t<\/div>\n\t\t\t\t\t\t\t\t\t<div class=\"project-details__member\">\n\t\t\t\t\t\t<div class=\"member__avatar\">\n\t\t\t\t\t\t\t<img decoding=\"async\" src=\"https:\/\/forskning.eu\/wp-content\/themes\/oak-theme\/assets\/images\/placeholder.png\" data-src=\"https:\/\/forskning.eu\/wp-content\/uploads\/2023\/06\/Kristin-150x150.jpg\" data-srcset=\"https:\/\/forskning.eu\/wp-content\/uploads\/2023\/06\/Kristin-150x150.jpg 150w, https:\/\/forskning.eu\/wp-content\/uploads\/2023\/06\/Kristin-300x300.jpg 300w, https:\/\/forskning.eu\/wp-content\/uploads\/2023\/06\/Kristin-1024x1024.jpg 1024w, https:\/\/forskning.eu\/wp-content\/uploads\/2023\/06\/Kristin-768x768.jpg 768w, https:\/\/forskning.eu\/wp-content\/uploads\/2023\/06\/Kristin.jpg 1200w\" sizes=\"(max-width: 100vw) 200px, 200px\" data-loading=\"lazy\" alt=\"\"\n\t\t\t\t\t\t\t\talt=\"\" \/>\n\t\t\t\t\t\t<\/div>\n\t\t\t\t\t\t<span class=\"member__name\">Kristin C\u00e6cilie Kloster<\/span>\n\t\t\t\t\t\t<span class=\"member__title\">Kommunikationsansvarlig<\/span>\n\t\t\t\t\t<\/div>\n\t\t\t\t\t\t\t\t\t<div class=\"project-details__member\">\n\t\t\t\t\t\t<div class=\"member__avatar\">\n\t\t\t\t\t\t\t<img decoding=\"async\" src=\"https:\/\/forskning.eu\/wp-content\/themes\/oak-theme\/assets\/images\/placeholder.png\" data-src=\"https:\/\/forskning.eu\/wp-content\/uploads\/2023\/06\/Natasha-150x150.jpg\" data-srcset=\"https:\/\/forskning.eu\/wp-content\/uploads\/2023\/06\/Natasha-150x150.jpg 150w, https:\/\/forskning.eu\/wp-content\/uploads\/2023\/06\/Natasha-300x300.jpg 300w, https:\/\/forskning.eu\/wp-content\/uploads\/2023\/06\/Natasha-1024x1024.jpg 1024w, https:\/\/forskning.eu\/wp-content\/uploads\/2023\/06\/Natasha-768x768.jpg 768w, https:\/\/forskning.eu\/wp-content\/uploads\/2023\/06\/Natasha.jpg 1200w\" sizes=\"(max-width: 100vw) 200px, 200px\" data-loading=\"lazy\" alt=\"\"\n\t\t\t\t\t\t\t\talt=\"\" \/>\n\t\t\t\t\t\t<\/div>\n\t\t\t\t\t\t<span class=\"member__name\">Natasha R\u00f8sland Skov<\/span>\n\t\t\t\t\t\t<span class=\"member__title\">Kvalitativ forskningsmedarbejder<\/span>\n\t\t\t\t\t<\/div>\n\t\t\t\t\t\t\t\t\t<div class=\"project-details__member\">\n\t\t\t\t\t\t<div class=\"member__avatar\">\n\t\t\t\t\t\t\t<img decoding=\"async\" src=\"https:\/\/forskning.eu\/wp-content\/themes\/oak-theme\/assets\/images\/placeholder.png\" data-src=\"https:\/\/forskning.eu\/wp-content\/uploads\/2024\/05\/Catherina_web-150x150.jpg\" data-srcset=\"https:\/\/forskning.eu\/wp-content\/uploads\/2024\/05\/Catherina_web-150x150.jpg 150w, https:\/\/forskning.eu\/wp-content\/uploads\/2024\/05\/Catherina_web-300x300.jpg 300w, https:\/\/forskning.eu\/wp-content\/uploads\/2024\/05\/Catherina_web-1024x1024.jpg 1024w, https:\/\/forskning.eu\/wp-content\/uploads\/2024\/05\/Catherina_web-768x768.jpg 768w, https:\/\/forskning.eu\/wp-content\/uploads\/2024\/05\/Catherina_web.jpg 1200w\" sizes=\"(max-width: 100vw) 200px, 200px\" data-loading=\"lazy\" alt=\"\"\n\t\t\t\t\t\t\t\talt=\"\" \/>\n\t\t\t\t\t\t<\/div>\n\t\t\t\t\t\t<span class=\"member__name\">Catherina Wilckens<\/span>\n\t\t\t\t\t\t<span class=\"member__title\">Sundheds\u00f8konomi<\/span>\n\t\t\t\t\t<\/div>\n\t\t\t\t\t\t\t<\/div>\n\n\t\t\t<div class=\"project-details__details\">\n\t\t\t\t<div class=\"project-details__detail\">\n\t\t\t\t\t<span class=\"detail__title\">\n\t\t\t\t\t\tSupport program\n\t\t\t\t\t<\/span>\n\t\t\t\t\t<span class=\"detail__text\">Interreg \u00d8resund-Kattegat-Skagerrak<\/span>\n\t\t\t\t<\/div>\n\t\t\t\t<div class=\"project-details__detail\">\n\t\t\t\t\t<span class=\"detail__title\">\n\t\t\t\t\t\tProject duration\n\t\t\t\t\t<\/span>\n\t\t\t\t\t<span class=\"detail__text\">1.12.2022 &#8211; 01.12.2025<\/span>\n\t\t\t\t<\/div>\n\t\t\t\t<div class=\"project-details__detail\">\n\t\t\t\t\t<span class=\"detail__title\">\n\t\t\t\t\t\tProject budget\n\t\t\t\t\t<\/span>\n\t\t\t\t\t<span class=\"detail__text\">1.595.019 EUR<\/span>\n\t\t\t\t<\/div>\n\t\t\t<\/div>\n\n\t\t\t<div class=\"project-details__text\">\n\t\t\t\t<h4>Projektpartnere<\/h4>\n<ul>\n<li>\u00d8jenafdelingen, Sj\u00e6llands Universitetshospital<\/li>\n<li>Forskningsenheden i Staben, Sj\u00e6llands Universitetshospital<\/li>\n<li>H\u00f6gskolan i Halmstad<\/li>\n<li>Institutet f\u00f6r H\u00e4lso- och Sjukv\u00e5rdsekonomi (IHE)<\/li>\n<li>N\u00e6stved Kommune<\/li>\n<li>Profil Optik Butikker A\/S, Danmark<\/li>\n<li>Synsam Group Sweden AB<\/li>\n<li>Eyecheck System AS<\/li>\n<li>Fl\u00e5ttsenteret,\u200b S\u00f8rlandet sykehus HF<\/li>\n<\/ul>\n<p>&nbsp;<\/p>\n<p><i>Projektet er medfinansieret af den Europ\u00e6iske Union<\/i><\/p>\n\n\t\t\t<\/div>\n\n\t\t\t\t\t<\/div>\n\t<\/div>\n\t\t\t\t<\/div>\n\t\t\t\t\t<\/div>\n\t<\/section>\n","protected":false},"excerpt":{"rendered":"<p>Das Forschungs- und Innovationsprojekt &#8222;Unentdeckter Sehverlust&#8220; zielt darauf ab, den Sehverlust bei \u00e4lteren Menschen schneller zu erkennen und zu behandeln.<\/p>\n","protected":false},"featured_media":1667,"template":"","meta":{"_acf_changed":true},"project-category":[10],"class_list":["post-1666","projects","type-projects","status-publish","has-post-thumbnail","hentry","project-category-aktuelle-projekter"],"acf":[],"_links":{"self":[{"href":"https:\/\/forskning.eu\/de\/wp-json\/wp\/v2\/projects\/1666","targetHints":{"allow":["GET"]}}],"collection":[{"href":"https:\/\/forskning.eu\/de\/wp-json\/wp\/v2\/projects"}],"about":[{"href":"https:\/\/forskning.eu\/de\/wp-json\/wp\/v2\/types\/projects"}],"wp:featuredmedia":[{"embeddable":true,"href":"https:\/\/forskning.eu\/de\/wp-json\/wp\/v2\/media\/1667"}],"wp:attachment":[{"href":"https:\/\/forskning.eu\/de\/wp-json\/wp\/v2\/media?parent=1666"}],"wp:term":[{"taxonomy":"project-category","embeddable":true,"href":"https:\/\/forskning.eu\/de\/wp-json\/wp\/v2\/project-category?post=1666"}],"curies":[{"name":"wp","href":"https:\/\/api.w.org\/{rel}","templated":true}]}}