{"id":1554,"date":"2023-04-14T11:54:16","date_gmt":"2023-04-14T10:54:16","guid":{"rendered":"https:\/\/forskning.eu\/die-forschungsabteilung\/"},"modified":"2024-12-10T10:43:29","modified_gmt":"2024-12-10T09:43:29","slug":"die-forschungsabteilung","status":"publish","type":"page","link":"https:\/\/forskning.eu\/de\/die-forschungsabteilung\/","title":{"rendered":"Die Forschungsabteilung"},"content":{"rendered":"<link rel=\"stylesheet\" type=\"text\/css\" href=\"https:\/\/forskning.eu\/wp-content\/themes\/oak-theme\/dist\/template-parts\/blocks\/hero-page\/hero-page.css\">\n\t<section class=\"block block--hero-page spacing--large\">\n\t\t<div  class=\"hero-page\">\n\t\t\t\t\t\t<div class=\"obj-fit hero-page__bg\">\n\t\t\t<img decoding=\"async\" src=\"https:\/\/forskning.eu\/wp-content\/themes\/oak-theme\/assets\/images\/placeholder.png\" data-src=\"https:\/\/forskning.eu\/wp-content\/uploads\/2023\/05\/Kirurgi.png\" data-srcset=\"https:\/\/forskning.eu\/wp-content\/uploads\/2023\/05\/Kirurgi.png 709w, https:\/\/forskning.eu\/wp-content\/uploads\/2023\/05\/Kirurgi-300x169.png 300w\" sizes=\"(max-width: 100vw) 2000px, 2000px\" data-loading=\"lazy\" alt=\"\" \/>\n\t\t<\/div>\n\t\t<div class=\"grid\">\n\t\t<div class=\"col-lg-8 col-xl-6\">\n\t\t\t<div class=\"hero-page__container \">\n\t\t\t\t<h1 class=\"hero-page__title\">\n\t\t\t\t\tDie Forschungsabteilung im Stab des Seeland Universit\u00e4tshospitals\n\t\t\t\t<\/h1>\n\t\t\t\t\t\t\t\t\t<p class=\"hero-page__excerpt\">\n\t\t\t\t\t\tDie Forschungsabteilung tr\u00e4gt zur Verbesserung der Pflegequalit\u00e4t und der Patientenzufrie-denheit im Universit\u00e4tshospital und in anderen Bereichen des Gesundheitswesens in der Re-gion Seeland bei. Sie unterst\u00fctzt und f\u00f6rdert Gesundheitsforschung durch internationale Pro-jektzusammenarbeit, und sie tr\u00e4gt so zur Entwicklung in der klinischen Praxis bei.\n\t\t\t\t\t<\/p>\n\t\t\t\t\t\t\t\t\t\t\t<\/div>\n\t\t<\/div>\n\t<\/div>\n\t\t<\/div>\n\t<\/section>\n\n\n<link rel=\"stylesheet\" type=\"text\/css\" href=\"https:\/\/forskning.eu\/wp-content\/themes\/oak-theme\/dist\/template-parts\/blocks\/text-image\/text-image.css\">\n\t<section class=\"block block--text-image  spacing--large\">\n\t\t<div  class=\"text-image \">\n\t\t\t\t\t\t\t<div class=\"grid \">\n\t\t\t\t\t\t<div class=\"col-md-6 col-lg-5  offset-lg-1\">\n\t\t<div class=\"text-image__image obj-fit\">\n\t\t\t<img decoding=\"async\" src=\"https:\/\/forskning.eu\/wp-content\/themes\/oak-theme\/assets\/images\/placeholder.png\" data-src=\"https:\/\/forskning.eu\/wp-content\/uploads\/2023\/05\/campus-Koge.jpg\" data-srcset=\"https:\/\/forskning.eu\/wp-content\/uploads\/2023\/05\/campus-Koge.jpg 709w, https:\/\/forskning.eu\/wp-content\/uploads\/2023\/05\/campus-Koge-300x206.jpg 300w\" sizes=\"(max-width: 100vw) 800px, 800px\" data-loading=\"lazy\" alt=\"\"\n\t\t\t\talt=\"\" \/>\n\t\t<\/div>\n\t<\/div>\n\t<div class=\"col-md-6 col-lg-5 text-spacing-left \">\n\t\t<div class=\"text-image__text\">\n\t\t\t<h2>Unser Werdegang<\/h2>\n<p>Die Forschungsabteilung ist eine Stabsabteilung im Seeland Universit\u00e4tshospital, die Forschenden hilft, finanzielle Unterst\u00fctzung f\u00fcr ihre Forschungsideen zu erhalten. Die Abteilung entstand urspr\u00fcnglich im Zusammenhang mit der Entwicklung eines Interreg-Projekts und war zun\u00e4chst direkt der Region Seeland zugeordnet. Im Jahr 2019 wurde sie dem Seeland Universit\u00e4tshospital zugeordnet. Die Abteilung zog nach K\u00f8ge um und erhielt den Namen RePCO (Research projects and clinical optimization) auf Deutsch: Abteilung f\u00fcr Forschungsprojekte und klinische Optimierung. Im Laufe der Zeit \u00fcbernahm die Abteilung weitere Aufgaben, und im Jahr 2022 erhielt sie ihren heutigen Namen: Forschungsabteilung im Stab des Seeland Universit\u00e4tshospitals (kurz: FORSK).   <\/p>\n\n\n\t\t\t\t\t<\/div>\n\t<\/div>\n\t\t\t\t<\/div>\n\t\t\t\t\t<\/div>\n\t<\/section>\n\n\n<link rel=\"stylesheet\" type=\"text\/css\" href=\"https:\/\/forskning.eu\/wp-content\/themes\/oak-theme\/dist\/template-parts\/blocks\/accordion-image\/accordion-image.css\">\n\t<section class=\"block block--accordion-image spacing--large\">\n\t\t<div  class=\"accordion-image\">\n\t\t\t\t\t\t\t<div class=\"grid \">\n\t\t\t\t\t\t<div class=\"col-md-6 col-lg-5 align-right 1\">\n\t\t<div class=\"accordion-image__image obj-fit\">\n\t\t\t<img decoding=\"async\" src=\"https:\/\/forskning.eu\/wp-content\/themes\/oak-theme\/assets\/images\/placeholder.png\" data-src=\"https:\/\/forskning.eu\/wp-content\/uploads\/2023\/05\/Applying-electrodes_Credit_Bo-Aagaard.jpg\" data-srcset=\"https:\/\/forskning.eu\/wp-content\/uploads\/2023\/05\/Applying-electrodes_Credit_Bo-Aagaard.jpg 709w, https:\/\/forskning.eu\/wp-content\/uploads\/2023\/05\/Applying-electrodes_Credit_Bo-Aagaard-300x200.jpg 300w\" sizes=\"(max-width: 100vw) 800px, 800px\" data-loading=\"lazy\" alt=\"\"\n\t\t\t\talt=\"\" \/>\n\t\t<\/div>\n\t<\/div>\n\t<div class=\"col-md-6 col-lg-5 accordion-spacing-right offset-lg-1\">\n\t\t<div class=\"accordion-image__text\">\n\t\t\t<h2>Wir f\u00f6rdern und unterst\u00fctzen Forschung, und wir f\u00fchren Forschungsprojekte durch.<\/h2>\n\n\t\t<\/div>\n\n\t\t<div class=\"accordion-image__accordion\">\n\t\t\t\t\t\t\t<div class=\"accordion-item\">\n\t\t\t\t\t<button class=\"accordion-question\">\n\t\t\t\t\t\t<p>\n\t\t\t\t\t\t\tSparring\n\t\t\t\t\t\t<\/p>\n\t\t\t\t\t\t<div class=\"accordion-plus\">\n\t\t\t\t\t\t\t<span><\/span><span><\/span>\n\t\t\t\t\t\t<\/div>\n\t\t\t\t\t<\/button>\n\t\t\t\t\t<div class=\"accordion-answer\">\n\t\t\t\t\t\t<p>\n\t\t\t\t\t\t\tDiskutieren Sie Ihre Forschungsidee mit uns. Gewinnen Sie einen Einblick in m\u00f6gliche Finanzierungsm\u00f6glichkeiten und nutzen Sie unser breites Netzwerk f\u00fcr neue Forschungskooperationen. \n\t\t\t\t\t\t<\/p>\n\t\t\t\t\t<\/div>\n\t\t\t\t<\/div>\n\t\t\t\t\t\t\t<div class=\"accordion-item\">\n\t\t\t\t\t<button class=\"accordion-question\">\n\t\t\t\t\t\t<p>\n\t\t\t\t\t\t\tFundraising\n\t\t\t\t\t\t<\/p>\n\t\t\t\t\t\t<div class=\"accordion-plus\">\n\t\t\t\t\t\t\t<span><\/span><span><\/span>\n\t\t\t\t\t\t<\/div>\n\t\t\t\t\t<\/button>\n\t\t\t\t\t<div class=\"accordion-answer\">\n\t\t\t\t\t\t<p>\n\t\t\t\t\t\t\tMit unserem Wissen zur F\u00f6rdermittelakquise und unseren Erfahrungen bei der Beantragung internationaler Zusch\u00fcsse haben wir eine hohe Erfolgsquote und ebnen so den Weg, um Forschung zu betreiben. \n\t\t\t\t\t\t<\/p>\n\t\t\t\t\t<\/div>\n\t\t\t\t<\/div>\n\t\t\t\t\t\t\t<div class=\"accordion-item\">\n\t\t\t\t\t<button class=\"accordion-question\">\n\t\t\t\t\t\t<p>\n\t\t\t\t\t\t\tProjektleitung\n\t\t\t\t\t\t<\/p>\n\t\t\t\t\t\t<div class=\"accordion-plus\">\n\t\t\t\t\t\t\t<span><\/span><span><\/span>\n\t\t\t\t\t\t<\/div>\n\t\t\t\t\t<\/button>\n\t\t\t\t\t<div class=\"accordion-answer\">\n\t\t\t\t\t\t<p>\n\t\t\t\t\t\t\tSie erhalten w\u00e4hrend des gesamten Projektzeitraums Hilfe, angefangen bei der Entwicklung der Projektidee, \u00fcber die Operationalisierung der Forschungskooperation, das Projektmanagement, bis hin zu Berichterstattung und Projektabrechnung. \n\t\t\t\t\t\t<\/p>\n\t\t\t\t\t<\/div>\n\t\t\t\t<\/div>\n\t\t\t\t\t\t\t<div class=\"accordion-item\">\n\t\t\t\t\t<button class=\"accordion-question\">\n\t\t\t\t\t\t<p>\n\t\t\t\t\t\t\tQualitative Analysen\n\t\t\t\t\t\t<\/p>\n\t\t\t\t\t\t<div class=\"accordion-plus\">\n\t\t\t\t\t\t\t<span><\/span><span><\/span>\n\t\t\t\t\t\t<\/div>\n\t\t\t\t\t<\/button>\n\t\t\t\t\t<div class=\"accordion-answer\">\n\t\t\t\t\t\t<p>\n\t\t\t\t\t\t\tEin qualitativer Ansatz liefert tiefere Einblicke und Datenmaterial, das bei der Umsetzung der Projektergebnisse n\u00fctzlich ist. Insbesondere Innovationprojekte erfordern einen tieferen Einblick in die Nutzerperspektive.  \n\t\t\t\t\t\t<\/p>\n\t\t\t\t\t<\/div>\n\t\t\t\t<\/div>\n\t\t\t\t\t\t\t<div class=\"accordion-item\">\n\t\t\t\t\t<button class=\"accordion-question\">\n\t\t\t\t\t\t<p>\n\t\t\t\t\t\t\t\u00d6ffentlichkeitsarbeit und Kommunikation\n\t\t\t\t\t\t<\/p>\n\t\t\t\t\t\t<div class=\"accordion-plus\">\n\t\t\t\t\t\t\t<span><\/span><span><\/span>\n\t\t\t\t\t\t<\/div>\n\t\t\t\t\t<\/button>\n\t\t\t\t\t<div class=\"accordion-answer\">\n\t\t\t\t\t\t<p>\n\t\t\t\t\t\t\tDiese Aktivit\u00e4ten bringen Ihr Projekt auf ein neues Niveau bei der Medienberichterstattung und der Zusammenarbeit mit Meinungsf\u00fchrern. Sie f\u00fchren zudem zu einer besseren interne Projektzusammenarbeit.\n\t\t\t\t\t\t<\/p>\n\t\t\t\t\t<\/div>\n\t\t\t\t<\/div>\n\t\t\t\t\t\t\t<div class=\"accordion-item\">\n\t\t\t\t\t<button class=\"accordion-question\">\n\t\t\t\t\t\t<p>\n\t\t\t\t\t\t\tFinanzverwaltung\n\t\t\t\t\t\t<\/p>\n\t\t\t\t\t\t<div class=\"accordion-plus\">\n\t\t\t\t\t\t\t<span><\/span><span><\/span>\n\t\t\t\t\t\t<\/div>\n\t\t\t\t\t<\/button>\n\t\t\t\t\t<div class=\"accordion-answer\">\n\t\t\t\t\t\t<p>\n\t\t\t\t\t\t\tEin realistisches Budget, eine gute Verwaltung und ein gutes Finanzmanagement sichern die Einhaltung der Regeln und Vorschriften des Projekts. \n\t\t\t\t\t\t<\/p>\n\t\t\t\t\t<\/div>\n\t\t\t\t<\/div>\n\t\t\t\t\t\t\t<div class=\"accordion-item\">\n\t\t\t\t\t<button class=\"accordion-question\">\n\t\t\t\t\t\t<p>\n\t\t\t\t\t\t\tGesundheits\u00f6konomie\n\t\t\t\t\t\t<\/p>\n\t\t\t\t\t\t<div class=\"accordion-plus\">\n\t\t\t\t\t\t\t<span><\/span><span><\/span>\n\t\t\t\t\t\t<\/div>\n\t\t\t\t\t<\/button>\n\t\t\t\t\t<div class=\"accordion-answer\">\n\t\t\t\t\t\t<p>\n\t\t\t\t\t\t\tWir erstellen gesundheits\u00f6konomische Analysen von Investitionen in Screening-Ausr\u00fcstung und zur Verbreitung von Screening-Praktiken in verschiedenen Kontexten und Praktiken. Ziel der gesundheits\u00f6konomischen Analysen ist es, zu untersuchen, welche dieser Modelle die beste Lebensqualit\u00e4t und Gesundheit f\u00fcr den Einzelnen und die Gesellschaft bieten. \n\t\t\t\t\t\t<\/p>\n\t\t\t\t\t<\/div>\n\t\t\t\t<\/div>\n\t\t\t\t\t<\/div>\n\t<\/div>\n\t\t\t\t<\/div>\n\t\t\t\t\t<\/div>\n\t<\/section>\n\n\n<link rel=\"stylesheet\" type=\"text\/css\" href=\"https:\/\/forskning.eu\/wp-content\/themes\/oak-theme\/dist\/template-parts\/blocks\/paragraph\/paragraph.css\">\n\t<section class=\"block block--paragraph spacing--large\">\n\t\t<div  class=\"paragraph\">\n\t\t\t\t\t\t\t<div class=\"grid \">\n\t\t\t\t\t\t<div class=\"col-lg-6 offset-lg-3\">\n\t\t<h2 style=\"text-align: center;\">Unsere Mission<\/h2>\n<p style=\"text-align: center;\"><b><\/b>Wir tragen zu einem bessern Gesundheitszustand bei, und wir erh\u00f6hen die Behandlungsqualit\u00e4t und Patientenzufriedenheit f\u00fcr die B\u00fcrger und B\u00fcrgerinnen in der Region Seeland, indem wir durch nationale und internationale Zusammenarbeit sowie durch praxisorientierte Forschung Entwicklung und Innovation f\u00f6rdern und unterst\u00fctzen.<\/p>\n<p>&nbsp;<\/p>\n<h2 style=\"text-align: center;\">Unsere Vision<\/h2>\n<p class=\"paragraph\" style=\"margin: 0cm 0cm 0.0001pt; vertical-align: baseline; -webkit-user-drag: none; -webkit-tap-highlight-color: transparent; user-select: text; overflow-wrap: break-word; white-space: pre-wrap; font-kerning: none; text-align: center;\">Wir wollen das beste Umfeld f\u00fcr Forschung, Entwicklung und Innovation in der Region Seeland schaffen, um die besten Bedingungen f\u00fcr die Gesundheit der B\u00fcrger und B\u00fcrgerinnen zu bef\u00f6rdern.<\/p>\n\n\t<\/div>\n\t\t\t\t<\/div>\n\t\t\t\t\t<\/div>\n\t<\/section>\n\n\n<link rel=\"stylesheet\" type=\"text\/css\" href=\"https:\/\/forskning.eu\/wp-content\/themes\/oak-theme\/dist\/template-parts\/blocks\/paragraph\/paragraph.css\">\n\t<section class=\"block block--paragraph spacing--little\">\n\t\t<div  class=\"paragraph\">\n\t\t\t\t\t\t\t<div class=\"grid \">\n\t\t\t\t\t\t<div class=\"col-lg-6 offset-lg-3\">\n\t\t<h1 style=\"text-align: center;\">Unser Team<\/h1>\n\n\t<\/div>\n\t\t\t\t<\/div>\n\t\t\t\t\t<\/div>\n\t<\/section>\n\n\n<link rel=\"stylesheet\" type=\"text\/css\" href=\"https:\/\/forskning.eu\/wp-content\/themes\/oak-theme\/dist\/template-parts\/blocks\/media\/media.css\">\n\t<section class=\"block block--media spacing--little\">\n\t\t<div  class=\"media\">\n\t\t\t\t\t\t<div class=\"grid\">\n\t\t\t<div class=\"col-12\">\n\t\t\t\t<div class=\"media__container width-wide height-tall\">\n\t\t\t\t\t\t\t\t\t\t\t<img decoding=\"async\" src=\"https:\/\/forskning.eu\/wp-content\/themes\/oak-theme\/assets\/images\/placeholder.png\" data-src=\"https:\/\/forskning.eu\/wp-content\/uploads\/2024\/12\/FORSK_2024_web-1024x353.jpg\" data-srcset=\"https:\/\/forskning.eu\/wp-content\/uploads\/2024\/12\/FORSK_2024_web-1024x353.jpg 1024w, https:\/\/forskning.eu\/wp-content\/uploads\/2024\/12\/FORSK_2024_web-300x103.jpg 300w, https:\/\/forskning.eu\/wp-content\/uploads\/2024\/12\/FORSK_2024_web-768x264.jpg 768w, https:\/\/forskning.eu\/wp-content\/uploads\/2024\/12\/FORSK_2024_web-1536x529.jpg 1536w, https:\/\/forskning.eu\/wp-content\/uploads\/2024\/12\/FORSK_2024_web.jpg 2048w\" sizes=\"(max-width: 100vw) 2000px, 2000px\" data-loading=\"lazy\" alt=\"Forskningenhedens team \"\n\t\t\t\t\t\t\talt=\"Forskningenhedens team\" \/>\n\t\t\t\t\t\t\t\t\t<\/div>\n\t\t\t<\/div>\n\t\t<\/div>\n\t\t\t<\/div>\n\t<\/section>\n\n\n<link rel=\"stylesheet\" type=\"text\/css\" href=\"https:\/\/forskning.eu\/wp-content\/themes\/oak-theme\/dist\/template-parts\/blocks\/team\/team.css\">\n\t<section class=\"block block--team spacing--large\">\n\t\t<div  class=\"team\">\n\t\t\t\t\t\t\t<div class=\"grid \">\n\t\t\t\t\t\t\t<div class=\"col-lg-10 offset-lg-1\">\n\t\t<div class=\"team__tiles team__columns-4\">\n\t\t\t\t\t\t\t\n\t<template id=\"template-modal-184\">\n\t\t<div class=\"member-modal__image\">\n\t\t\t<img decoding=\"async\" src=\"https:\/\/forskning.eu\/wp-content\/uploads\/2023\/06\/Soren-1024x1024.jpg\" srcset=\"https:\/\/forskning.eu\/wp-content\/uploads\/2023\/06\/Soren-1024x1024.jpg 1024w, https:\/\/forskning.eu\/wp-content\/uploads\/2023\/06\/Soren-300x300.jpg 300w, https:\/\/forskning.eu\/wp-content\/uploads\/2023\/06\/Soren-150x150.jpg 150w, https:\/\/forskning.eu\/wp-content\/uploads\/2023\/06\/Soren-768x768.jpg 768w, https:\/\/forskning.eu\/wp-content\/uploads\/2023\/06\/Soren.jpg 1200w\" sizes=\"(max-width: 100vw) 1000px, 1000px\" loading=\"auto\" alt=\"\" \/>\n\t\t\t<div class=\"member-modal__scrolldown\">\n\t\t\t\t<div class=\"scrolldown\">\n\t<div class=\"scrolldown-curve\">\n\t\t<svg width=\"229\" height=\"85\" viewBox=\"0 0 229 85\" fill=\"none\" xmlns=\"http:\/\/www.w3.org\/2000\/svg\">\n<path d=\"M228.5 84.5C228.5 84.5 151.73 84.5 106 84.5C60.2696 84.5 21.5 84.5 0 84.5C64.0424 84.5 48.8701 0 118.088 0C180.836 0 167.692 84.5 228.5 84.5Z\" fill=\"white\"\/>\n<\/svg>\n\n\t<\/div>\n\t<button class=\"btn btn--round scrolldown-btn\" aria-label=\"Scroll button\">\n\t\t<svg width=\"73\" height=\"73\" viewBox=\"0 0 73 73\" fill=\"none\" xmlns=\"http:\/\/www.w3.org\/2000\/svg\">\n<path d=\"M53.5924 32.4964L45.223 24.127C45.223 24.127 45.223 24.127 45.223 24.1269C44.6325 23.5362 44.3008 22.7352 44.3008 21.9C44.3008 21.0647 44.6325 20.2636 45.223 19.6729C45.8137 19.0824 46.6148 18.7507 47.45 18.7507C48.2853 18.7507 49.0863 19.0825 49.677 19.673L64.2769 34.2729C64.277 34.2729 64.277 34.2729 64.277 34.273C64.8675 34.8637 65.1992 35.6647 65.1992 36.5C65.1992 37.3352 64.8675 38.1362 64.277 38.7269C64.277 38.727 64.277 38.727 64.2769 38.727L49.6802 53.3238C49.0864 53.8957 48.292 54.2121 47.4675 54.205C46.6415 54.1978 45.8515 53.8665 45.2675 53.2825C44.6834 52.6985 44.3521 51.9084 44.345 51.0825C44.3378 50.258 44.6542 49.4636 45.2261 48.8698L53.5924 40.5035L54.446 39.65H53.2389L10.95 39.65C10.1146 39.65 9.31334 39.3181 8.7226 38.7273C8.13186 38.1366 7.79999 37.3354 7.79999 36.5C7.79999 35.6645 8.13186 34.8633 8.7226 34.2726C9.31334 33.6818 10.1146 33.35 10.95 33.35L53.2389 33.35H54.446L53.5924 32.4964Z\" fill=\"currentColor\" stroke=\"currentColor\"\/>\n<\/svg>\n\n\t<\/button>\n<\/div>\n\t\t\t<\/div>\n\t\t<\/div>\n\t\t<div class=\"member-modal__container\">\n\t\t\t<div class=\"member-modal__close\">\n\t\t\t\t<button class=\"member-modal__close-btn\">\n\t\t\t\t\t<span><\/span><span><\/span>\n\t\t\t\t<\/button>\n\t\t\t<\/div>\n\t\t\t<div class=\"member-modal__content\">\n\t\t\t\t<span class=\"heading-3 member-modal__title\">\n\t\t\t\t\tS\u00f8ren Tvilsted\n\t\t\t\t<\/span>\n\t\t\t\t<span class=\"member-modal__position\">\n\t\t\t\t\tChef for Forskningsenheden i Staben\n\t\t\t\t<\/span>\n\t\t\t\t<p class=\"member-modal__excerpt\">\n\t\t\t\t\tS\u00f8ren har arbejdet med ledelse og udvikling i det meste af karrieren blandt andet hos TDC, som selvst\u00e6ndig og senest i det offentlige. Trives meget i innovativt milj\u00f8, og v\u00e6rds\u00e6tter derfor at v\u00e6re med til at udvikle Sj\u00e6lland Universitetshospitals forskning og innovation.    \n\t\t\t\t<\/p>\n\t\t\t\t<div class=\"member-modal__contact\">\n\t\t\t\t\t<a href=\"tel:+4521519069\"\n\t\t\t\t\t\tclass=\"member-modal__phone\">\n\t\t\t\t\t\t+45 21519069\n\t\t\t\t\t<\/a>\n\t\t\t\t\t<a href=\"mailto:sotv@regionsjaelland.dk\"\n\t\t\t\t\t\tclass=\"member-modal__email\">\n\t\t\t\t\t\tsotv@regionsjaelland.dk\n\t\t\t\t\t<\/a>\n\t\t\t\t<\/div>\n\t\t\t<\/div>\n\n\t\t\t\t\t\t\t<div class=\"member-modal__accordions\">\n\t\t\t\t\t\t\t\t\t\t\t<div class=\"member-modal__accordion\">\n\t\t\t\t\t\t\t<span class=\"accordion__title\">\n\t\t\t\t\t\t\t\tOm S\u00f8ren\n\t\t\t\t\t\t\t<\/span>\n\t\t\t\t\t\t\t\t\t\t\t\t\t\t<div class=\"accordion__list\">\n\t\t\t\t\t\t\t\t\t\t\t\t\t\t\t\t\t<div class=\"list__item\">\n\t\t\t\t\t\t\t\t\t\t<button class=\"list__question\">\n\t\t\t\t\t\t\t\t\t\t\t<p>\n\t\t\t\t\t\t\t\t\t\t\t\tCV\n\t\t\t\t\t\t\t\t\t\t\t<\/p>\n\t\t\t\t\t\t\t\t\t\t\t<div class=\"list__plus\">\n\t\t\t\t\t\t\t\t\t\t\t\t<span><\/span><span><\/span>\n\t\t\t\t\t\t\t\t\t\t\t<\/div>\n\t\t\t\t\t\t\t\t\t\t<\/button>\n\t\t\t\t\t\t\t\t\t\t<div class=\"list__answer\">\n\t\t\t\t\t\t\t\t\t\t\t<p>\n\t\t\t\t\t\t\t\t\t\t\t\t<ul>\n<li>2018 Health care Improvement Advisor<\/li>\n<li>1992 HD-uddannelse i international business<\/li>\n<li>1990 Produktionsingeni\u00f8r<\/li>\n<\/ul>\n\n\t\t\t\t\t\t\t\t\t\t\t<\/p>\n\t\t\t\t\t\t\t\t\t\t<\/div>\n\t\t\t\t\t\t\t\t\t<\/div>\n\t\t\t\t\t\t\t\t\t\t\t\t\t\t\t<\/div>\n\t\t\t\t\t\t<\/div>\n\t\t\t\t\t\t\t\t\t<\/div>\n\t\t\t\t\t<\/div>\n\t<\/template>\n\n<div class=\"member member--tile\" data-id=\"template-modal-184\">\n\t<div class=\"member__thumbnail\">\n\t\t<img decoding=\"async\" src=\"https:\/\/forskning.eu\/wp-content\/themes\/oak-theme\/assets\/images\/placeholder.png\" data-src=\"https:\/\/forskning.eu\/wp-content\/uploads\/2023\/06\/Soren-300x300.jpg\" data-srcset=\"https:\/\/forskning.eu\/wp-content\/uploads\/2023\/06\/Soren-300x300.jpg 300w, https:\/\/forskning.eu\/wp-content\/uploads\/2023\/06\/Soren-1024x1024.jpg 1024w, https:\/\/forskning.eu\/wp-content\/uploads\/2023\/06\/Soren-150x150.jpg 150w, https:\/\/forskning.eu\/wp-content\/uploads\/2023\/06\/Soren-768x768.jpg 768w, https:\/\/forskning.eu\/wp-content\/uploads\/2023\/06\/Soren.jpg 1200w\" sizes=\"(max-width: 100vw) 600px, 600px\" data-loading=\"lazy\" alt=\"\" \/>\n\t\t<div class=\"member__backdrop\"><\/div>\n\t\t\t\t\t<span class=\"member__label\">\n\t\t\t\tRead more\n\t\t\t<\/span>\n\t\t\t<\/div>\n\t<div class=\"member__container\">\n\t\t<span class=\"heading-3 member__title\">S\u00f8ren Tvilsted<\/span>\n\t\t<span class=\"member__position\">Chef for Forskningsenheden i Staben<\/span>\n\t\t<button class=\"member__toggle\" aria-label=\"Show more\">\n\t\t\t<span><\/span><span><\/span>\n\t\t<\/button>\n\t<\/div>\n\t<div class=\"member__contact\">\n\t\t<a href=\"tel:+4521519069\">\n\t\t\t+45 21519069\n\t\t<\/a>\n\t\t<a href=\"mailto:sotv@regionsjaelland.dk\">sotv@regionsjaelland.dk<\/a>\n\t<\/div>\n<\/div>\n\t\t\t\t\t\t\t\n\t<template id=\"template-modal-187\">\n\t\t<div class=\"member-modal__image\">\n\t\t\t<img decoding=\"async\" src=\"https:\/\/forskning.eu\/wp-content\/uploads\/2023\/06\/Ditte-1024x1024.jpg\" srcset=\"https:\/\/forskning.eu\/wp-content\/uploads\/2023\/06\/Ditte-1024x1024.jpg 1024w, https:\/\/forskning.eu\/wp-content\/uploads\/2023\/06\/Ditte-300x300.jpg 300w, https:\/\/forskning.eu\/wp-content\/uploads\/2023\/06\/Ditte-150x150.jpg 150w, https:\/\/forskning.eu\/wp-content\/uploads\/2023\/06\/Ditte-768x768.jpg 768w, https:\/\/forskning.eu\/wp-content\/uploads\/2023\/06\/Ditte.jpg 1200w\" sizes=\"(max-width: 100vw) 1000px, 1000px\" loading=\"auto\" alt=\"\" \/>\n\t\t\t<div class=\"member-modal__scrolldown\">\n\t\t\t\t<div class=\"scrolldown\">\n\t<div class=\"scrolldown-curve\">\n\t\t<svg width=\"229\" height=\"85\" viewBox=\"0 0 229 85\" fill=\"none\" xmlns=\"http:\/\/www.w3.org\/2000\/svg\">\n<path d=\"M228.5 84.5C228.5 84.5 151.73 84.5 106 84.5C60.2696 84.5 21.5 84.5 0 84.5C64.0424 84.5 48.8701 0 118.088 0C180.836 0 167.692 84.5 228.5 84.5Z\" fill=\"white\"\/>\n<\/svg>\n\n\t<\/div>\n\t<button class=\"btn btn--round scrolldown-btn\" aria-label=\"Scroll button\">\n\t\t<svg width=\"73\" height=\"73\" viewBox=\"0 0 73 73\" fill=\"none\" xmlns=\"http:\/\/www.w3.org\/2000\/svg\">\n<path d=\"M53.5924 32.4964L45.223 24.127C45.223 24.127 45.223 24.127 45.223 24.1269C44.6325 23.5362 44.3008 22.7352 44.3008 21.9C44.3008 21.0647 44.6325 20.2636 45.223 19.6729C45.8137 19.0824 46.6148 18.7507 47.45 18.7507C48.2853 18.7507 49.0863 19.0825 49.677 19.673L64.2769 34.2729C64.277 34.2729 64.277 34.2729 64.277 34.273C64.8675 34.8637 65.1992 35.6647 65.1992 36.5C65.1992 37.3352 64.8675 38.1362 64.277 38.7269C64.277 38.727 64.277 38.727 64.2769 38.727L49.6802 53.3238C49.0864 53.8957 48.292 54.2121 47.4675 54.205C46.6415 54.1978 45.8515 53.8665 45.2675 53.2825C44.6834 52.6985 44.3521 51.9084 44.345 51.0825C44.3378 50.258 44.6542 49.4636 45.2261 48.8698L53.5924 40.5035L54.446 39.65H53.2389L10.95 39.65C10.1146 39.65 9.31334 39.3181 8.7226 38.7273C8.13186 38.1366 7.79999 37.3354 7.79999 36.5C7.79999 35.6645 8.13186 34.8633 8.7226 34.2726C9.31334 33.6818 10.1146 33.35 10.95 33.35L53.2389 33.35H54.446L53.5924 32.4964Z\" fill=\"currentColor\" stroke=\"currentColor\"\/>\n<\/svg>\n\n\t<\/button>\n<\/div>\n\t\t\t<\/div>\n\t\t<\/div>\n\t\t<div class=\"member-modal__container\">\n\t\t\t<div class=\"member-modal__close\">\n\t\t\t\t<button class=\"member-modal__close-btn\">\n\t\t\t\t\t<span><\/span><span><\/span>\n\t\t\t\t<\/button>\n\t\t\t<\/div>\n\t\t\t<div class=\"member-modal__content\">\n\t\t\t\t<span class=\"heading-3 member-modal__title\">\n\t\t\t\t\tDitte Luise Hartvig\n\t\t\t\t<\/span>\n\t\t\t\t<span class=\"member-modal__position\">\n\t\t\t\t\tFaglig leder for projektledelse, ph.d.\n\t\t\t\t<\/span>\n\t\t\t\t<p class=\"member-modal__excerpt\">\n\t\t\t\t\tDitte har en baggrund indenfor forskning. Hun har v\u00e6ret ansat som projektleder i FORSK siden 2017, hvor har hun v\u00e6ret involveret i en r\u00e6kke forskningsprojekter. Som projektleder er hun ansvarlig for den administrative styring af projekterne, men har i flere af projekterne ligeledes selv planlagt og gennemf\u00f8rt forsknings aktiviteter. \n\t\t\t\t<\/p>\n\t\t\t\t<div class=\"member-modal__contact\">\n\t\t\t\t\t<a href=\"tel:+4593567387\"\n\t\t\t\t\t\tclass=\"member-modal__phone\">\n\t\t\t\t\t\t+45 93567387\n\t\t\t\t\t<\/a>\n\t\t\t\t\t<a href=\"mailto:dhar@regionsjaelland.dk\"\n\t\t\t\t\t\tclass=\"member-modal__email\">\n\t\t\t\t\t\tdhar@regionsjaelland.dk\n\t\t\t\t\t<\/a>\n\t\t\t\t<\/div>\n\t\t\t<\/div>\n\n\t\t\t\t\t\t\t<div class=\"member-modal__accordions\">\n\t\t\t\t\t\t\t\t\t\t\t<div class=\"member-modal__accordion\">\n\t\t\t\t\t\t\t<span class=\"accordion__title\">\n\t\t\t\t\t\t\t\tOm Ditte\n\t\t\t\t\t\t\t<\/span>\n\t\t\t\t\t\t\t\t\t\t\t\t\t\t<div class=\"accordion__list\">\n\t\t\t\t\t\t\t\t\t\t\t\t\t\t\t\t\t<div class=\"list__item\">\n\t\t\t\t\t\t\t\t\t\t<button class=\"list__question\">\n\t\t\t\t\t\t\t\t\t\t\t<p>\n\t\t\t\t\t\t\t\t\t\t\t\tCV\n\t\t\t\t\t\t\t\t\t\t\t<\/p>\n\t\t\t\t\t\t\t\t\t\t\t<div class=\"list__plus\">\n\t\t\t\t\t\t\t\t\t\t\t\t<span><\/span><span><\/span>\n\t\t\t\t\t\t\t\t\t\t\t<\/div>\n\t\t\t\t\t\t\t\t\t\t<\/button>\n\t\t\t\t\t\t\t\t\t\t<div class=\"list__answer\">\n\t\t\t\t\t\t\t\t\t\t\t<p>\n\t\t\t\t\t\t\t\t\t\t\t\t<p>Ans\u00e6ttelser:<br \/>\n2017- Projektleder \u2013 Regionsj\u00e6lland og Sj\u00e6llands Universitetshospital (FORSK)<br \/>\n2014-2017 Post Doc &#8211; Det Natur- og Biovidenskabelige Fakultet, Institut for F\u00f8devarevidenskab, K\u00f8benhavns Universitet<br \/>\n2010-2014 Ph.d. studerende &#8211; Det Natur- og Biovidenskabelige Fakultet, Institut for F\u00f8devarevidenskab, K\u00f8benhavns Universitet<\/p>\n<p>Uddannelser:<br \/>\n2016 ICH-GCP-certificeret<br \/>\n2014 Ph.d<br \/>\n2004 Cand. Scient. Human Ern\u00e6ring, K\u00f8benhavns Universitet<\/p>\n\n\t\t\t\t\t\t\t\t\t\t\t<\/p>\n\t\t\t\t\t\t\t\t\t\t<\/div>\n\t\t\t\t\t\t\t\t\t<\/div>\n\t\t\t\t\t\t\t\t\t\t\t\t\t\t\t<\/div>\n\t\t\t\t\t\t<\/div>\n\t\t\t\t\t\t\t\t\t\t\t<div class=\"member-modal__accordion\">\n\t\t\t\t\t\t\t<span class=\"accordion__title\">\n\t\t\t\t\t\t\t\tNuv\u00e6rende projekter\n\t\t\t\t\t\t\t<\/span>\n\t\t\t\t\t\t\t\t\t\t\t\t\t\t<div class=\"accordion__list\">\n\t\t\t\t\t\t\t\t\t\t\t\t\t\t\t\t\t<div class=\"list__item\">\n\t\t\t\t\t\t\t\t\t\t<button class=\"list__question\">\n\t\t\t\t\t\t\t\t\t\t\t<p>\n\t\t\t\t\t\t\t\t\t\t\t\tUopdaget Synstab\n\t\t\t\t\t\t\t\t\t\t\t<\/p>\n\t\t\t\t\t\t\t\t\t\t\t<div class=\"list__plus\">\n\t\t\t\t\t\t\t\t\t\t\t\t<span><\/span><span><\/span>\n\t\t\t\t\t\t\t\t\t\t\t<\/div>\n\t\t\t\t\t\t\t\t\t\t<\/button>\n\t\t\t\t\t\t\t\t\t\t<div class=\"list__answer\">\n\t\t\t\t\t\t\t\t\t\t\t<p>\n\t\t\t\t\t\t\t\t\t\t\t\t<p>Projektleder p\u00e5 projektet med ansvar for at projektleverancer n\u00e5s indenfor tid og budget. Hun h\u00e5ndterer overordnet projektstyring, projektplaner, afrapportering, facilitering af diverse m\u00f8der mv.<\/p>\n\n\t\t\t\t\t\t\t\t\t\t\t<\/p>\n\t\t\t\t\t\t\t\t\t\t<\/div>\n\t\t\t\t\t\t\t\t\t<\/div>\n\t\t\t\t\t\t\t\t\t\t\t\t\t\t\t<\/div>\n\t\t\t\t\t\t<\/div>\n\t\t\t\t\t\t\t\t\t\t\t<div class=\"member-modal__accordion\">\n\t\t\t\t\t\t\t<span class=\"accordion__title\">\n\t\t\t\t\t\t\t\tTidligere projekter\n\t\t\t\t\t\t\t<\/span>\n\t\t\t\t\t\t\t\t\t\t\t\t\t\t<div class=\"accordion__list\">\n\t\t\t\t\t\t\t\t\t\t\t\t\t\t\t\t\t<div class=\"list__item\">\n\t\t\t\t\t\t\t\t\t\t<button class=\"list__question\">\n\t\t\t\t\t\t\t\t\t\t\t<p>\n\t\t\t\t\t\t\t\t\t\t\t\tKan du se fremtiden?\n\t\t\t\t\t\t\t\t\t\t\t<\/p>\n\t\t\t\t\t\t\t\t\t\t\t<div class=\"list__plus\">\n\t\t\t\t\t\t\t\t\t\t\t\t<span><\/span><span><\/span>\n\t\t\t\t\t\t\t\t\t\t\t<\/div>\n\t\t\t\t\t\t\t\t\t\t<\/button>\n\t\t\t\t\t\t\t\t\t\t<div class=\"list__answer\">\n\t\t\t\t\t\t\t\t\t\t\t<p>\n\t\t\t\t\t\t\t\t\t\t\t\t<p>Projektleder p\u00e5 projektet med ansvar for at projektleverancer n\u00e5s indenfor tid og budget. H\u00e5ndtering af overordnet projektstyring, projektplaner, afrapportering, facilitering af diverse m\u00f8der mv.<\/p>\n\n\t\t\t\t\t\t\t\t\t\t\t<\/p>\n\t\t\t\t\t\t\t\t\t\t<\/div>\n\t\t\t\t\t\t\t\t\t<\/div>\n\t\t\t\t\t\t\t\t\t\t\t\t\t\t\t\t\t<div class=\"list__item\">\n\t\t\t\t\t\t\t\t\t\t<button class=\"list__question\">\n\t\t\t\t\t\t\t\t\t\t\t<p>\n\t\t\t\t\t\t\t\t\t\t\t\tBehandling af Covid-19 Senf\u00f8lger\n\t\t\t\t\t\t\t\t\t\t\t<\/p>\n\t\t\t\t\t\t\t\t\t\t\t<div class=\"list__plus\">\n\t\t\t\t\t\t\t\t\t\t\t\t<span><\/span><span><\/span>\n\t\t\t\t\t\t\t\t\t\t\t<\/div>\n\t\t\t\t\t\t\t\t\t\t<\/button>\n\t\t\t\t\t\t\t\t\t\t<div class=\"list__answer\">\n\t\t\t\t\t\t\t\t\t\t\t<p>\n\t\t\t\t\t\t\t\t\t\t\t\t<p>Projektleder i sidste del af projektet og slutrapportering p\u00e5 forskningsaktiviteter.<\/p>\n\n\t\t\t\t\t\t\t\t\t\t\t<\/p>\n\t\t\t\t\t\t\t\t\t\t<\/div>\n\t\t\t\t\t\t\t\t\t<\/div>\n\t\t\t\t\t\t\t\t\t\t\t\t\t\t\t\t\t<div class=\"list__item\">\n\t\t\t\t\t\t\t\t\t\t<button class=\"list__question\">\n\t\t\t\t\t\t\t\t\t\t\t<p>\n\t\t\t\t\t\t\t\t\t\t\t\tNorDigHealth\n\t\t\t\t\t\t\t\t\t\t\t<\/p>\n\t\t\t\t\t\t\t\t\t\t\t<div class=\"list__plus\">\n\t\t\t\t\t\t\t\t\t\t\t\t<span><\/span><span><\/span>\n\t\t\t\t\t\t\t\t\t\t\t<\/div>\n\t\t\t\t\t\t\t\t\t\t<\/button>\n\t\t\t\t\t\t\t\t\t\t<div class=\"list__answer\">\n\t\t\t\t\t\t\t\t\t\t\t<p>\n\t\t\t\t\t\t\t\t\t\t\t\t<p>Projektleder p\u00e5 to arbejdspakker. Projektstyring og afrapportering, planl\u00e6gning af studier, protokolskrivning og indhentning af godkendelser samt gennemf\u00f8rsel af forskningsaktiviteter.<\/p>\n\n\t\t\t\t\t\t\t\t\t\t\t<\/p>\n\t\t\t\t\t\t\t\t\t\t<\/div>\n\t\t\t\t\t\t\t\t\t<\/div>\n\t\t\t\t\t\t\t\t\t\t\t\t\t\t\t\t\t<div class=\"list__item\">\n\t\t\t\t\t\t\t\t\t\t<button class=\"list__question\">\n\t\t\t\t\t\t\t\t\t\t\t<p>\n\t\t\t\t\t\t\t\t\t\t\t\tChanging Cancer Care\n\t\t\t\t\t\t\t\t\t\t\t<\/p>\n\t\t\t\t\t\t\t\t\t\t\t<div class=\"list__plus\">\n\t\t\t\t\t\t\t\t\t\t\t\t<span><\/span><span><\/span>\n\t\t\t\t\t\t\t\t\t\t\t<\/div>\n\t\t\t\t\t\t\t\t\t\t<\/button>\n\t\t\t\t\t\t\t\t\t\t<div class=\"list__answer\">\n\t\t\t\t\t\t\t\t\t\t\t<p>\n\t\t\t\t\t\t\t\t\t\t\t\t<p>Projektleder p\u00e5 en arbejdspakke med ansvar for forskningsaktivitet samt afrapportering. Studiedesign, protokolskrivning, indhentning af godkendelser samt gennemf\u00f8rsel af studie.<\/p>\n\n\t\t\t\t\t\t\t\t\t\t\t<\/p>\n\t\t\t\t\t\t\t\t\t\t<\/div>\n\t\t\t\t\t\t\t\t\t<\/div>\n\t\t\t\t\t\t\t\t\t\t\t\t\t\t\t\t\t<div class=\"list__item\">\n\t\t\t\t\t\t\t\t\t\t<button class=\"list__question\">\n\t\t\t\t\t\t\t\t\t\t\t<p>\n\t\t\t\t\t\t\t\t\t\t\t\tEnforce\n\t\t\t\t\t\t\t\t\t\t\t<\/p>\n\t\t\t\t\t\t\t\t\t\t\t<div class=\"list__plus\">\n\t\t\t\t\t\t\t\t\t\t\t\t<span><\/span><span><\/span>\n\t\t\t\t\t\t\t\t\t\t\t<\/div>\n\t\t\t\t\t\t\t\t\t\t<\/button>\n\t\t\t\t\t\t\t\t\t\t<div class=\"list__answer\">\n\t\t\t\t\t\t\t\t\t\t\t<p>\n\t\t\t\t\t\t\t\t\t\t\t\t<p>Involveret i opstarten af projektet i Region Sj\u00e6lland.<\/p>\n\n\t\t\t\t\t\t\t\t\t\t\t<\/p>\n\t\t\t\t\t\t\t\t\t\t<\/div>\n\t\t\t\t\t\t\t\t\t<\/div>\n\t\t\t\t\t\t\t\t\t\t\t\t\t\t\t\t\t<div class=\"list__item\">\n\t\t\t\t\t\t\t\t\t\t<button class=\"list__question\">\n\t\t\t\t\t\t\t\t\t\t\t<p>\n\t\t\t\t\t\t\t\t\t\t\t\tInnoCan\n\t\t\t\t\t\t\t\t\t\t\t<\/p>\n\t\t\t\t\t\t\t\t\t\t\t<div class=\"list__plus\">\n\t\t\t\t\t\t\t\t\t\t\t\t<span><\/span><span><\/span>\n\t\t\t\t\t\t\t\t\t\t\t<\/div>\n\t\t\t\t\t\t\t\t\t\t<\/button>\n\t\t\t\t\t\t\t\t\t\t<div class=\"list__answer\">\n\t\t\t\t\t\t\t\t\t\t\t<p>\n\t\t\t\t\t\t\t\t\t\t\t\t<p>Projektleder p\u00e5 projektet med ansvar for at gennemf\u00f8re en arbejdspakke i projektet, samt afrapportering.<\/p>\n\n\t\t\t\t\t\t\t\t\t\t\t<\/p>\n\t\t\t\t\t\t\t\t\t\t<\/div>\n\t\t\t\t\t\t\t\t\t<\/div>\n\t\t\t\t\t\t\t\t\t\t\t\t\t\t\t<\/div>\n\t\t\t\t\t\t<\/div>\n\t\t\t\t\t\t\t\t\t<\/div>\n\t\t\t\t\t<\/div>\n\t<\/template>\n\n<div class=\"member member--tile\" data-id=\"template-modal-187\">\n\t<div class=\"member__thumbnail\">\n\t\t<img decoding=\"async\" src=\"https:\/\/forskning.eu\/wp-content\/themes\/oak-theme\/assets\/images\/placeholder.png\" data-src=\"https:\/\/forskning.eu\/wp-content\/uploads\/2023\/06\/Ditte-300x300.jpg\" data-srcset=\"https:\/\/forskning.eu\/wp-content\/uploads\/2023\/06\/Ditte-300x300.jpg 300w, https:\/\/forskning.eu\/wp-content\/uploads\/2023\/06\/Ditte-1024x1024.jpg 1024w, https:\/\/forskning.eu\/wp-content\/uploads\/2023\/06\/Ditte-150x150.jpg 150w, https:\/\/forskning.eu\/wp-content\/uploads\/2023\/06\/Ditte-768x768.jpg 768w, https:\/\/forskning.eu\/wp-content\/uploads\/2023\/06\/Ditte.jpg 1200w\" sizes=\"(max-width: 100vw) 600px, 600px\" data-loading=\"lazy\" alt=\"\" \/>\n\t\t<div class=\"member__backdrop\"><\/div>\n\t\t\t\t\t<span class=\"member__label\">\n\t\t\t\tRead more\n\t\t\t<\/span>\n\t\t\t<\/div>\n\t<div class=\"member__container\">\n\t\t<span class=\"heading-3 member__title\">Ditte Luise Hartvig<\/span>\n\t\t<span class=\"member__position\">Faglig leder for projektledelse, ph.d.<\/span>\n\t\t<button class=\"member__toggle\" aria-label=\"Show more\">\n\t\t\t<span><\/span><span><\/span>\n\t\t<\/button>\n\t<\/div>\n\t<div class=\"member__contact\">\n\t\t<a href=\"tel:+4593567387\">\n\t\t\t+45 93567387\n\t\t<\/a>\n\t\t<a href=\"mailto:dhar@regionsjaelland.dk\">dhar@regionsjaelland.dk<\/a>\n\t<\/div>\n<\/div>\n\t\t\t\t\t\t\t\n\t<template id=\"template-modal-1426\">\n\t\t<div class=\"member-modal__image\">\n\t\t\t<img decoding=\"async\" src=\"https:\/\/forskning.eu\/wp-content\/uploads\/2024\/05\/Lise_web-1024x1024.jpg\" srcset=\"https:\/\/forskning.eu\/wp-content\/uploads\/2024\/05\/Lise_web-1024x1024.jpg 1024w, https:\/\/forskning.eu\/wp-content\/uploads\/2024\/05\/Lise_web-300x300.jpg 300w, https:\/\/forskning.eu\/wp-content\/uploads\/2024\/05\/Lise_web-150x150.jpg 150w, https:\/\/forskning.eu\/wp-content\/uploads\/2024\/05\/Lise_web-768x768.jpg 768w, https:\/\/forskning.eu\/wp-content\/uploads\/2024\/05\/Lise_web.jpg 1200w\" sizes=\"(max-width: 100vw) 1000px, 1000px\" loading=\"auto\" alt=\"\" \/>\n\t\t\t<div class=\"member-modal__scrolldown\">\n\t\t\t\t<div class=\"scrolldown\">\n\t<div class=\"scrolldown-curve\">\n\t\t<svg width=\"229\" height=\"85\" viewBox=\"0 0 229 85\" fill=\"none\" xmlns=\"http:\/\/www.w3.org\/2000\/svg\">\n<path d=\"M228.5 84.5C228.5 84.5 151.73 84.5 106 84.5C60.2696 84.5 21.5 84.5 0 84.5C64.0424 84.5 48.8701 0 118.088 0C180.836 0 167.692 84.5 228.5 84.5Z\" fill=\"white\"\/>\n<\/svg>\n\n\t<\/div>\n\t<button class=\"btn btn--round scrolldown-btn\" aria-label=\"Scroll button\">\n\t\t<svg width=\"73\" height=\"73\" viewBox=\"0 0 73 73\" fill=\"none\" xmlns=\"http:\/\/www.w3.org\/2000\/svg\">\n<path d=\"M53.5924 32.4964L45.223 24.127C45.223 24.127 45.223 24.127 45.223 24.1269C44.6325 23.5362 44.3008 22.7352 44.3008 21.9C44.3008 21.0647 44.6325 20.2636 45.223 19.6729C45.8137 19.0824 46.6148 18.7507 47.45 18.7507C48.2853 18.7507 49.0863 19.0825 49.677 19.673L64.2769 34.2729C64.277 34.2729 64.277 34.2729 64.277 34.273C64.8675 34.8637 65.1992 35.6647 65.1992 36.5C65.1992 37.3352 64.8675 38.1362 64.277 38.7269C64.277 38.727 64.277 38.727 64.2769 38.727L49.6802 53.3238C49.0864 53.8957 48.292 54.2121 47.4675 54.205C46.6415 54.1978 45.8515 53.8665 45.2675 53.2825C44.6834 52.6985 44.3521 51.9084 44.345 51.0825C44.3378 50.258 44.6542 49.4636 45.2261 48.8698L53.5924 40.5035L54.446 39.65H53.2389L10.95 39.65C10.1146 39.65 9.31334 39.3181 8.7226 38.7273C8.13186 38.1366 7.79999 37.3354 7.79999 36.5C7.79999 35.6645 8.13186 34.8633 8.7226 34.2726C9.31334 33.6818 10.1146 33.35 10.95 33.35L53.2389 33.35H54.446L53.5924 32.4964Z\" fill=\"currentColor\" stroke=\"currentColor\"\/>\n<\/svg>\n\n\t<\/button>\n<\/div>\n\t\t\t<\/div>\n\t\t<\/div>\n\t\t<div class=\"member-modal__container\">\n\t\t\t<div class=\"member-modal__close\">\n\t\t\t\t<button class=\"member-modal__close-btn\">\n\t\t\t\t\t<span><\/span><span><\/span>\n\t\t\t\t<\/button>\n\t\t\t<\/div>\n\t\t\t<div class=\"member-modal__content\">\n\t\t\t\t<span class=\"heading-3 member-modal__title\">\n\t\t\t\t\tLise Karup Pedersen\n\t\t\t\t<\/span>\n\t\t\t\t<span class=\"member-modal__position\">\n\t\t\t\t\tProjektleder\n\t\t\t\t<\/span>\n\t\t\t\t<p class=\"member-modal__excerpt\">\n\t\t\t\t\tLise er projektleder p\u00e5 Sustainable Use of Single Use Endoscopes og p\u00e5 Bridging Safe Elderly Care.\r\nLise har tidligere arbejdet som projektleder i Psykiatrifonden og i den kommunale verden, hvor hun bl.a. har koordineret oplysningsindsatser om angst og depression samt indsatser og tilbud m\u00e5lrettet borgere med en demenssygdom og deres p\u00e5r\u00f8rende.\r\nI fritiden elsker Lise at v\u00e6re sammen med sine hunde og vandre i naturen.\r\n\n\t\t\t\t<\/p>\n\t\t\t\t<div class=\"member-modal__contact\">\n\t\t\t\t\t<a href=\"tel:+4521574582\"\n\t\t\t\t\t\tclass=\"member-modal__phone\">\n\t\t\t\t\t\t+45 21 57 45 82\n\t\t\t\t\t<\/a>\n\t\t\t\t\t<a href=\"mailto:lisekp@regionsjaelland.dk\"\n\t\t\t\t\t\tclass=\"member-modal__email\">\n\t\t\t\t\t\tlisekp@regionsjaelland.dk\n\t\t\t\t\t<\/a>\n\t\t\t\t<\/div>\n\t\t\t<\/div>\n\n\t\t\t\t\t\t\t<div class=\"member-modal__accordions\">\n\t\t\t\t\t\t\t\t\t\t\t<div class=\"member-modal__accordion\">\n\t\t\t\t\t\t\t<span class=\"accordion__title\">\n\t\t\t\t\t\t\t\tOm Lise \n\t\t\t\t\t\t\t<\/span>\n\t\t\t\t\t\t\t\t\t\t\t\t\t\t<div class=\"accordion__list\">\n\t\t\t\t\t\t\t\t\t\t\t\t\t\t\t\t\t<div class=\"list__item\">\n\t\t\t\t\t\t\t\t\t\t<button class=\"list__question\">\n\t\t\t\t\t\t\t\t\t\t\t<p>\n\t\t\t\t\t\t\t\t\t\t\t\tCV\n\t\t\t\t\t\t\t\t\t\t\t<\/p>\n\t\t\t\t\t\t\t\t\t\t\t<div class=\"list__plus\">\n\t\t\t\t\t\t\t\t\t\t\t\t<span><\/span><span><\/span>\n\t\t\t\t\t\t\t\t\t\t\t<\/div>\n\t\t\t\t\t\t\t\t\t\t<\/button>\n\t\t\t\t\t\t\t\t\t\t<div class=\"list__answer\">\n\t\t\t\t\t\t\t\t\t\t\t<p>\n\t\t\t\t\t\t\t\t\t\t\t\t<p>Erhvervserfaring<br \/>\n2022-2023: Projektleder, Stevns Kommune<br \/>\n2015-2017: Projektleder, Lyngby-Taarb\u00e6k Kommune<br \/>\n2006-2014: Projektleder, Psykiatrifonden<\/p>\n<p>Uddannelse<br \/>\n2004: Cand. mag i Psykologi og Internationale Udviklingsstudier, Roskilde Universitet<\/p>\n\n\t\t\t\t\t\t\t\t\t\t\t<\/p>\n\t\t\t\t\t\t\t\t\t\t<\/div>\n\t\t\t\t\t\t\t\t\t<\/div>\n\t\t\t\t\t\t\t\t\t\t\t\t\t\t\t<\/div>\n\t\t\t\t\t\t<\/div>\n\t\t\t\t\t\t\t\t\t\t\t<div class=\"member-modal__accordion\">\n\t\t\t\t\t\t\t<span class=\"accordion__title\">\n\t\t\t\t\t\t\t\tProjekter\n\t\t\t\t\t\t\t<\/span>\n\t\t\t\t\t\t\t\t\t\t\t\t\t\t<div class=\"accordion__list\">\n\t\t\t\t\t\t\t\t\t\t\t\t\t\t\t\t\t<div class=\"list__item\">\n\t\t\t\t\t\t\t\t\t\t<button class=\"list__question\">\n\t\t\t\t\t\t\t\t\t\t\t<p>\n\t\t\t\t\t\t\t\t\t\t\t\tSustainable Use of Single Use Endoscopes\n\t\t\t\t\t\t\t\t\t\t\t<\/p>\n\t\t\t\t\t\t\t\t\t\t\t<div class=\"list__plus\">\n\t\t\t\t\t\t\t\t\t\t\t\t<span><\/span><span><\/span>\n\t\t\t\t\t\t\t\t\t\t\t<\/div>\n\t\t\t\t\t\t\t\t\t\t<\/button>\n\t\t\t\t\t\t\t\t\t\t<div class=\"list__answer\">\n\t\t\t\t\t\t\t\t\t\t\t<p>\n\t\t\t\t\t\t\t\t\t\t\t\t<p>Lise er projektleder for projektet.<\/p>\n\n\t\t\t\t\t\t\t\t\t\t\t<\/p>\n\t\t\t\t\t\t\t\t\t\t<\/div>\n\t\t\t\t\t\t\t\t\t<\/div>\n\t\t\t\t\t\t\t\t\t\t\t\t\t\t\t\t\t<div class=\"list__item\">\n\t\t\t\t\t\t\t\t\t\t<button class=\"list__question\">\n\t\t\t\t\t\t\t\t\t\t\t<p>\n\t\t\t\t\t\t\t\t\t\t\t\tBridging Safe Elderly Care\n\t\t\t\t\t\t\t\t\t\t\t<\/p>\n\t\t\t\t\t\t\t\t\t\t\t<div class=\"list__plus\">\n\t\t\t\t\t\t\t\t\t\t\t\t<span><\/span><span><\/span>\n\t\t\t\t\t\t\t\t\t\t\t<\/div>\n\t\t\t\t\t\t\t\t\t\t<\/button>\n\t\t\t\t\t\t\t\t\t\t<div class=\"list__answer\">\n\t\t\t\t\t\t\t\t\t\t\t<p>\n\t\t\t\t\t\t\t\t\t\t\t\t<p>Lise er projektleder for projektet.<\/p>\n\n\t\t\t\t\t\t\t\t\t\t\t<\/p>\n\t\t\t\t\t\t\t\t\t\t<\/div>\n\t\t\t\t\t\t\t\t\t<\/div>\n\t\t\t\t\t\t\t\t\t\t\t\t\t\t\t<\/div>\n\t\t\t\t\t\t<\/div>\n\t\t\t\t\t\t\t\t\t<\/div>\n\t\t\t\t\t<\/div>\n\t<\/template>\n\n<div class=\"member member--tile\" data-id=\"template-modal-1426\">\n\t<div class=\"member__thumbnail\">\n\t\t<img decoding=\"async\" src=\"https:\/\/forskning.eu\/wp-content\/themes\/oak-theme\/assets\/images\/placeholder.png\" data-src=\"https:\/\/forskning.eu\/wp-content\/uploads\/2024\/05\/Lise_web-300x300.jpg\" data-srcset=\"https:\/\/forskning.eu\/wp-content\/uploads\/2024\/05\/Lise_web-300x300.jpg 300w, https:\/\/forskning.eu\/wp-content\/uploads\/2024\/05\/Lise_web-1024x1024.jpg 1024w, https:\/\/forskning.eu\/wp-content\/uploads\/2024\/05\/Lise_web-150x150.jpg 150w, https:\/\/forskning.eu\/wp-content\/uploads\/2024\/05\/Lise_web-768x768.jpg 768w, https:\/\/forskning.eu\/wp-content\/uploads\/2024\/05\/Lise_web.jpg 1200w\" sizes=\"(max-width: 100vw) 600px, 600px\" data-loading=\"lazy\" alt=\"\" \/>\n\t\t<div class=\"member__backdrop\"><\/div>\n\t\t\t\t\t<span class=\"member__label\">\n\t\t\t\tRead more\n\t\t\t<\/span>\n\t\t\t<\/div>\n\t<div class=\"member__container\">\n\t\t<span class=\"heading-3 member__title\">Lise Karup Pedersen<\/span>\n\t\t<span class=\"member__position\">Projektleder<\/span>\n\t\t<button class=\"member__toggle\" aria-label=\"Show more\">\n\t\t\t<span><\/span><span><\/span>\n\t\t<\/button>\n\t<\/div>\n\t<div class=\"member__contact\">\n\t\t<a href=\"tel:+4521574582\">\n\t\t\t+45 21 57 45 82\n\t\t<\/a>\n\t\t<a href=\"mailto:lisekp@regionsjaelland.dk\">lisekp@regionsjaelland.dk<\/a>\n\t<\/div>\n<\/div>\n\t\t\t\t\t\t\t\n\t<template id=\"template-modal-1422\">\n\t\t<div class=\"member-modal__image\">\n\t\t\t<img decoding=\"async\" src=\"https:\/\/forskning.eu\/wp-content\/uploads\/2024\/05\/Catherina_web-1024x1024.jpg\" srcset=\"https:\/\/forskning.eu\/wp-content\/uploads\/2024\/05\/Catherina_web-1024x1024.jpg 1024w, https:\/\/forskning.eu\/wp-content\/uploads\/2024\/05\/Catherina_web-300x300.jpg 300w, https:\/\/forskning.eu\/wp-content\/uploads\/2024\/05\/Catherina_web-150x150.jpg 150w, https:\/\/forskning.eu\/wp-content\/uploads\/2024\/05\/Catherina_web-768x768.jpg 768w, https:\/\/forskning.eu\/wp-content\/uploads\/2024\/05\/Catherina_web.jpg 1200w\" sizes=\"(max-width: 100vw) 1000px, 1000px\" loading=\"auto\" alt=\"\" \/>\n\t\t\t<div class=\"member-modal__scrolldown\">\n\t\t\t\t<div class=\"scrolldown\">\n\t<div class=\"scrolldown-curve\">\n\t\t<svg width=\"229\" height=\"85\" viewBox=\"0 0 229 85\" fill=\"none\" xmlns=\"http:\/\/www.w3.org\/2000\/svg\">\n<path d=\"M228.5 84.5C228.5 84.5 151.73 84.5 106 84.5C60.2696 84.5 21.5 84.5 0 84.5C64.0424 84.5 48.8701 0 118.088 0C180.836 0 167.692 84.5 228.5 84.5Z\" fill=\"white\"\/>\n<\/svg>\n\n\t<\/div>\n\t<button class=\"btn btn--round scrolldown-btn\" aria-label=\"Scroll button\">\n\t\t<svg width=\"73\" height=\"73\" viewBox=\"0 0 73 73\" fill=\"none\" xmlns=\"http:\/\/www.w3.org\/2000\/svg\">\n<path d=\"M53.5924 32.4964L45.223 24.127C45.223 24.127 45.223 24.127 45.223 24.1269C44.6325 23.5362 44.3008 22.7352 44.3008 21.9C44.3008 21.0647 44.6325 20.2636 45.223 19.6729C45.8137 19.0824 46.6148 18.7507 47.45 18.7507C48.2853 18.7507 49.0863 19.0825 49.677 19.673L64.2769 34.2729C64.277 34.2729 64.277 34.2729 64.277 34.273C64.8675 34.8637 65.1992 35.6647 65.1992 36.5C65.1992 37.3352 64.8675 38.1362 64.277 38.7269C64.277 38.727 64.277 38.727 64.2769 38.727L49.6802 53.3238C49.0864 53.8957 48.292 54.2121 47.4675 54.205C46.6415 54.1978 45.8515 53.8665 45.2675 53.2825C44.6834 52.6985 44.3521 51.9084 44.345 51.0825C44.3378 50.258 44.6542 49.4636 45.2261 48.8698L53.5924 40.5035L54.446 39.65H53.2389L10.95 39.65C10.1146 39.65 9.31334 39.3181 8.7226 38.7273C8.13186 38.1366 7.79999 37.3354 7.79999 36.5C7.79999 35.6645 8.13186 34.8633 8.7226 34.2726C9.31334 33.6818 10.1146 33.35 10.95 33.35L53.2389 33.35H54.446L53.5924 32.4964Z\" fill=\"currentColor\" stroke=\"currentColor\"\/>\n<\/svg>\n\n\t<\/button>\n<\/div>\n\t\t\t<\/div>\n\t\t<\/div>\n\t\t<div class=\"member-modal__container\">\n\t\t\t<div class=\"member-modal__close\">\n\t\t\t\t<button class=\"member-modal__close-btn\">\n\t\t\t\t\t<span><\/span><span><\/span>\n\t\t\t\t<\/button>\n\t\t\t<\/div>\n\t\t\t<div class=\"member-modal__content\">\n\t\t\t\t<span class=\"heading-3 member-modal__title\">\n\t\t\t\t\tCatherina Wilckens\n\t\t\t\t<\/span>\n\t\t\t\t<span class=\"member-modal__position\">\n\t\t\t\t\t\u00d8konomikonsulent\n\t\t\t\t<\/span>\n\t\t\t\t<p class=\"member-modal__excerpt\">\n\t\t\t\t\tCatherina har 8 \u00e5rs erhvervserfaring i den tyske sundhedssektor, herunder inden for sundheds\u00f8konomi og projektledelse inden for hospitalsplanl\u00e6gning. Hun har en bachelorgrad i Health Sciences og en kandidatgrad i ledelse af sundheds- og socialorganisationer. \r\nStillingen i forskningsenheden er en stor ny erfaring i udlandet kombineret med sp\u00e6ndende internationale projekter i et innovativt sundhedsmilj\u00f8.\r\n\n\t\t\t\t<\/p>\n\t\t\t\t<div class=\"member-modal__contact\">\n\t\t\t\t\t<a href=\"tel:+4521569096\"\n\t\t\t\t\t\tclass=\"member-modal__phone\">\n\t\t\t\t\t\t+4521569096\n\t\t\t\t\t<\/a>\n\t\t\t\t\t<a href=\"mailto:catw@regionsjaelland.dk\"\n\t\t\t\t\t\tclass=\"member-modal__email\">\n\t\t\t\t\t\tcatw@regionsjaelland.dk\n\t\t\t\t\t<\/a>\n\t\t\t\t<\/div>\n\t\t\t<\/div>\n\n\t\t\t\t\t\t\t<div class=\"member-modal__accordions\">\n\t\t\t\t\t\t\t\t\t\t\t<div class=\"member-modal__accordion\">\n\t\t\t\t\t\t\t<span class=\"accordion__title\">\n\t\t\t\t\t\t\t\tOm Catherina\n\t\t\t\t\t\t\t<\/span>\n\t\t\t\t\t\t\t\t\t\t\t\t\t\t<div class=\"accordion__list\">\n\t\t\t\t\t\t\t\t\t\t\t\t\t\t\t\t\t<div class=\"list__item\">\n\t\t\t\t\t\t\t\t\t\t<button class=\"list__question\">\n\t\t\t\t\t\t\t\t\t\t\t<p>\n\t\t\t\t\t\t\t\t\t\t\t\tCV\n\t\t\t\t\t\t\t\t\t\t\t<\/p>\n\t\t\t\t\t\t\t\t\t\t\t<div class=\"list__plus\">\n\t\t\t\t\t\t\t\t\t\t\t\t<span><\/span><span><\/span>\n\t\t\t\t\t\t\t\t\t\t\t<\/div>\n\t\t\t\t\t\t\t\t\t\t<\/button>\n\t\t\t\t\t\t\t\t\t\t<div class=\"list__answer\">\n\t\t\t\t\t\t\t\t\t\t\t<p>\n\t\t\t\t\t\t\t\t\t\t\t\t<p>Erhverserfaring<br \/>\n2019-2023: Projektleder i hospitalsbyggeri, Universitetshospitalet Heidelberg, Tyskland<br \/>\n2019: Administrativ leder i en ambulant rehabiliteringsklinik, Rehamed Heidelberg, Tyskland<br \/>\n2015-2018: Konsulent for sygehusene Lohfert &amp; Lohfert AG Hamburg, Tyskland<\/p>\n<p>Uddannelse<\/p>\n<p>&nbsp;<\/p>\n\n\t\t\t\t\t\t\t\t\t\t\t<\/p>\n\t\t\t\t\t\t\t\t\t\t<\/div>\n\t\t\t\t\t\t\t\t\t<\/div>\n\t\t\t\t\t\t\t\t\t\t\t\t\t\t\t<\/div>\n\t\t\t\t\t\t<\/div>\n\t\t\t\t\t\t\t\t\t\t\t<div class=\"member-modal__accordion\">\n\t\t\t\t\t\t\t<span class=\"accordion__title\">\n\t\t\t\t\t\t\t\tProjekter\n\t\t\t\t\t\t\t<\/span>\n\t\t\t\t\t\t\t\t\t\t\t\t\t\t<div class=\"accordion__list\">\n\t\t\t\t\t\t\t\t\t\t\t\t\t\t\t\t\t<div class=\"list__item\">\n\t\t\t\t\t\t\t\t\t\t<button class=\"list__question\">\n\t\t\t\t\t\t\t\t\t\t\t<p>\n\t\t\t\t\t\t\t\t\t\t\t\tHospiBot \n\t\t\t\t\t\t\t\t\t\t\t<\/p>\n\t\t\t\t\t\t\t\t\t\t\t<div class=\"list__plus\">\n\t\t\t\t\t\t\t\t\t\t\t\t<span><\/span><span><\/span>\n\t\t\t\t\t\t\t\t\t\t\t<\/div>\n\t\t\t\t\t\t\t\t\t\t<\/button>\n\t\t\t\t\t\t\t\t\t\t<div class=\"list__answer\">\n\t\t\t\t\t\t\t\t\t\t\t<p>\n\t\t\t\t\t\t\t\t\t\t\t\t<p>Catherina er \u00f8konomikonsulent i projektet.<\/p>\n\n\t\t\t\t\t\t\t\t\t\t\t<\/p>\n\t\t\t\t\t\t\t\t\t\t<\/div>\n\t\t\t\t\t\t\t\t\t<\/div>\n\t\t\t\t\t\t\t\t\t\t\t\t\t\t\t\t\t<div class=\"list__item\">\n\t\t\t\t\t\t\t\t\t\t<button class=\"list__question\">\n\t\t\t\t\t\t\t\t\t\t\t<p>\n\t\t\t\t\t\t\t\t\t\t\t\tHeAT\n\t\t\t\t\t\t\t\t\t\t\t<\/p>\n\t\t\t\t\t\t\t\t\t\t\t<div class=\"list__plus\">\n\t\t\t\t\t\t\t\t\t\t\t\t<span><\/span><span><\/span>\n\t\t\t\t\t\t\t\t\t\t\t<\/div>\n\t\t\t\t\t\t\t\t\t\t<\/button>\n\t\t\t\t\t\t\t\t\t\t<div class=\"list__answer\">\n\t\t\t\t\t\t\t\t\t\t\t<p>\n\t\t\t\t\t\t\t\t\t\t\t\t<p>Catherina er \u00f8konomikonsulent i projektet.<\/p>\n\n\t\t\t\t\t\t\t\t\t\t\t<\/p>\n\t\t\t\t\t\t\t\t\t\t<\/div>\n\t\t\t\t\t\t\t\t\t<\/div>\n\t\t\t\t\t\t\t\t\t\t\t\t\t\t\t<\/div>\n\t\t\t\t\t\t<\/div>\n\t\t\t\t\t\t\t\t\t<\/div>\n\t\t\t\t\t<\/div>\n\t<\/template>\n\n<div class=\"member member--tile\" data-id=\"template-modal-1422\">\n\t<div class=\"member__thumbnail\">\n\t\t<img decoding=\"async\" src=\"https:\/\/forskning.eu\/wp-content\/themes\/oak-theme\/assets\/images\/placeholder.png\" data-src=\"https:\/\/forskning.eu\/wp-content\/uploads\/2024\/05\/Catherina_web-300x300.jpg\" data-srcset=\"https:\/\/forskning.eu\/wp-content\/uploads\/2024\/05\/Catherina_web-300x300.jpg 300w, https:\/\/forskning.eu\/wp-content\/uploads\/2024\/05\/Catherina_web-1024x1024.jpg 1024w, https:\/\/forskning.eu\/wp-content\/uploads\/2024\/05\/Catherina_web-150x150.jpg 150w, https:\/\/forskning.eu\/wp-content\/uploads\/2024\/05\/Catherina_web-768x768.jpg 768w, https:\/\/forskning.eu\/wp-content\/uploads\/2024\/05\/Catherina_web.jpg 1200w\" sizes=\"(max-width: 100vw) 600px, 600px\" data-loading=\"lazy\" alt=\"\" \/>\n\t\t<div class=\"member__backdrop\"><\/div>\n\t\t\t\t\t<span class=\"member__label\">\n\t\t\t\tRead more\n\t\t\t<\/span>\n\t\t\t<\/div>\n\t<div class=\"member__container\">\n\t\t<span class=\"heading-3 member__title\">Catherina Wilckens<\/span>\n\t\t<span class=\"member__position\">\u00d8konomikonsulent<\/span>\n\t\t<button class=\"member__toggle\" aria-label=\"Show more\">\n\t\t\t<span><\/span><span><\/span>\n\t\t<\/button>\n\t<\/div>\n\t<div class=\"member__contact\">\n\t\t<a href=\"tel:+4521569096\">\n\t\t\t+4521569096\n\t\t<\/a>\n\t\t<a href=\"mailto:catw@regionsjaelland.dk\">catw@regionsjaelland.dk<\/a>\n\t<\/div>\n<\/div>\n\t\t\t\t\t\t\t\n\t<template id=\"template-modal-622\">\n\t\t<div class=\"member-modal__image\">\n\t\t\t<img decoding=\"async\" src=\"https:\/\/forskning.eu\/wp-content\/uploads\/2023\/06\/Kim-1024x1024.jpg\" srcset=\"https:\/\/forskning.eu\/wp-content\/uploads\/2023\/06\/Kim-1024x1024.jpg 1024w, https:\/\/forskning.eu\/wp-content\/uploads\/2023\/06\/Kim-300x300.jpg 300w, https:\/\/forskning.eu\/wp-content\/uploads\/2023\/06\/Kim-150x150.jpg 150w, https:\/\/forskning.eu\/wp-content\/uploads\/2023\/06\/Kim-768x768.jpg 768w, https:\/\/forskning.eu\/wp-content\/uploads\/2023\/06\/Kim.jpg 1200w\" sizes=\"(max-width: 100vw) 1000px, 1000px\" loading=\"auto\" alt=\"\" \/>\n\t\t\t<div class=\"member-modal__scrolldown\">\n\t\t\t\t<div class=\"scrolldown\">\n\t<div class=\"scrolldown-curve\">\n\t\t<svg width=\"229\" height=\"85\" viewBox=\"0 0 229 85\" fill=\"none\" xmlns=\"http:\/\/www.w3.org\/2000\/svg\">\n<path d=\"M228.5 84.5C228.5 84.5 151.73 84.5 106 84.5C60.2696 84.5 21.5 84.5 0 84.5C64.0424 84.5 48.8701 0 118.088 0C180.836 0 167.692 84.5 228.5 84.5Z\" fill=\"white\"\/>\n<\/svg>\n\n\t<\/div>\n\t<button class=\"btn btn--round scrolldown-btn\" aria-label=\"Scroll button\">\n\t\t<svg width=\"73\" height=\"73\" viewBox=\"0 0 73 73\" fill=\"none\" xmlns=\"http:\/\/www.w3.org\/2000\/svg\">\n<path d=\"M53.5924 32.4964L45.223 24.127C45.223 24.127 45.223 24.127 45.223 24.1269C44.6325 23.5362 44.3008 22.7352 44.3008 21.9C44.3008 21.0647 44.6325 20.2636 45.223 19.6729C45.8137 19.0824 46.6148 18.7507 47.45 18.7507C48.2853 18.7507 49.0863 19.0825 49.677 19.673L64.2769 34.2729C64.277 34.2729 64.277 34.2729 64.277 34.273C64.8675 34.8637 65.1992 35.6647 65.1992 36.5C65.1992 37.3352 64.8675 38.1362 64.277 38.7269C64.277 38.727 64.277 38.727 64.2769 38.727L49.6802 53.3238C49.0864 53.8957 48.292 54.2121 47.4675 54.205C46.6415 54.1978 45.8515 53.8665 45.2675 53.2825C44.6834 52.6985 44.3521 51.9084 44.345 51.0825C44.3378 50.258 44.6542 49.4636 45.2261 48.8698L53.5924 40.5035L54.446 39.65H53.2389L10.95 39.65C10.1146 39.65 9.31334 39.3181 8.7226 38.7273C8.13186 38.1366 7.79999 37.3354 7.79999 36.5C7.79999 35.6645 8.13186 34.8633 8.7226 34.2726C9.31334 33.6818 10.1146 33.35 10.95 33.35L53.2389 33.35H54.446L53.5924 32.4964Z\" fill=\"currentColor\" stroke=\"currentColor\"\/>\n<\/svg>\n\n\t<\/button>\n<\/div>\n\t\t\t<\/div>\n\t\t<\/div>\n\t\t<div class=\"member-modal__container\">\n\t\t\t<div class=\"member-modal__close\">\n\t\t\t\t<button class=\"member-modal__close-btn\">\n\t\t\t\t\t<span><\/span><span><\/span>\n\t\t\t\t<\/button>\n\t\t\t<\/div>\n\t\t\t<div class=\"member-modal__content\">\n\t\t\t\t<span class=\"heading-3 member-modal__title\">\n\t\t\t\t\tKim Bay Nielsen\n\t\t\t\t<\/span>\n\t\t\t\t<span class=\"member-modal__position\">\n\t\t\t\t\tChefkonsulent &#038; \u00f8konom\n\t\t\t\t<\/span>\n\t\t\t\t<p class=\"member-modal__excerpt\">\n\t\t\t\t\tProfiltekst f\u00f8lger\n\t\t\t\t<\/p>\n\t\t\t\t<div class=\"member-modal__contact\">\n\t\t\t\t\t<a href=\"tel:+4540168722\"\n\t\t\t\t\t\tclass=\"member-modal__phone\">\n\t\t\t\t\t\t+45 40 16 87 22\n\t\t\t\t\t<\/a>\n\t\t\t\t\t<a href=\"mailto:kimbn@regionsjaelland.dk\"\n\t\t\t\t\t\tclass=\"member-modal__email\">\n\t\t\t\t\t\tkimbn@regionsjaelland.dk\n\t\t\t\t\t<\/a>\n\t\t\t\t<\/div>\n\t\t\t<\/div>\n\n\t\t\t\t\t<\/div>\n\t<\/template>\n\n<div class=\"member member--tile\" data-id=\"template-modal-622\">\n\t<div class=\"member__thumbnail\">\n\t\t<img decoding=\"async\" src=\"https:\/\/forskning.eu\/wp-content\/themes\/oak-theme\/assets\/images\/placeholder.png\" data-src=\"https:\/\/forskning.eu\/wp-content\/uploads\/2023\/06\/Kim-300x300.jpg\" data-srcset=\"https:\/\/forskning.eu\/wp-content\/uploads\/2023\/06\/Kim-300x300.jpg 300w, https:\/\/forskning.eu\/wp-content\/uploads\/2023\/06\/Kim-1024x1024.jpg 1024w, https:\/\/forskning.eu\/wp-content\/uploads\/2023\/06\/Kim-150x150.jpg 150w, https:\/\/forskning.eu\/wp-content\/uploads\/2023\/06\/Kim-768x768.jpg 768w, https:\/\/forskning.eu\/wp-content\/uploads\/2023\/06\/Kim.jpg 1200w\" sizes=\"(max-width: 100vw) 600px, 600px\" data-loading=\"lazy\" alt=\"\" \/>\n\t\t<div class=\"member__backdrop\"><\/div>\n\t\t\t\t\t<span class=\"member__label\">\n\t\t\t\tRead more\n\t\t\t<\/span>\n\t\t\t<\/div>\n\t<div class=\"member__container\">\n\t\t<span class=\"heading-3 member__title\">Kim Bay Nielsen<\/span>\n\t\t<span class=\"member__position\">Chefkonsulent &#038; \u00f8konom<\/span>\n\t\t<button class=\"member__toggle\" aria-label=\"Show more\">\n\t\t\t<span><\/span><span><\/span>\n\t\t<\/button>\n\t<\/div>\n\t<div class=\"member__contact\">\n\t\t<a href=\"tel:+4540168722\">\n\t\t\t+45 40 16 87 22\n\t\t<\/a>\n\t\t<a href=\"mailto:kimbn@regionsjaelland.dk\">kimbn@regionsjaelland.dk<\/a>\n\t<\/div>\n<\/div>\n\t\t\t\t\t\t\t\n\t<template id=\"template-modal-578\">\n\t\t<div class=\"member-modal__image\">\n\t\t\t<img decoding=\"async\" src=\"https:\/\/forskning.eu\/wp-content\/uploads\/2023\/06\/dirk-1024x1024.jpg\" srcset=\"https:\/\/forskning.eu\/wp-content\/uploads\/2023\/06\/dirk-1024x1024.jpg 1024w, https:\/\/forskning.eu\/wp-content\/uploads\/2023\/06\/dirk-300x300.jpg 300w, https:\/\/forskning.eu\/wp-content\/uploads\/2023\/06\/dirk-150x150.jpg 150w, https:\/\/forskning.eu\/wp-content\/uploads\/2023\/06\/dirk-768x768.jpg 768w, https:\/\/forskning.eu\/wp-content\/uploads\/2023\/06\/dirk.jpg 1200w\" sizes=\"(max-width: 100vw) 1000px, 1000px\" loading=\"auto\" alt=\"\" \/>\n\t\t\t<div class=\"member-modal__scrolldown\">\n\t\t\t\t<div class=\"scrolldown\">\n\t<div class=\"scrolldown-curve\">\n\t\t<svg width=\"229\" height=\"85\" viewBox=\"0 0 229 85\" fill=\"none\" xmlns=\"http:\/\/www.w3.org\/2000\/svg\">\n<path d=\"M228.5 84.5C228.5 84.5 151.73 84.5 106 84.5C60.2696 84.5 21.5 84.5 0 84.5C64.0424 84.5 48.8701 0 118.088 0C180.836 0 167.692 84.5 228.5 84.5Z\" fill=\"white\"\/>\n<\/svg>\n\n\t<\/div>\n\t<button class=\"btn btn--round scrolldown-btn\" aria-label=\"Scroll button\">\n\t\t<svg width=\"73\" height=\"73\" viewBox=\"0 0 73 73\" fill=\"none\" xmlns=\"http:\/\/www.w3.org\/2000\/svg\">\n<path d=\"M53.5924 32.4964L45.223 24.127C45.223 24.127 45.223 24.127 45.223 24.1269C44.6325 23.5362 44.3008 22.7352 44.3008 21.9C44.3008 21.0647 44.6325 20.2636 45.223 19.6729C45.8137 19.0824 46.6148 18.7507 47.45 18.7507C48.2853 18.7507 49.0863 19.0825 49.677 19.673L64.2769 34.2729C64.277 34.2729 64.277 34.2729 64.277 34.273C64.8675 34.8637 65.1992 35.6647 65.1992 36.5C65.1992 37.3352 64.8675 38.1362 64.277 38.7269C64.277 38.727 64.277 38.727 64.2769 38.727L49.6802 53.3238C49.0864 53.8957 48.292 54.2121 47.4675 54.205C46.6415 54.1978 45.8515 53.8665 45.2675 53.2825C44.6834 52.6985 44.3521 51.9084 44.345 51.0825C44.3378 50.258 44.6542 49.4636 45.2261 48.8698L53.5924 40.5035L54.446 39.65H53.2389L10.95 39.65C10.1146 39.65 9.31334 39.3181 8.7226 38.7273C8.13186 38.1366 7.79999 37.3354 7.79999 36.5C7.79999 35.6645 8.13186 34.8633 8.7226 34.2726C9.31334 33.6818 10.1146 33.35 10.95 33.35L53.2389 33.35H54.446L53.5924 32.4964Z\" fill=\"currentColor\" stroke=\"currentColor\"\/>\n<\/svg>\n\n\t<\/button>\n<\/div>\n\t\t\t<\/div>\n\t\t<\/div>\n\t\t<div class=\"member-modal__container\">\n\t\t\t<div class=\"member-modal__close\">\n\t\t\t\t<button class=\"member-modal__close-btn\">\n\t\t\t\t\t<span><\/span><span><\/span>\n\t\t\t\t<\/button>\n\t\t\t<\/div>\n\t\t\t<div class=\"member-modal__content\">\n\t\t\t\t<span class=\"heading-3 member-modal__title\">\n\t\t\t\t\tDirk Keil\n\t\t\t\t<\/span>\n\t\t\t\t<span class=\"member-modal__position\">\n\t\t\t\t\tFaglig leder for projektudvikling\n\t\t\t\t<\/span>\n\t\t\t\t<p class=\"member-modal__excerpt\">\n\t\t\t\t\to\tDirk stammer fra Tyskland og har i mange \u00e5r v\u00e6ret leder af et Dominikanerkloster  (et kulturcenter og museum) f\u00f8r han i 2006 flyttede til Danmark og blev museumschef p\u00e5 Lolland. Han br\u00e6nder for vidensformidling, interkulturelle forbindelser og han har altid v\u00e6ret glad for at arbejde med projekter, der bygger p\u00e5 europ\u00e6isk samarbejde. Det var grunden til, han begyndte at arbejde med Interreg-projekter. I 2020 skiftede han branche fra kultursektoren til sundhedsv\u00e6senet og har siden arbejdet i Forskningsenheden p\u00e5 SUH. I 2023 blev han bestyrelsesmedlem i Dansk-tysk Industri- og Handelsklub.\r\nHobbys: Dirk arbejder gerne med billeder, har arbejdet meget med udstillinger og maler og tegner selv. \r\nBonusinfo: Han spiser ikke fisk. \n\t\t\t\t<\/p>\n\t\t\t\t<div class=\"member-modal__contact\">\n\t\t\t\t\t<a href=\"tel:+4593569194\"\n\t\t\t\t\t\tclass=\"member-modal__phone\">\n\t\t\t\t\t\t+45 93 56 91 94\n\t\t\t\t\t<\/a>\n\t\t\t\t\t<a href=\"mailto:dike@regionsjaelland.dk\"\n\t\t\t\t\t\tclass=\"member-modal__email\">\n\t\t\t\t\t\tdike@regionsjaelland.dk\n\t\t\t\t\t<\/a>\n\t\t\t\t<\/div>\n\t\t\t<\/div>\n\n\t\t\t\t\t\t\t<div class=\"member-modal__accordions\">\n\t\t\t\t\t\t\t\t\t\t\t<div class=\"member-modal__accordion\">\n\t\t\t\t\t\t\t<span class=\"accordion__title\">\n\t\t\t\t\t\t\t\tOm Dirk\n\t\t\t\t\t\t\t<\/span>\n\t\t\t\t\t\t\t\t\t\t\t\t\t\t<div class=\"accordion__list\">\n\t\t\t\t\t\t\t\t\t\t\t\t\t\t\t\t\t<div class=\"list__item\">\n\t\t\t\t\t\t\t\t\t\t<button class=\"list__question\">\n\t\t\t\t\t\t\t\t\t\t\t<p>\n\t\t\t\t\t\t\t\t\t\t\t\tCV\n\t\t\t\t\t\t\t\t\t\t\t<\/p>\n\t\t\t\t\t\t\t\t\t\t\t<div class=\"list__plus\">\n\t\t\t\t\t\t\t\t\t\t\t\t<span><\/span><span><\/span>\n\t\t\t\t\t\t\t\t\t\t\t<\/div>\n\t\t\t\t\t\t\t\t\t\t<\/button>\n\t\t\t\t\t\t\t\t\t\t<div class=\"list__answer\">\n\t\t\t\t\t\t\t\t\t\t\t<p>\n\t\t\t\t\t\t\t\t\t\t\t\t<p>&#8211; 2021 \u2013 i dag Sj\u00e6llands Universitetshospital, Forskningsenheden: Specialkonsulent (projektudvikling, projektmanagement og kommunikation)<br \/>\n&#8211; 2014 \u2013 2020 Museum Lolland-Falster: Projektleder for museets Interreg-projekter<br \/>\n&#8211; 2009 \u2013 2013 Roskilde Universitet: Forskningsprojekt om gr\u00e6nseoverskridende forvaltning i den opst\u00e5ende dansk-tysk Femernb\u00e6lt Region<\/p>\n<p>&#8211; Dirk er f\u00f8dt og opvokset i Tyskland (delstaten Brandenburg), oplevede murens fald da han boede i nogle \u00e5r i Leipzig.<\/p>\n<p>&#8211; l\u00e6ste kulturvidenskab, \u00e6stetik og europ\u00e6isk etnologien p\u00e5 Humboldt Universitet in Berlin og p\u00e5 Edinburgh University i Skotland.<br \/>\n1997 kandidatgrad (Magister Artium) 1997 i Berlin.<br \/>\n1999 opbygningsuddannelse som Presse- og PR-konsulent p\u00e5 Business Academy Berlin (FAW).<\/p>\n\n\t\t\t\t\t\t\t\t\t\t\t<\/p>\n\t\t\t\t\t\t\t\t\t\t<\/div>\n\t\t\t\t\t\t\t\t\t<\/div>\n\t\t\t\t\t\t\t\t\t\t\t\t\t\t\t<\/div>\n\t\t\t\t\t\t<\/div>\n\t\t\t\t\t\t\t\t\t\t\t<div class=\"member-modal__accordion\">\n\t\t\t\t\t\t\t<span class=\"accordion__title\">\n\t\t\t\t\t\t\t\tNuv\u00e6rende projekter\n\t\t\t\t\t\t\t<\/span>\n\t\t\t\t\t\t\t\t\t\t\t\t\t\t<div class=\"accordion__list\">\n\t\t\t\t\t\t\t\t\t\t\t\t\t\t\t\t\t<div class=\"list__item\">\n\t\t\t\t\t\t\t\t\t\t<button class=\"list__question\">\n\t\t\t\t\t\t\t\t\t\t\t<p>\n\t\t\t\t\t\t\t\t\t\t\t\tCAT. Child to Adult Transitions\n\t\t\t\t\t\t\t\t\t\t\t<\/p>\n\t\t\t\t\t\t\t\t\t\t\t<div class=\"list__plus\">\n\t\t\t\t\t\t\t\t\t\t\t\t<span><\/span><span><\/span>\n\t\t\t\t\t\t\t\t\t\t\t<\/div>\n\t\t\t\t\t\t\t\t\t\t<\/button>\n\t\t\t\t\t\t\t\t\t\t<div class=\"list__answer\">\n\t\t\t\t\t\t\t\t\t\t\t<p>\n\t\t\t\t\t\t\t\t\t\t\t\t<p>Jeg er kommunikationskonsulent for projektet. Det omfatter for bl.a. udarbejdelsen af kommunikationsstrategien, pressetekster, nyhedsbreve, billeder, opdateringen af hjemmesiden, og social media aktiviteter.<br \/>\nJeg medvirkede i udviklingen af projektet og skrivningen af ans\u00f8gningen.<br \/>\n2023 &#8211; 2025<\/p>\n\n\t\t\t\t\t\t\t\t\t\t\t<\/p>\n\t\t\t\t\t\t\t\t\t\t<\/div>\n\t\t\t\t\t\t\t\t\t<\/div>\n\t\t\t\t\t\t\t\t\t\t\t\t\t\t\t<\/div>\n\t\t\t\t\t\t<\/div>\n\t\t\t\t\t\t\t\t\t\t\t<div class=\"member-modal__accordion\">\n\t\t\t\t\t\t\t<span class=\"accordion__title\">\n\t\t\t\t\t\t\t\tTidligere projekter\n\t\t\t\t\t\t\t<\/span>\n\t\t\t\t\t\t\t\t\t\t\t\t\t\t<div class=\"accordion__list\">\n\t\t\t\t\t\t\t\t\t\t\t\t\t\t\t\t\t<div class=\"list__item\">\n\t\t\t\t\t\t\t\t\t\t<button class=\"list__question\">\n\t\t\t\t\t\t\t\t\t\t\t<p>\n\t\t\t\t\t\t\t\t\t\t\t\tTreaT\n\t\t\t\t\t\t\t\t\t\t\t<\/p>\n\t\t\t\t\t\t\t\t\t\t\t<div class=\"list__plus\">\n\t\t\t\t\t\t\t\t\t\t\t\t<span><\/span><span><\/span>\n\t\t\t\t\t\t\t\t\t\t\t<\/div>\n\t\t\t\t\t\t\t\t\t\t<\/button>\n\t\t\t\t\t\t\t\t\t\t<div class=\"list__answer\">\n\t\t\t\t\t\t\t\t\t\t\t<p>\n\t\t\t\t\t\t\t\t\t\t\t\t<p>Sammen med forskere udarbejdede jeg projektans\u00f8gningen og st\u00e5ede som projektleder for gennemf\u00f8relsen og derefter afrapporteringen af projektet. Parallelt var jeg kommunikationskonsulent for TreaT som prim\u00e6rt omfattede pressetekster og nyhedsbreve..<br \/>\n2022<\/p>\n\n\t\t\t\t\t\t\t\t\t\t\t<\/p>\n\t\t\t\t\t\t\t\t\t\t<\/div>\n\t\t\t\t\t\t\t\t\t<\/div>\n\t\t\t\t\t\t\t\t\t\t\t\t\t\t\t\t\t<div class=\"list__item\">\n\t\t\t\t\t\t\t\t\t\t<button class=\"list__question\">\n\t\t\t\t\t\t\t\t\t\t\t<p>\n\t\t\t\t\t\t\t\t\t\t\t\tLICENSE\n\t\t\t\t\t\t\t\t\t\t\t<\/p>\n\t\t\t\t\t\t\t\t\t\t\t<div class=\"list__plus\">\n\t\t\t\t\t\t\t\t\t\t\t\t<span><\/span><span><\/span>\n\t\t\t\t\t\t\t\t\t\t\t<\/div>\n\t\t\t\t\t\t\t\t\t\t<\/button>\n\t\t\t\t\t\t\t\t\t\t<div class=\"list__answer\">\n\t\t\t\t\t\t\t\t\t\t\t<p>\n\t\t\t\t\t\t\t\t\t\t\t\t<p>Sammen med forskere udarbejdede jeg projektans\u00f8gningen og st\u00e5ede som projektleder for gennemf\u00f8relsen og derefter afrapporteringen af projektet. Parallelt var jeg kommunikationskonsulent for LICENSE som prim\u00e6rt omfattede pressetekster og nyhedsbreve.<br \/>\n2022<\/p>\n\n\t\t\t\t\t\t\t\t\t\t\t<\/p>\n\t\t\t\t\t\t\t\t\t\t<\/div>\n\t\t\t\t\t\t\t\t\t<\/div>\n\t\t\t\t\t\t\t\t\t\t\t\t\t\t\t\t\t<div class=\"list__item\">\n\t\t\t\t\t\t\t\t\t\t<button class=\"list__question\">\n\t\t\t\t\t\t\t\t\t\t\t<p>\n\t\t\t\t\t\t\t\t\t\t\t\tCCC &#8211; Changing Cancer Care\n\t\t\t\t\t\t\t\t\t\t\t<\/p>\n\t\t\t\t\t\t\t\t\t\t\t<div class=\"list__plus\">\n\t\t\t\t\t\t\t\t\t\t\t\t<span><\/span><span><\/span>\n\t\t\t\t\t\t\t\t\t\t\t<\/div>\n\t\t\t\t\t\t\t\t\t\t<\/button>\n\t\t\t\t\t\t\t\t\t\t<div class=\"list__answer\">\n\t\t\t\t\t\t\t\t\t\t\t<p>\n\t\t\t\t\t\t\t\t\t\t\t\t<p>I projektet arbejdede jeg som kommunikationskonsulent og var ansvarlig for bl.a. hjemmesiden, nyhedsbreve, pressetekster, billeder og produktionen af en afsluttende projektpublikation p\u00e5 30 sider. Jeg medvirkede i gennemf\u00f8relsen af projektets forskellige konferencer. Alt kommunikation forgik p\u00e5 dansk og tysk, derfor var der is\u00e6r for mig som tysk modersm\u00e5lstalende stor fokus p\u00e5 den del af kommunikationsarbejde.<br \/>\n2019-2022.<\/p>\n\n\t\t\t\t\t\t\t\t\t\t\t<\/p>\n\t\t\t\t\t\t\t\t\t\t<\/div>\n\t\t\t\t\t\t\t\t\t<\/div>\n\t\t\t\t\t\t\t\t\t\t\t\t\t\t\t\t\t<div class=\"list__item\">\n\t\t\t\t\t\t\t\t\t\t<button class=\"list__question\">\n\t\t\t\t\t\t\t\t\t\t\t<p>\n\t\t\t\t\t\t\t\t\t\t\t\tNorDigHealth\n\t\t\t\t\t\t\t\t\t\t\t<\/p>\n\t\t\t\t\t\t\t\t\t\t\t<div class=\"list__plus\">\n\t\t\t\t\t\t\t\t\t\t\t\t<span><\/span><span><\/span>\n\t\t\t\t\t\t\t\t\t\t\t<\/div>\n\t\t\t\t\t\t\t\t\t\t<\/button>\n\t\t\t\t\t\t\t\t\t\t<div class=\"list__answer\">\n\t\t\t\t\t\t\t\t\t\t\t<p>\n\t\t\t\t\t\t\t\t\t\t\t\t<p>I projektet arbejdede jeg som kommunikationskonsulent og var ansvarlig for bl.a. hjemmesiden, nyhedsbreve, pressetekster, billeder og produktionen af en afsluttende projektpublikation p\u00e5 80 sider. Alt kommunikation forgik p\u00e5 dansk og tysk, derfor var der is\u00e6r for mig som tysk modersm\u00e5lstalende stor fokus p\u00e5 den del af kommunikationsarbejde.<br \/>\n2019-2021.<\/p>\n\n\t\t\t\t\t\t\t\t\t\t\t<\/p>\n\t\t\t\t\t\t\t\t\t\t<\/div>\n\t\t\t\t\t\t\t\t\t<\/div>\n\t\t\t\t\t\t\t\t\t\t\t\t\t\t\t<\/div>\n\t\t\t\t\t\t<\/div>\n\t\t\t\t\t\t\t\t\t<\/div>\n\t\t\t\t\t<\/div>\n\t<\/template>\n\n<div class=\"member member--tile\" data-id=\"template-modal-578\">\n\t<div class=\"member__thumbnail\">\n\t\t<img decoding=\"async\" src=\"https:\/\/forskning.eu\/wp-content\/themes\/oak-theme\/assets\/images\/placeholder.png\" data-src=\"https:\/\/forskning.eu\/wp-content\/uploads\/2023\/06\/dirk-300x300.jpg\" data-srcset=\"https:\/\/forskning.eu\/wp-content\/uploads\/2023\/06\/dirk-300x300.jpg 300w, https:\/\/forskning.eu\/wp-content\/uploads\/2023\/06\/dirk-1024x1024.jpg 1024w, https:\/\/forskning.eu\/wp-content\/uploads\/2023\/06\/dirk-150x150.jpg 150w, https:\/\/forskning.eu\/wp-content\/uploads\/2023\/06\/dirk-768x768.jpg 768w, https:\/\/forskning.eu\/wp-content\/uploads\/2023\/06\/dirk.jpg 1200w\" sizes=\"(max-width: 100vw) 600px, 600px\" data-loading=\"lazy\" alt=\"\" \/>\n\t\t<div class=\"member__backdrop\"><\/div>\n\t\t\t\t\t<span class=\"member__label\">\n\t\t\t\tRead more\n\t\t\t<\/span>\n\t\t\t<\/div>\n\t<div class=\"member__container\">\n\t\t<span class=\"heading-3 member__title\">Dirk Keil<\/span>\n\t\t<span class=\"member__position\">Faglig leder for projektudvikling<\/span>\n\t\t<button class=\"member__toggle\" aria-label=\"Show more\">\n\t\t\t<span><\/span><span><\/span>\n\t\t<\/button>\n\t<\/div>\n\t<div class=\"member__contact\">\n\t\t<a href=\"tel:+4593569194\">\n\t\t\t+45 93 56 91 94\n\t\t<\/a>\n\t\t<a href=\"mailto:dike@regionsjaelland.dk\">dike@regionsjaelland.dk<\/a>\n\t<\/div>\n<\/div>\n\t\t\t\t\t\t\t\n\t<template id=\"template-modal-617\">\n\t\t<div class=\"member-modal__image\">\n\t\t\t<img decoding=\"async\" src=\"https:\/\/forskning.eu\/wp-content\/uploads\/2023\/06\/Fatma-1024x1024.jpg\" srcset=\"https:\/\/forskning.eu\/wp-content\/uploads\/2023\/06\/Fatma-1024x1024.jpg 1024w, https:\/\/forskning.eu\/wp-content\/uploads\/2023\/06\/Fatma-300x300.jpg 300w, https:\/\/forskning.eu\/wp-content\/uploads\/2023\/06\/Fatma-150x150.jpg 150w, https:\/\/forskning.eu\/wp-content\/uploads\/2023\/06\/Fatma-768x768.jpg 768w, https:\/\/forskning.eu\/wp-content\/uploads\/2023\/06\/Fatma.jpg 1200w\" sizes=\"(max-width: 100vw) 1000px, 1000px\" loading=\"auto\" alt=\"\" \/>\n\t\t\t<div class=\"member-modal__scrolldown\">\n\t\t\t\t<div class=\"scrolldown\">\n\t<div class=\"scrolldown-curve\">\n\t\t<svg width=\"229\" height=\"85\" viewBox=\"0 0 229 85\" fill=\"none\" xmlns=\"http:\/\/www.w3.org\/2000\/svg\">\n<path d=\"M228.5 84.5C228.5 84.5 151.73 84.5 106 84.5C60.2696 84.5 21.5 84.5 0 84.5C64.0424 84.5 48.8701 0 118.088 0C180.836 0 167.692 84.5 228.5 84.5Z\" fill=\"white\"\/>\n<\/svg>\n\n\t<\/div>\n\t<button class=\"btn btn--round scrolldown-btn\" aria-label=\"Scroll button\">\n\t\t<svg width=\"73\" height=\"73\" viewBox=\"0 0 73 73\" fill=\"none\" xmlns=\"http:\/\/www.w3.org\/2000\/svg\">\n<path d=\"M53.5924 32.4964L45.223 24.127C45.223 24.127 45.223 24.127 45.223 24.1269C44.6325 23.5362 44.3008 22.7352 44.3008 21.9C44.3008 21.0647 44.6325 20.2636 45.223 19.6729C45.8137 19.0824 46.6148 18.7507 47.45 18.7507C48.2853 18.7507 49.0863 19.0825 49.677 19.673L64.2769 34.2729C64.277 34.2729 64.277 34.2729 64.277 34.273C64.8675 34.8637 65.1992 35.6647 65.1992 36.5C65.1992 37.3352 64.8675 38.1362 64.277 38.7269C64.277 38.727 64.277 38.727 64.2769 38.727L49.6802 53.3238C49.0864 53.8957 48.292 54.2121 47.4675 54.205C46.6415 54.1978 45.8515 53.8665 45.2675 53.2825C44.6834 52.6985 44.3521 51.9084 44.345 51.0825C44.3378 50.258 44.6542 49.4636 45.2261 48.8698L53.5924 40.5035L54.446 39.65H53.2389L10.95 39.65C10.1146 39.65 9.31334 39.3181 8.7226 38.7273C8.13186 38.1366 7.79999 37.3354 7.79999 36.5C7.79999 35.6645 8.13186 34.8633 8.7226 34.2726C9.31334 33.6818 10.1146 33.35 10.95 33.35L53.2389 33.35H54.446L53.5924 32.4964Z\" fill=\"currentColor\" stroke=\"currentColor\"\/>\n<\/svg>\n\n\t<\/button>\n<\/div>\n\t\t\t<\/div>\n\t\t<\/div>\n\t\t<div class=\"member-modal__container\">\n\t\t\t<div class=\"member-modal__close\">\n\t\t\t\t<button class=\"member-modal__close-btn\">\n\t\t\t\t\t<span><\/span><span><\/span>\n\t\t\t\t<\/button>\n\t\t\t<\/div>\n\t\t\t<div class=\"member-modal__content\">\n\t\t\t\t<span class=\"heading-3 member-modal__title\">\n\t\t\t\t\tFatma G\u00fcney\n\t\t\t\t<\/span>\n\t\t\t\t<span class=\"member-modal__position\">\n\t\t\t\t\tKommunikationskonsulent\n\t\t\t\t<\/span>\n\t\t\t\t<p class=\"member-modal__excerpt\">\n\t\t\t\t\tFatma har kommunikationsansvar for flere forskningsprojekter, som hun l\u00f8fter med et strategisk fokus.  Hun har over 10 \u00e5rs kommunikationsfaglig erfaring \u2014 b\u00e5de som ansat i den private og offentlige sektor og som selvst\u00e6ndig. Hendes force er, at hun opererer p\u00e5 flere niveauer \u2014 b\u00e5de strategisk og praktisk:. Fatma er b\u00e5de r\u00e5dgiver, tekstforfatter, PR-ninja og relationsskaber med positiv energi og engagement i \u00e9n og samme person. Hendes faglige vurdering er solid, og hun spiller andre gode til at kommunikere. S\u00e5 er hun selvf\u00f8lgelig med til at holde enhedens padel-hold oppe.\n\t\t\t\t<\/p>\n\t\t\t\t<div class=\"member-modal__contact\">\n\t\t\t\t\t<a href=\"tel:+4520828107\"\n\t\t\t\t\t\tclass=\"member-modal__phone\">\n\t\t\t\t\t\t+45 20 82 81 07 \n\t\t\t\t\t<\/a>\n\t\t\t\t\t<a href=\"mailto:fagu@regionsjaelland.dk \"\n\t\t\t\t\t\tclass=\"member-modal__email\">\n\t\t\t\t\t\tfagu@regionsjaelland.dk \n\t\t\t\t\t<\/a>\n\t\t\t\t<\/div>\n\t\t\t<\/div>\n\n\t\t\t\t\t\t\t<div class=\"member-modal__accordions\">\n\t\t\t\t\t\t\t\t\t\t\t<div class=\"member-modal__accordion\">\n\t\t\t\t\t\t\t<span class=\"accordion__title\">\n\t\t\t\t\t\t\t\tOm Fatma\n\t\t\t\t\t\t\t<\/span>\n\t\t\t\t\t\t\t\t\t\t\t\t\t\t<div class=\"accordion__list\">\n\t\t\t\t\t\t\t\t\t\t\t\t\t\t\t\t\t<div class=\"list__item\">\n\t\t\t\t\t\t\t\t\t\t<button class=\"list__question\">\n\t\t\t\t\t\t\t\t\t\t\t<p>\n\t\t\t\t\t\t\t\t\t\t\t\tCV\n\t\t\t\t\t\t\t\t\t\t\t<\/p>\n\t\t\t\t\t\t\t\t\t\t\t<div class=\"list__plus\">\n\t\t\t\t\t\t\t\t\t\t\t\t<span><\/span><span><\/span>\n\t\t\t\t\t\t\t\t\t\t\t<\/div>\n\t\t\t\t\t\t\t\t\t\t<\/button>\n\t\t\t\t\t\t\t\t\t\t<div class=\"list__answer\">\n\t\t\t\t\t\t\t\t\t\t\t<p>\n\t\t\t\t\t\t\t\t\t\t\t\t<p>Uddannelser:<br \/>\n\u2013 2019-2023 Efteruddannelser i sociale medier og forskningsformidling<br \/>\n\u2013 2010 Cand. mag i International Virksomhedskommunikation fra SDU<br \/>\n\u2013 2007 BA i International Virksomhedskommunikation<\/p>\n<p>Erhvervserfaring:<br \/>\n\u2013 2020 Kommunikationspartner i Banedanmark<br \/>\n\u2013 2028 Selvst\u00e6ndig og partner i kommunikations- og marketingbureau<br \/>\n\u2013 2026 Kommunikations- og markedsf\u00f8ringsansvarlig, Dreiststorgaard<\/p>\n\n\t\t\t\t\t\t\t\t\t\t\t<\/p>\n\t\t\t\t\t\t\t\t\t\t<\/div>\n\t\t\t\t\t\t\t\t\t<\/div>\n\t\t\t\t\t\t\t\t\t\t\t\t\t\t\t<\/div>\n\t\t\t\t\t\t<\/div>\n\t\t\t\t\t\t\t\t\t\t\t<div class=\"member-modal__accordion\">\n\t\t\t\t\t\t\t<span class=\"accordion__title\">\n\t\t\t\t\t\t\t\tNuv\u00e6rende projekter\n\t\t\t\t\t\t\t<\/span>\n\t\t\t\t\t\t\t\t\t\t\t\t\t\t<div class=\"accordion__list\">\n\t\t\t\t\t\t\t\t\t\t\t\t\t\t\t\t\t<div class=\"list__item\">\n\t\t\t\t\t\t\t\t\t\t<button class=\"list__question\">\n\t\t\t\t\t\t\t\t\t\t\t<p>\n\t\t\t\t\t\t\t\t\t\t\t\tInnosleep\n\t\t\t\t\t\t\t\t\t\t\t<\/p>\n\t\t\t\t\t\t\t\t\t\t\t<div class=\"list__plus\">\n\t\t\t\t\t\t\t\t\t\t\t\t<span><\/span><span><\/span>\n\t\t\t\t\t\t\t\t\t\t\t<\/div>\n\t\t\t\t\t\t\t\t\t\t<\/button>\n\t\t\t\t\t\t\t\t\t\t<div class=\"list__answer\">\n\t\t\t\t\t\t\t\t\t\t\t<p>\n\t\t\t\t\t\t\t\t\t\t\t\t<p>Fatma er kommunikationsansvarlig p\u00e5 Innosleep.<\/p>\n\n\t\t\t\t\t\t\t\t\t\t\t<\/p>\n\t\t\t\t\t\t\t\t\t\t<\/div>\n\t\t\t\t\t\t\t\t\t<\/div>\n\t\t\t\t\t\t\t\t\t\t\t\t\t\t\t<\/div>\n\t\t\t\t\t\t<\/div>\n\t\t\t\t\t\t\t\t\t\t\t<div class=\"member-modal__accordion\">\n\t\t\t\t\t\t\t<span class=\"accordion__title\">\n\t\t\t\t\t\t\t\tTidligere projekter\n\t\t\t\t\t\t\t<\/span>\n\t\t\t\t\t\t\t\t\t\t\t\t\t\t<div class=\"accordion__list\">\n\t\t\t\t\t\t\t\t\t\t\t\t\t\t\t\t\t<div class=\"list__item\">\n\t\t\t\t\t\t\t\t\t\t<button class=\"list__question\">\n\t\t\t\t\t\t\t\t\t\t\t<p>\n\t\t\t\t\t\t\t\t\t\t\t\tCovid-19 senf\u00f8lger\n\t\t\t\t\t\t\t\t\t\t\t<\/p>\n\t\t\t\t\t\t\t\t\t\t\t<div class=\"list__plus\">\n\t\t\t\t\t\t\t\t\t\t\t\t<span><\/span><span><\/span>\n\t\t\t\t\t\t\t\t\t\t\t<\/div>\n\t\t\t\t\t\t\t\t\t\t<\/button>\n\t\t\t\t\t\t\t\t\t\t<div class=\"list__answer\">\n\t\t\t\t\t\t\t\t\t\t\t<p>\n\t\t\t\t\t\t\t\t\t\t\t\t<p>Fatma var kommunikationsansvarlig p\u00e5 projektet.<\/p>\n\n\t\t\t\t\t\t\t\t\t\t\t<\/p>\n\t\t\t\t\t\t\t\t\t\t<\/div>\n\t\t\t\t\t\t\t\t\t<\/div>\n\t\t\t\t\t\t\t\t\t\t\t\t\t\t\t\t\t<div class=\"list__item\">\n\t\t\t\t\t\t\t\t\t\t<button class=\"list__question\">\n\t\t\t\t\t\t\t\t\t\t\t<p>\n\t\t\t\t\t\t\t\t\t\t\t\tSleep Across Waters\n\t\t\t\t\t\t\t\t\t\t\t<\/p>\n\t\t\t\t\t\t\t\t\t\t\t<div class=\"list__plus\">\n\t\t\t\t\t\t\t\t\t\t\t\t<span><\/span><span><\/span>\n\t\t\t\t\t\t\t\t\t\t\t<\/div>\n\t\t\t\t\t\t\t\t\t\t<\/button>\n\t\t\t\t\t\t\t\t\t\t<div class=\"list__answer\">\n\t\t\t\t\t\t\t\t\t\t\t<p>\n\t\t\t\t\t\t\t\t\t\t\t\t<p>Fatma var kommunikationsansvarlig p\u00e5 projektet.<\/p>\n\n\t\t\t\t\t\t\t\t\t\t\t<\/p>\n\t\t\t\t\t\t\t\t\t\t<\/div>\n\t\t\t\t\t\t\t\t\t<\/div>\n\t\t\t\t\t\t\t\t\t\t\t\t\t\t\t<\/div>\n\t\t\t\t\t\t<\/div>\n\t\t\t\t\t\t\t\t\t<\/div>\n\t\t\t\t\t<\/div>\n\t<\/template>\n\n<div class=\"member member--tile\" data-id=\"template-modal-617\">\n\t<div class=\"member__thumbnail\">\n\t\t<img decoding=\"async\" src=\"https:\/\/forskning.eu\/wp-content\/themes\/oak-theme\/assets\/images\/placeholder.png\" data-src=\"https:\/\/forskning.eu\/wp-content\/uploads\/2023\/06\/Fatma-300x300.jpg\" data-srcset=\"https:\/\/forskning.eu\/wp-content\/uploads\/2023\/06\/Fatma-300x300.jpg 300w, https:\/\/forskning.eu\/wp-content\/uploads\/2023\/06\/Fatma-1024x1024.jpg 1024w, https:\/\/forskning.eu\/wp-content\/uploads\/2023\/06\/Fatma-150x150.jpg 150w, https:\/\/forskning.eu\/wp-content\/uploads\/2023\/06\/Fatma-768x768.jpg 768w, https:\/\/forskning.eu\/wp-content\/uploads\/2023\/06\/Fatma.jpg 1200w\" sizes=\"(max-width: 100vw) 600px, 600px\" data-loading=\"lazy\" alt=\"\" \/>\n\t\t<div class=\"member__backdrop\"><\/div>\n\t\t\t\t\t<span class=\"member__label\">\n\t\t\t\tRead more\n\t\t\t<\/span>\n\t\t\t<\/div>\n\t<div class=\"member__container\">\n\t\t<span class=\"heading-3 member__title\">Fatma G\u00fcney<\/span>\n\t\t<span class=\"member__position\">Kommunikationskonsulent<\/span>\n\t\t<button class=\"member__toggle\" aria-label=\"Show more\">\n\t\t\t<span><\/span><span><\/span>\n\t\t<\/button>\n\t<\/div>\n\t<div class=\"member__contact\">\n\t\t<a href=\"tel:+4520828107\">\n\t\t\t+45 20 82 81 07 \n\t\t<\/a>\n\t\t<a href=\"mailto:fagu@regionsjaelland.dk \">fagu@regionsjaelland.dk <\/a>\n\t<\/div>\n<\/div>\n\t\t\t\t\t\t\t\n\t<template id=\"template-modal-277\">\n\t\t<div class=\"member-modal__image\">\n\t\t\t<img decoding=\"async\" src=\"https:\/\/forskning.eu\/wp-content\/uploads\/2023\/06\/IdaM-1024x1024.jpg\" srcset=\"https:\/\/forskning.eu\/wp-content\/uploads\/2023\/06\/IdaM-1024x1024.jpg 1024w, https:\/\/forskning.eu\/wp-content\/uploads\/2023\/06\/IdaM-300x300.jpg 300w, https:\/\/forskning.eu\/wp-content\/uploads\/2023\/06\/IdaM-150x150.jpg 150w, https:\/\/forskning.eu\/wp-content\/uploads\/2023\/06\/IdaM-768x768.jpg 768w, https:\/\/forskning.eu\/wp-content\/uploads\/2023\/06\/IdaM.jpg 1200w\" sizes=\"(max-width: 100vw) 1000px, 1000px\" loading=\"auto\" alt=\"\" \/>\n\t\t\t<div class=\"member-modal__scrolldown\">\n\t\t\t\t<div class=\"scrolldown\">\n\t<div class=\"scrolldown-curve\">\n\t\t<svg width=\"229\" height=\"85\" viewBox=\"0 0 229 85\" fill=\"none\" xmlns=\"http:\/\/www.w3.org\/2000\/svg\">\n<path d=\"M228.5 84.5C228.5 84.5 151.73 84.5 106 84.5C60.2696 84.5 21.5 84.5 0 84.5C64.0424 84.5 48.8701 0 118.088 0C180.836 0 167.692 84.5 228.5 84.5Z\" fill=\"white\"\/>\n<\/svg>\n\n\t<\/div>\n\t<button class=\"btn btn--round scrolldown-btn\" aria-label=\"Scroll button\">\n\t\t<svg width=\"73\" height=\"73\" viewBox=\"0 0 73 73\" fill=\"none\" xmlns=\"http:\/\/www.w3.org\/2000\/svg\">\n<path d=\"M53.5924 32.4964L45.223 24.127C45.223 24.127 45.223 24.127 45.223 24.1269C44.6325 23.5362 44.3008 22.7352 44.3008 21.9C44.3008 21.0647 44.6325 20.2636 45.223 19.6729C45.8137 19.0824 46.6148 18.7507 47.45 18.7507C48.2853 18.7507 49.0863 19.0825 49.677 19.673L64.2769 34.2729C64.277 34.2729 64.277 34.2729 64.277 34.273C64.8675 34.8637 65.1992 35.6647 65.1992 36.5C65.1992 37.3352 64.8675 38.1362 64.277 38.7269C64.277 38.727 64.277 38.727 64.2769 38.727L49.6802 53.3238C49.0864 53.8957 48.292 54.2121 47.4675 54.205C46.6415 54.1978 45.8515 53.8665 45.2675 53.2825C44.6834 52.6985 44.3521 51.9084 44.345 51.0825C44.3378 50.258 44.6542 49.4636 45.2261 48.8698L53.5924 40.5035L54.446 39.65H53.2389L10.95 39.65C10.1146 39.65 9.31334 39.3181 8.7226 38.7273C8.13186 38.1366 7.79999 37.3354 7.79999 36.5C7.79999 35.6645 8.13186 34.8633 8.7226 34.2726C9.31334 33.6818 10.1146 33.35 10.95 33.35L53.2389 33.35H54.446L53.5924 32.4964Z\" fill=\"currentColor\" stroke=\"currentColor\"\/>\n<\/svg>\n\n\t<\/button>\n<\/div>\n\t\t\t<\/div>\n\t\t<\/div>\n\t\t<div class=\"member-modal__container\">\n\t\t\t<div class=\"member-modal__close\">\n\t\t\t\t<button class=\"member-modal__close-btn\">\n\t\t\t\t\t<span><\/span><span><\/span>\n\t\t\t\t<\/button>\n\t\t\t<\/div>\n\t\t\t<div class=\"member-modal__content\">\n\t\t\t\t<span class=\"heading-3 member-modal__title\">\n\t\t\t\t\tIda Munch\n\t\t\t\t<\/span>\n\t\t\t\t<span class=\"member-modal__position\">\n\t\t\t\t\tAnsvarlig for visuel kommunikation\n\t\t\t\t<\/span>\n\t\t\t\t<p class=\"member-modal__excerpt\">\n\t\t\t\t\tIda er den kreative sj\u00e6l bag st\u00f8rstedelen af FORSKs visuelle produkter i form af foto, video og grafisk arbejde. Hun har en fortid som fotojournalist og har jagtet den gode historie for de st\u00f8rste danske aviser igennem mange \u00e5r. Siden har hun taget en kandidat i politisk kommunikation og journalistik. Ida har set store dele af verdenen og er ogs\u00e5 internationalt gift med en australier. I sommerhalv\u00e5ret g\u00e5r al Idas fritid med fingrene i kolonihavens k\u00f8kkenhave.\n\t\t\t\t<\/p>\n\t\t\t\t<div class=\"member-modal__contact\">\n\t\t\t\t\t<a href=\"tel:+4540172673\"\n\t\t\t\t\t\tclass=\"member-modal__phone\">\n\t\t\t\t\t\t+4540172673\n\t\t\t\t\t<\/a>\n\t\t\t\t\t<a href=\"mailto:imun@regionsjaelland.dk\"\n\t\t\t\t\t\tclass=\"member-modal__email\">\n\t\t\t\t\t\timun@regionsjaelland.dk\n\t\t\t\t\t<\/a>\n\t\t\t\t<\/div>\n\t\t\t<\/div>\n\n\t\t\t\t\t\t\t<div class=\"member-modal__accordions\">\n\t\t\t\t\t\t\t\t\t\t\t<div class=\"member-modal__accordion\">\n\t\t\t\t\t\t\t<span class=\"accordion__title\">\n\t\t\t\t\t\t\t\tOm Ida\n\t\t\t\t\t\t\t<\/span>\n\t\t\t\t\t\t\t\t\t\t\t\t\t\t<div class=\"accordion__list\">\n\t\t\t\t\t\t\t\t\t\t\t\t\t\t\t\t\t<div class=\"list__item\">\n\t\t\t\t\t\t\t\t\t\t<button class=\"list__question\">\n\t\t\t\t\t\t\t\t\t\t\t<p>\n\t\t\t\t\t\t\t\t\t\t\t\tCV\n\t\t\t\t\t\t\t\t\t\t\t<\/p>\n\t\t\t\t\t\t\t\t\t\t\t<div class=\"list__plus\">\n\t\t\t\t\t\t\t\t\t\t\t\t<span><\/span><span><\/span>\n\t\t\t\t\t\t\t\t\t\t\t<\/div>\n\t\t\t\t\t\t\t\t\t\t<\/button>\n\t\t\t\t\t\t\t\t\t\t<div class=\"list__answer\">\n\t\t\t\t\t\t\t\t\t\t\t<p>\n\t\t\t\t\t\t\t\t\t\t\t\t<div class=\"display-flex flex-wrap align-items-center full-height\">\n<div class=\"display-flex \">\n<div class=\"\n      display-flex full-width\"><\/p>\n<div>Erhvervserfaring<\/div>\n<div>Marts 2022 &#8211; nu Ansvarlig for visuel kommunikation i Forskningsenheden i Staben ved SUH<\/div>\n<div class=\"display-flex align-items-center\n          mr1 t-bold\"><span aria-hidden=\"true\">2011 &#8211; 2022 Freelance fotojournalist og kommunikat\u00f8r, selvst\u00e6ndig<\/span><\/div>\n<div>\n<div class=\"display-flex flex-wrap align-items-center full-height\">\n<div class=\"display-flex \">\n<div class=\"\n      display-flex full-width\"><\/p>\n<div class=\"display-flex align-items-center\n          mr1 t-bold\"><span aria-hidden=\"true\">2018 &#8211; 2019 Forskningsassistent ved professor Claes de Vreese, <\/span>Universiteit van Amsterdam<\/div>\n<div>\n<div class=\"display-flex flex-wrap align-items-center full-height\">\n<div class=\"display-flex \">\n<div class=\"\n      display-flex full-width\"><\/p>\n<div class=\"display-flex align-items-center\n          mr1 t-bold\"><span aria-hidden=\"true\">2017 &#8211; 2018 InDesign underviser, <\/span><span class=\"t-14 t-normal\"><span aria-hidden=\"true\">Danmarks Medie- og Journalisth\u00f8jskole<\/span><\/span><\/div>\n<\/div>\n<div><\/div>\n<div>Uddannelse<\/div>\n<div>2020 Efteruddannelse i Digital Markedsf\u00f8ring og SEO<\/div>\n<div>2017-2019 Mundus Master of Journalism, Media and Globalisation (Engelsksproget MA)<\/div>\n<div>2013-2017 BA i fotojournalistik fra DMJX, Aarhus og MONASH Uni, Melbourne, AU<\/div>\n<\/div>\n<\/div>\n<\/div>\n<\/div>\n<\/div>\n<\/div>\n<\/div>\n<\/div>\n<\/div>\n<\/div>\n\n\t\t\t\t\t\t\t\t\t\t\t<\/p>\n\t\t\t\t\t\t\t\t\t\t<\/div>\n\t\t\t\t\t\t\t\t\t<\/div>\n\t\t\t\t\t\t\t\t\t\t\t\t\t\t\t<\/div>\n\t\t\t\t\t\t<\/div>\n\t\t\t\t\t\t\t\t\t<\/div>\n\t\t\t\t\t<\/div>\n\t<\/template>\n\n<div class=\"member member--tile\" data-id=\"template-modal-277\">\n\t<div class=\"member__thumbnail\">\n\t\t<img decoding=\"async\" src=\"https:\/\/forskning.eu\/wp-content\/themes\/oak-theme\/assets\/images\/placeholder.png\" data-src=\"https:\/\/forskning.eu\/wp-content\/uploads\/2023\/06\/IdaM-300x300.jpg\" data-srcset=\"https:\/\/forskning.eu\/wp-content\/uploads\/2023\/06\/IdaM-300x300.jpg 300w, https:\/\/forskning.eu\/wp-content\/uploads\/2023\/06\/IdaM-1024x1024.jpg 1024w, https:\/\/forskning.eu\/wp-content\/uploads\/2023\/06\/IdaM-150x150.jpg 150w, https:\/\/forskning.eu\/wp-content\/uploads\/2023\/06\/IdaM-768x768.jpg 768w, https:\/\/forskning.eu\/wp-content\/uploads\/2023\/06\/IdaM.jpg 1200w\" sizes=\"(max-width: 100vw) 600px, 600px\" data-loading=\"lazy\" alt=\"\" \/>\n\t\t<div class=\"member__backdrop\"><\/div>\n\t\t\t\t\t<span class=\"member__label\">\n\t\t\t\tRead more\n\t\t\t<\/span>\n\t\t\t<\/div>\n\t<div class=\"member__container\">\n\t\t<span class=\"heading-3 member__title\">Ida Munch<\/span>\n\t\t<span class=\"member__position\">Ansvarlig for visuel kommunikation<\/span>\n\t\t<button class=\"member__toggle\" aria-label=\"Show more\">\n\t\t\t<span><\/span><span><\/span>\n\t\t<\/button>\n\t<\/div>\n\t<div class=\"member__contact\">\n\t\t<a href=\"tel:+4540172673\">\n\t\t\t+4540172673\n\t\t<\/a>\n\t\t<a href=\"mailto:imun@regionsjaelland.dk\">imun@regionsjaelland.dk<\/a>\n\t<\/div>\n<\/div>\n\t\t\t\t\t\t\t\n\t<template id=\"template-modal-580\">\n\t\t<div class=\"member-modal__image\">\n\t\t\t<img decoding=\"async\" src=\"https:\/\/forskning.eu\/wp-content\/uploads\/2023\/05\/Mette_til-hjemmeside-1024x1024.jpg\" srcset=\"https:\/\/forskning.eu\/wp-content\/uploads\/2023\/05\/Mette_til-hjemmeside-1024x1024.jpg 1024w, https:\/\/forskning.eu\/wp-content\/uploads\/2023\/05\/Mette_til-hjemmeside-300x300.jpg 300w, https:\/\/forskning.eu\/wp-content\/uploads\/2023\/05\/Mette_til-hjemmeside-150x150.jpg 150w, https:\/\/forskning.eu\/wp-content\/uploads\/2023\/05\/Mette_til-hjemmeside-768x768.jpg 768w, https:\/\/forskning.eu\/wp-content\/uploads\/2023\/05\/Mette_til-hjemmeside.jpg 1200w\" sizes=\"(max-width: 100vw) 1000px, 1000px\" loading=\"auto\" alt=\"\" \/>\n\t\t\t<div class=\"member-modal__scrolldown\">\n\t\t\t\t<div class=\"scrolldown\">\n\t<div class=\"scrolldown-curve\">\n\t\t<svg width=\"229\" height=\"85\" viewBox=\"0 0 229 85\" fill=\"none\" xmlns=\"http:\/\/www.w3.org\/2000\/svg\">\n<path d=\"M228.5 84.5C228.5 84.5 151.73 84.5 106 84.5C60.2696 84.5 21.5 84.5 0 84.5C64.0424 84.5 48.8701 0 118.088 0C180.836 0 167.692 84.5 228.5 84.5Z\" fill=\"white\"\/>\n<\/svg>\n\n\t<\/div>\n\t<button class=\"btn btn--round scrolldown-btn\" aria-label=\"Scroll button\">\n\t\t<svg width=\"73\" height=\"73\" viewBox=\"0 0 73 73\" fill=\"none\" xmlns=\"http:\/\/www.w3.org\/2000\/svg\">\n<path d=\"M53.5924 32.4964L45.223 24.127C45.223 24.127 45.223 24.127 45.223 24.1269C44.6325 23.5362 44.3008 22.7352 44.3008 21.9C44.3008 21.0647 44.6325 20.2636 45.223 19.6729C45.8137 19.0824 46.6148 18.7507 47.45 18.7507C48.2853 18.7507 49.0863 19.0825 49.677 19.673L64.2769 34.2729C64.277 34.2729 64.277 34.2729 64.277 34.273C64.8675 34.8637 65.1992 35.6647 65.1992 36.5C65.1992 37.3352 64.8675 38.1362 64.277 38.7269C64.277 38.727 64.277 38.727 64.2769 38.727L49.6802 53.3238C49.0864 53.8957 48.292 54.2121 47.4675 54.205C46.6415 54.1978 45.8515 53.8665 45.2675 53.2825C44.6834 52.6985 44.3521 51.9084 44.345 51.0825C44.3378 50.258 44.6542 49.4636 45.2261 48.8698L53.5924 40.5035L54.446 39.65H53.2389L10.95 39.65C10.1146 39.65 9.31334 39.3181 8.7226 38.7273C8.13186 38.1366 7.79999 37.3354 7.79999 36.5C7.79999 35.6645 8.13186 34.8633 8.7226 34.2726C9.31334 33.6818 10.1146 33.35 10.95 33.35L53.2389 33.35H54.446L53.5924 32.4964Z\" fill=\"currentColor\" stroke=\"currentColor\"\/>\n<\/svg>\n\n\t<\/button>\n<\/div>\n\t\t\t<\/div>\n\t\t<\/div>\n\t\t<div class=\"member-modal__container\">\n\t\t\t<div class=\"member-modal__close\">\n\t\t\t\t<button class=\"member-modal__close-btn\">\n\t\t\t\t\t<span><\/span><span><\/span>\n\t\t\t\t<\/button>\n\t\t\t<\/div>\n\t\t\t<div class=\"member-modal__content\">\n\t\t\t\t<span class=\"heading-3 member-modal__title\">\n\t\t\t\t\tMette Bierbum Bacher\n\t\t\t\t<\/span>\n\t\t\t\t<span class=\"member-modal__position\">\n\t\t\t\t\tFaglig leder for kommunikation\n\t\t\t\t<\/span>\n\t\t\t\t<p class=\"member-modal__excerpt\">\n\t\t\t\t\tMette har ekspertise inden for forskningsformidling, kommunikation og branding og har tidligere arbejdet 10 \u00e5r i reklamebureaubranchen, bl.a. som Head of Social i bureauet Mindshare Danmark. Mette motiveres af at skabe og formidle innovative l\u00f8sninger p\u00e5 sundhedsudfordringer. Mette taler flydende fransk og har boet i Vancouver, Paris og London.\n\t\t\t\t<\/p>\n\t\t\t\t<div class=\"member-modal__contact\">\n\t\t\t\t\t<a href=\"tel:+4523274206\"\n\t\t\t\t\t\tclass=\"member-modal__phone\">\n\t\t\t\t\t\t+45 23274206\n\t\t\t\t\t<\/a>\n\t\t\t\t\t<a href=\"mailto:mbache@regionsjaelland.dk\"\n\t\t\t\t\t\tclass=\"member-modal__email\">\n\t\t\t\t\t\tmbache@regionsjaelland.dk\n\t\t\t\t\t<\/a>\n\t\t\t\t<\/div>\n\t\t\t<\/div>\n\n\t\t\t\t\t\t\t<div class=\"member-modal__accordions\">\n\t\t\t\t\t\t\t\t\t\t\t<div class=\"member-modal__accordion\">\n\t\t\t\t\t\t\t<span class=\"accordion__title\">\n\t\t\t\t\t\t\t\tOm Mette\n\t\t\t\t\t\t\t<\/span>\n\t\t\t\t\t\t\t\t\t\t\t\t\t\t<div class=\"accordion__list\">\n\t\t\t\t\t\t\t\t\t\t\t\t\t\t\t\t\t<div class=\"list__item\">\n\t\t\t\t\t\t\t\t\t\t<button class=\"list__question\">\n\t\t\t\t\t\t\t\t\t\t\t<p>\n\t\t\t\t\t\t\t\t\t\t\t\tCV\n\t\t\t\t\t\t\t\t\t\t\t<\/p>\n\t\t\t\t\t\t\t\t\t\t\t<div class=\"list__plus\">\n\t\t\t\t\t\t\t\t\t\t\t\t<span><\/span><span><\/span>\n\t\t\t\t\t\t\t\t\t\t\t<\/div>\n\t\t\t\t\t\t\t\t\t\t<\/button>\n\t\t\t\t\t\t\t\t\t\t<div class=\"list__answer\">\n\t\t\t\t\t\t\t\t\t\t\t<p>\n\t\t\t\t\t\t\t\t\t\t\t\t<p>&#8211; Social Media Strategist, freelancer, Vancouver British Columbia, 2019<br \/>\n&#8211; Senior Social Lead, Kunde &amp; co., 2018-2019<br \/>\n&#8211; Head of Social og Senior Social Advisor, Mindshare Danmark, 2014-2018<\/p>\n<p>&nbsp;<\/p>\n<p>Uddannelse<br \/>\n&#8211; Kandidat i Interkulturelle markedsstudier og fransk, 2008-2011<br \/>\n&#8211; Bachelor i International Business Communication (Fransk\/Interkulturel marketing), 2005-2008<\/p>\n\n\t\t\t\t\t\t\t\t\t\t\t<\/p>\n\t\t\t\t\t\t\t\t\t\t<\/div>\n\t\t\t\t\t\t\t\t\t<\/div>\n\t\t\t\t\t\t\t\t\t\t\t\t\t\t\t<\/div>\n\t\t\t\t\t\t<\/div>\n\t\t\t\t\t\t\t\t\t\t\t<div class=\"member-modal__accordion\">\n\t\t\t\t\t\t\t<span class=\"accordion__title\">\n\t\t\t\t\t\t\t\tNuv\u00e6rende projekter\n\t\t\t\t\t\t\t<\/span>\n\t\t\t\t\t\t\t\t\t\t\t\t\t\t<div class=\"accordion__list\">\n\t\t\t\t\t\t\t\t\t\t\t\t\t\t\t\t\t<div class=\"list__item\">\n\t\t\t\t\t\t\t\t\t\t<button class=\"list__question\">\n\t\t\t\t\t\t\t\t\t\t\t<p>\n\t\t\t\t\t\t\t\t\t\t\t\tFLORENCE\n\t\t\t\t\t\t\t\t\t\t\t<\/p>\n\t\t\t\t\t\t\t\t\t\t\t<div class=\"list__plus\">\n\t\t\t\t\t\t\t\t\t\t\t\t<span><\/span><span><\/span>\n\t\t\t\t\t\t\t\t\t\t\t<\/div>\n\t\t\t\t\t\t\t\t\t\t<\/button>\n\t\t\t\t\t\t\t\t\t\t<div class=\"list__answer\">\n\t\t\t\t\t\t\t\t\t\t\t<p>\n\t\t\t\t\t\t\t\t\t\t\t\t<p>Mette er kommunikationskonsulent p\u00e5 projekt FLORENCE og har ansvaret for udvikling og eksekvering af kommunikationsstrategi.<\/p>\n\n\t\t\t\t\t\t\t\t\t\t\t<\/p>\n\t\t\t\t\t\t\t\t\t\t<\/div>\n\t\t\t\t\t\t\t\t\t<\/div>\n\t\t\t\t\t\t\t\t\t\t\t\t\t\t\t\t\t<div class=\"list__item\">\n\t\t\t\t\t\t\t\t\t\t<button class=\"list__question\">\n\t\t\t\t\t\t\t\t\t\t\t<p>\n\t\t\t\t\t\t\t\t\t\t\t\tSmartClinic\n\t\t\t\t\t\t\t\t\t\t\t<\/p>\n\t\t\t\t\t\t\t\t\t\t\t<div class=\"list__plus\">\n\t\t\t\t\t\t\t\t\t\t\t\t<span><\/span><span><\/span>\n\t\t\t\t\t\t\t\t\t\t\t<\/div>\n\t\t\t\t\t\t\t\t\t\t<\/button>\n\t\t\t\t\t\t\t\t\t\t<div class=\"list__answer\">\n\t\t\t\t\t\t\t\t\t\t\t<p>\n\t\t\t\t\t\t\t\t\t\t\t\t<p>Mette er kommunikationskonsulent p\u00e5 projekt SmartClinic og har ansvaret for udvikling og eksekvering af kommunikationsstrategi.<\/p>\n\n\t\t\t\t\t\t\t\t\t\t\t<\/p>\n\t\t\t\t\t\t\t\t\t\t<\/div>\n\t\t\t\t\t\t\t\t\t<\/div>\n\t\t\t\t\t\t\t\t\t\t\t\t\t\t\t<\/div>\n\t\t\t\t\t\t<\/div>\n\t\t\t\t\t\t\t\t\t\t\t<div class=\"member-modal__accordion\">\n\t\t\t\t\t\t\t<span class=\"accordion__title\">\n\t\t\t\t\t\t\t\tTidligere projekter\n\t\t\t\t\t\t\t<\/span>\n\t\t\t\t\t\t\t\t\t\t\t\t\t\t<div class=\"accordion__list\">\n\t\t\t\t\t\t\t\t\t\t\t\t\t\t\t\t\t<div class=\"list__item\">\n\t\t\t\t\t\t\t\t\t\t<button class=\"list__question\">\n\t\t\t\t\t\t\t\t\t\t\t<p>\n\t\t\t\t\t\t\t\t\t\t\t\t Sleep Across Waters\n\t\t\t\t\t\t\t\t\t\t\t<\/p>\n\t\t\t\t\t\t\t\t\t\t\t<div class=\"list__plus\">\n\t\t\t\t\t\t\t\t\t\t\t\t<span><\/span><span><\/span>\n\t\t\t\t\t\t\t\t\t\t\t<\/div>\n\t\t\t\t\t\t\t\t\t\t<\/button>\n\t\t\t\t\t\t\t\t\t\t<div class=\"list__answer\">\n\t\t\t\t\t\t\t\t\t\t\t<p>\n\t\t\t\t\t\t\t\t\t\t\t\t\n\t\t\t\t\t\t\t\t\t\t\t<\/p>\n\t\t\t\t\t\t\t\t\t\t<\/div>\n\t\t\t\t\t\t\t\t\t<\/div>\n\t\t\t\t\t\t\t\t\t\t\t\t\t\t\t\t\t<div class=\"list__item\">\n\t\t\t\t\t\t\t\t\t\t<button class=\"list__question\">\n\t\t\t\t\t\t\t\t\t\t\t<p>\n\t\t\t\t\t\t\t\t\t\t\t\tLicense\n\t\t\t\t\t\t\t\t\t\t\t<\/p>\n\t\t\t\t\t\t\t\t\t\t\t<div class=\"list__plus\">\n\t\t\t\t\t\t\t\t\t\t\t\t<span><\/span><span><\/span>\n\t\t\t\t\t\t\t\t\t\t\t<\/div>\n\t\t\t\t\t\t\t\t\t\t<\/button>\n\t\t\t\t\t\t\t\t\t\t<div class=\"list__answer\">\n\t\t\t\t\t\t\t\t\t\t\t<p>\n\t\t\t\t\t\t\t\t\t\t\t\t\n\t\t\t\t\t\t\t\t\t\t\t<\/p>\n\t\t\t\t\t\t\t\t\t\t<\/div>\n\t\t\t\t\t\t\t\t\t<\/div>\n\t\t\t\t\t\t\t\t\t\t\t\t\t\t\t\t\t<div class=\"list__item\">\n\t\t\t\t\t\t\t\t\t\t<button class=\"list__question\">\n\t\t\t\t\t\t\t\t\t\t\t<p>\n\t\t\t\t\t\t\t\t\t\t\t\tKan du se fremtiden\n\t\t\t\t\t\t\t\t\t\t\t<\/p>\n\t\t\t\t\t\t\t\t\t\t\t<div class=\"list__plus\">\n\t\t\t\t\t\t\t\t\t\t\t\t<span><\/span><span><\/span>\n\t\t\t\t\t\t\t\t\t\t\t<\/div>\n\t\t\t\t\t\t\t\t\t\t<\/button>\n\t\t\t\t\t\t\t\t\t\t<div class=\"list__answer\">\n\t\t\t\t\t\t\t\t\t\t\t<p>\n\t\t\t\t\t\t\t\t\t\t\t\t\n\t\t\t\t\t\t\t\t\t\t\t<\/p>\n\t\t\t\t\t\t\t\t\t\t<\/div>\n\t\t\t\t\t\t\t\t\t<\/div>\n\t\t\t\t\t\t\t\t\t\t\t\t\t\t\t<\/div>\n\t\t\t\t\t\t<\/div>\n\t\t\t\t\t\t\t\t\t<\/div>\n\t\t\t\t\t<\/div>\n\t<\/template>\n\n<div class=\"member member--tile\" data-id=\"template-modal-580\">\n\t<div class=\"member__thumbnail\">\n\t\t<img decoding=\"async\" src=\"https:\/\/forskning.eu\/wp-content\/themes\/oak-theme\/assets\/images\/placeholder.png\" data-src=\"https:\/\/forskning.eu\/wp-content\/uploads\/2023\/05\/Mette_til-hjemmeside-300x300.jpg\" data-srcset=\"https:\/\/forskning.eu\/wp-content\/uploads\/2023\/05\/Mette_til-hjemmeside-300x300.jpg 300w, https:\/\/forskning.eu\/wp-content\/uploads\/2023\/05\/Mette_til-hjemmeside-1024x1024.jpg 1024w, https:\/\/forskning.eu\/wp-content\/uploads\/2023\/05\/Mette_til-hjemmeside-150x150.jpg 150w, https:\/\/forskning.eu\/wp-content\/uploads\/2023\/05\/Mette_til-hjemmeside-768x768.jpg 768w, https:\/\/forskning.eu\/wp-content\/uploads\/2023\/05\/Mette_til-hjemmeside.jpg 1200w\" sizes=\"(max-width: 100vw) 600px, 600px\" data-loading=\"lazy\" alt=\"\" \/>\n\t\t<div class=\"member__backdrop\"><\/div>\n\t\t\t\t\t<span class=\"member__label\">\n\t\t\t\tRead more\n\t\t\t<\/span>\n\t\t\t<\/div>\n\t<div class=\"member__container\">\n\t\t<span class=\"heading-3 member__title\">Mette Bierbum Bacher<\/span>\n\t\t<span class=\"member__position\">Faglig leder for kommunikation<\/span>\n\t\t<button class=\"member__toggle\" aria-label=\"Show more\">\n\t\t\t<span><\/span><span><\/span>\n\t\t<\/button>\n\t<\/div>\n\t<div class=\"member__contact\">\n\t\t<a href=\"tel:+4523274206\">\n\t\t\t+45 23274206\n\t\t<\/a>\n\t\t<a href=\"mailto:mbache@regionsjaelland.dk\">mbache@regionsjaelland.dk<\/a>\n\t<\/div>\n<\/div>\n\t\t\t\t\t\t\t\n\t<template id=\"template-modal-1215\">\n\t\t<div class=\"member-modal__image\">\n\t\t\t<img decoding=\"async\" src=\"https:\/\/forskning.eu\/wp-content\/uploads\/2023\/12\/Pia_002_ubaggrund-e1701424536864-966x1024.jpg\" srcset=\"https:\/\/forskning.eu\/wp-content\/uploads\/2023\/12\/Pia_002_ubaggrund-e1701424536864-966x1024.jpg 966w, https:\/\/forskning.eu\/wp-content\/uploads\/2023\/12\/Pia_002_ubaggrund-e1701424536864-283x300.jpg 283w, https:\/\/forskning.eu\/wp-content\/uploads\/2023\/12\/Pia_002_ubaggrund-e1701424536864-768x814.jpg 768w, https:\/\/forskning.eu\/wp-content\/uploads\/2023\/12\/Pia_002_ubaggrund-e1701424536864-1448x1536.jpg 1448w, https:\/\/forskning.eu\/wp-content\/uploads\/2023\/12\/Pia_002_ubaggrund-e1701424536864-1931x2048.jpg 1931w\" sizes=\"(max-width: 100vw) 1000px, 1000px\" loading=\"auto\" alt=\"\" \/>\n\t\t\t<div class=\"member-modal__scrolldown\">\n\t\t\t\t<div class=\"scrolldown\">\n\t<div class=\"scrolldown-curve\">\n\t\t<svg width=\"229\" height=\"85\" viewBox=\"0 0 229 85\" fill=\"none\" xmlns=\"http:\/\/www.w3.org\/2000\/svg\">\n<path d=\"M228.5 84.5C228.5 84.5 151.73 84.5 106 84.5C60.2696 84.5 21.5 84.5 0 84.5C64.0424 84.5 48.8701 0 118.088 0C180.836 0 167.692 84.5 228.5 84.5Z\" fill=\"white\"\/>\n<\/svg>\n\n\t<\/div>\n\t<button class=\"btn btn--round scrolldown-btn\" aria-label=\"Scroll button\">\n\t\t<svg width=\"73\" height=\"73\" viewBox=\"0 0 73 73\" fill=\"none\" xmlns=\"http:\/\/www.w3.org\/2000\/svg\">\n<path d=\"M53.5924 32.4964L45.223 24.127C45.223 24.127 45.223 24.127 45.223 24.1269C44.6325 23.5362 44.3008 22.7352 44.3008 21.9C44.3008 21.0647 44.6325 20.2636 45.223 19.6729C45.8137 19.0824 46.6148 18.7507 47.45 18.7507C48.2853 18.7507 49.0863 19.0825 49.677 19.673L64.2769 34.2729C64.277 34.2729 64.277 34.2729 64.277 34.273C64.8675 34.8637 65.1992 35.6647 65.1992 36.5C65.1992 37.3352 64.8675 38.1362 64.277 38.7269C64.277 38.727 64.277 38.727 64.2769 38.727L49.6802 53.3238C49.0864 53.8957 48.292 54.2121 47.4675 54.205C46.6415 54.1978 45.8515 53.8665 45.2675 53.2825C44.6834 52.6985 44.3521 51.9084 44.345 51.0825C44.3378 50.258 44.6542 49.4636 45.2261 48.8698L53.5924 40.5035L54.446 39.65H53.2389L10.95 39.65C10.1146 39.65 9.31334 39.3181 8.7226 38.7273C8.13186 38.1366 7.79999 37.3354 7.79999 36.5C7.79999 35.6645 8.13186 34.8633 8.7226 34.2726C9.31334 33.6818 10.1146 33.35 10.95 33.35L53.2389 33.35H54.446L53.5924 32.4964Z\" fill=\"currentColor\" stroke=\"currentColor\"\/>\n<\/svg>\n\n\t<\/button>\n<\/div>\n\t\t\t<\/div>\n\t\t<\/div>\n\t\t<div class=\"member-modal__container\">\n\t\t\t<div class=\"member-modal__close\">\n\t\t\t\t<button class=\"member-modal__close-btn\">\n\t\t\t\t\t<span><\/span><span><\/span>\n\t\t\t\t<\/button>\n\t\t\t<\/div>\n\t\t\t<div class=\"member-modal__content\">\n\t\t\t\t<span class=\"heading-3 member-modal__title\">\n\t\t\t\t\tPia B\u00e6kvang Villumsen\n\t\t\t\t<\/span>\n\t\t\t\t<span class=\"member-modal__position\">\n\t\t\t\t\tKommunikationskonsulent\n\t\t\t\t<\/span>\n\t\t\t\t<p class=\"member-modal__excerpt\">\n\t\t\t\t\tPia er kommunikationskonsulent og grafiker og arbejder blandt andet p\u00e5 Interregprojektet Bridging Safe Elderly Care og OPTIMIZE. Hun har bred kommunikations- og formidlingserfaring fra mange \u00e5r i reklamebureaubranchen og som selvst\u00e6ndig.\r\nPia har senest arbejdet p\u00e5 Holb\u00e6k Sygehus i Staben og Akutafdelingen med udl\u00e5n til Driftsafdelingen og Forskningens Hus, hvor opgaverne var alt fra tekstforfatning til grafisk design, formidling og web.\r\nFitness og g\u00e5ture fylder hele \u00e5ret og i sommerm\u00e5nederne er Pia en aktiv tennisspiller og er ogs\u00e5 uddannet tr\u00e6ner og referee.\r\n\n\t\t\t\t<\/p>\n\t\t\t\t<div class=\"member-modal__contact\">\n\t\t\t\t\t<a href=\"tel:+4521782604\"\n\t\t\t\t\t\tclass=\"member-modal__phone\">\n\t\t\t\t\t\t+45 21782604\n\t\t\t\t\t<\/a>\n\t\t\t\t\t<a href=\"mailto:pivi@regionsjaelland.dk\"\n\t\t\t\t\t\tclass=\"member-modal__email\">\n\t\t\t\t\t\tpivi@regionsjaelland.dk\n\t\t\t\t\t<\/a>\n\t\t\t\t<\/div>\n\t\t\t<\/div>\n\n\t\t\t\t\t\t\t<div class=\"member-modal__accordions\">\n\t\t\t\t\t\t\t\t\t\t\t<div class=\"member-modal__accordion\">\n\t\t\t\t\t\t\t<span class=\"accordion__title\">\n\t\t\t\t\t\t\t\tOm Pia\n\t\t\t\t\t\t\t<\/span>\n\t\t\t\t\t\t\t\t\t\t\t\t\t\t<div class=\"accordion__list\">\n\t\t\t\t\t\t\t\t\t\t\t\t\t\t\t\t\t<div class=\"list__item\">\n\t\t\t\t\t\t\t\t\t\t<button class=\"list__question\">\n\t\t\t\t\t\t\t\t\t\t\t<p>\n\t\t\t\t\t\t\t\t\t\t\t\tCV\n\t\t\t\t\t\t\t\t\t\t\t<\/p>\n\t\t\t\t\t\t\t\t\t\t\t<div class=\"list__plus\">\n\t\t\t\t\t\t\t\t\t\t\t\t<span><\/span><span><\/span>\n\t\t\t\t\t\t\t\t\t\t\t<\/div>\n\t\t\t\t\t\t\t\t\t\t<\/button>\n\t\t\t\t\t\t\t\t\t\t<div class=\"list__answer\">\n\t\t\t\t\t\t\t\t\t\t\t<p>\n\t\t\t\t\t\t\t\t\t\t\t\t<p>Erhvervserfaring, seneste<\/p>\n<p>2018-2023 Kommunikationskonsulent, Holb\u00e6k Sygehus<br \/>\n2007-2017 Selvst\u00e6ndig og partner, reklamebureau og fotostudie<br \/>\n2003-2007 Projektleder, Konnect Kommunikation<\/p>\n<p>Uddannelse<\/p>\n<p>Kommunikation og formidling, CBA<br \/>\nSociale medier, CBA<br \/>\nProjektledelse (IPM), DJ\u00d8F\/Implement<\/p>\n\n\t\t\t\t\t\t\t\t\t\t\t<\/p>\n\t\t\t\t\t\t\t\t\t\t<\/div>\n\t\t\t\t\t\t\t\t\t<\/div>\n\t\t\t\t\t\t\t\t\t\t\t\t\t\t\t<\/div>\n\t\t\t\t\t\t<\/div>\n\t\t\t\t\t\t\t\t\t<\/div>\n\t\t\t\t\t<\/div>\n\t<\/template>\n\n<div class=\"member member--tile\" data-id=\"template-modal-1215\">\n\t<div class=\"member__thumbnail\">\n\t\t<img decoding=\"async\" src=\"https:\/\/forskning.eu\/wp-content\/themes\/oak-theme\/assets\/images\/placeholder.png\" data-src=\"https:\/\/forskning.eu\/wp-content\/uploads\/2023\/12\/Pia_002_ubaggrund-e1701424536864-283x300.jpg\" data-srcset=\"https:\/\/forskning.eu\/wp-content\/uploads\/2023\/12\/Pia_002_ubaggrund-e1701424536864-283x300.jpg 283w, https:\/\/forskning.eu\/wp-content\/uploads\/2023\/12\/Pia_002_ubaggrund-e1701424536864-768x814.jpg 768w, https:\/\/forskning.eu\/wp-content\/uploads\/2023\/12\/Pia_002_ubaggrund-e1701424536864-966x1024.jpg 966w, https:\/\/forskning.eu\/wp-content\/uploads\/2023\/12\/Pia_002_ubaggrund-e1701424536864-1448x1536.jpg 1448w, https:\/\/forskning.eu\/wp-content\/uploads\/2023\/12\/Pia_002_ubaggrund-e1701424536864-1931x2048.jpg 1931w\" sizes=\"(max-width: 100vw) 600px, 600px\" data-loading=\"lazy\" alt=\"\" \/>\n\t\t<div class=\"member__backdrop\"><\/div>\n\t\t\t\t\t<span class=\"member__label\">\n\t\t\t\tRead more\n\t\t\t<\/span>\n\t\t\t<\/div>\n\t<div class=\"member__container\">\n\t\t<span class=\"heading-3 member__title\">Pia B\u00e6kvang Villumsen<\/span>\n\t\t<span class=\"member__position\">Kommunikationskonsulent<\/span>\n\t\t<button class=\"member__toggle\" aria-label=\"Show more\">\n\t\t\t<span><\/span><span><\/span>\n\t\t<\/button>\n\t<\/div>\n\t<div class=\"member__contact\">\n\t\t<a href=\"tel:+4521782604\">\n\t\t\t+45 21782604\n\t\t<\/a>\n\t\t<a href=\"mailto:pivi@regionsjaelland.dk\">pivi@regionsjaelland.dk<\/a>\n\t<\/div>\n<\/div>\n\t\t\t\t\t\t\t\n\t<template id=\"template-modal-585\">\n\t\t<div class=\"member-modal__image\">\n\t\t\t<img decoding=\"async\" src=\"https:\/\/forskning.eu\/wp-content\/uploads\/2023\/06\/Anne-1024x1024.jpg\" srcset=\"https:\/\/forskning.eu\/wp-content\/uploads\/2023\/06\/Anne-1024x1024.jpg 1024w, https:\/\/forskning.eu\/wp-content\/uploads\/2023\/06\/Anne-300x300.jpg 300w, https:\/\/forskning.eu\/wp-content\/uploads\/2023\/06\/Anne-150x150.jpg 150w, https:\/\/forskning.eu\/wp-content\/uploads\/2023\/06\/Anne-768x768.jpg 768w, https:\/\/forskning.eu\/wp-content\/uploads\/2023\/06\/Anne.jpg 1200w\" sizes=\"(max-width: 100vw) 1000px, 1000px\" loading=\"auto\" alt=\"\" \/>\n\t\t\t<div class=\"member-modal__scrolldown\">\n\t\t\t\t<div class=\"scrolldown\">\n\t<div class=\"scrolldown-curve\">\n\t\t<svg width=\"229\" height=\"85\" viewBox=\"0 0 229 85\" fill=\"none\" xmlns=\"http:\/\/www.w3.org\/2000\/svg\">\n<path d=\"M228.5 84.5C228.5 84.5 151.73 84.5 106 84.5C60.2696 84.5 21.5 84.5 0 84.5C64.0424 84.5 48.8701 0 118.088 0C180.836 0 167.692 84.5 228.5 84.5Z\" fill=\"white\"\/>\n<\/svg>\n\n\t<\/div>\n\t<button class=\"btn btn--round scrolldown-btn\" aria-label=\"Scroll button\">\n\t\t<svg width=\"73\" height=\"73\" viewBox=\"0 0 73 73\" fill=\"none\" xmlns=\"http:\/\/www.w3.org\/2000\/svg\">\n<path d=\"M53.5924 32.4964L45.223 24.127C45.223 24.127 45.223 24.127 45.223 24.1269C44.6325 23.5362 44.3008 22.7352 44.3008 21.9C44.3008 21.0647 44.6325 20.2636 45.223 19.6729C45.8137 19.0824 46.6148 18.7507 47.45 18.7507C48.2853 18.7507 49.0863 19.0825 49.677 19.673L64.2769 34.2729C64.277 34.2729 64.277 34.2729 64.277 34.273C64.8675 34.8637 65.1992 35.6647 65.1992 36.5C65.1992 37.3352 64.8675 38.1362 64.277 38.7269C64.277 38.727 64.277 38.727 64.2769 38.727L49.6802 53.3238C49.0864 53.8957 48.292 54.2121 47.4675 54.205C46.6415 54.1978 45.8515 53.8665 45.2675 53.2825C44.6834 52.6985 44.3521 51.9084 44.345 51.0825C44.3378 50.258 44.6542 49.4636 45.2261 48.8698L53.5924 40.5035L54.446 39.65H53.2389L10.95 39.65C10.1146 39.65 9.31334 39.3181 8.7226 38.7273C8.13186 38.1366 7.79999 37.3354 7.79999 36.5C7.79999 35.6645 8.13186 34.8633 8.7226 34.2726C9.31334 33.6818 10.1146 33.35 10.95 33.35L53.2389 33.35H54.446L53.5924 32.4964Z\" fill=\"currentColor\" stroke=\"currentColor\"\/>\n<\/svg>\n\n\t<\/button>\n<\/div>\n\t\t\t<\/div>\n\t\t<\/div>\n\t\t<div class=\"member-modal__container\">\n\t\t\t<div class=\"member-modal__close\">\n\t\t\t\t<button class=\"member-modal__close-btn\">\n\t\t\t\t\t<span><\/span><span><\/span>\n\t\t\t\t<\/button>\n\t\t\t<\/div>\n\t\t\t<div class=\"member-modal__content\">\n\t\t\t\t<span class=\"heading-3 member-modal__title\">\n\t\t\t\t\tAnne Nistrup Skovsb\u00f8ll\n\t\t\t\t<\/span>\n\t\t\t\t<span class=\"member-modal__position\">\n\t\t\t\t\tFaglig leder for det kvalitative team \n\t\t\t\t<\/span>\n\t\t\t\t<p class=\"member-modal__excerpt\">\n\t\t\t\t\tAnne har fokus p\u00e5 patienters og sundhedsprofessionelles oplevelse og brug af eksempelvis nye behandlingsmetoder i form af teknologi eller anden innovativ tilgang. Anne har med en kandidat i Folkesundhedsvidenskab og tidligere ans\u00e6ttelser stor interesse i anvendt forskning og  \u2019overs\u00e6ttelsen\u2019 af forskning til nye kontekster med sigte p\u00e5 forankring. Anne svinger j\u00e6vnligt padel-ketsjeren sammen med FORSK-kollegaer.\n\t\t\t\t<\/p>\n\t\t\t\t<div class=\"member-modal__contact\">\n\t\t\t\t\t<a href=\"tel:+4520468914\"\n\t\t\t\t\t\tclass=\"member-modal__phone\">\n\t\t\t\t\t\t+45 2046 8914\n\t\t\t\t\t<\/a>\n\t\t\t\t\t<a href=\"mailto:annenh@regionsjaelland.dk\"\n\t\t\t\t\t\tclass=\"member-modal__email\">\n\t\t\t\t\t\tannenh@regionsjaelland.dk\n\t\t\t\t\t<\/a>\n\t\t\t\t<\/div>\n\t\t\t<\/div>\n\n\t\t\t\t\t\t\t<div class=\"member-modal__accordions\">\n\t\t\t\t\t\t\t\t\t\t\t<div class=\"member-modal__accordion\">\n\t\t\t\t\t\t\t<span class=\"accordion__title\">\n\t\t\t\t\t\t\t\tOm Anne\n\t\t\t\t\t\t\t<\/span>\n\t\t\t\t\t\t\t\t\t\t\t\t\t\t<div class=\"accordion__list\">\n\t\t\t\t\t\t\t\t\t\t\t\t\t\t\t\t\t<div class=\"list__item\">\n\t\t\t\t\t\t\t\t\t\t<button class=\"list__question\">\n\t\t\t\t\t\t\t\t\t\t\t<p>\n\t\t\t\t\t\t\t\t\t\t\t\tCV\n\t\t\t\t\t\t\t\t\t\t\t<\/p>\n\t\t\t\t\t\t\t\t\t\t\t<div class=\"list__plus\">\n\t\t\t\t\t\t\t\t\t\t\t\t<span><\/span><span><\/span>\n\t\t\t\t\t\t\t\t\t\t\t<\/div>\n\t\t\t\t\t\t\t\t\t\t<\/button>\n\t\t\t\t\t\t\t\t\t\t<div class=\"list__answer\">\n\t\t\t\t\t\t\t\t\t\t\t<p>\n\t\t\t\t\t\t\t\t\t\t\t\t<p>&#8211; September 2020 &#8211; nu: FORSK, Region Sj\u00e6lland<br \/>\n&#8211; August 2019-2020: Projektleder i Forum for M\u00e6nds Sundhed, Region Hovedstaden<br \/>\n&#8211; Februar 2017-Juli 2019: R\u00e5dgiver i Center for Holdspil og Sundhed, Institut for Idr\u00e6t og Ern\u00e6ring p\u00e5 K\u00f8benhavns Universitet<br \/>\n&#8211; Januar 2015-Februar 2017: Videnskabelig assistent, Center for Holdspil og Sundhed, Institut for Idr\u00e6t og Ern\u00e6ring p\u00e5 K\u00f8benhavns Universitet<\/p>\n<p>2014: Kandidat i Folkesundhedsvidenskab, Syddansk Universitet<br \/>\n2010: BA i Sundhedsfremme og Strategier, Roskilde Universitet<\/p>\n\n\t\t\t\t\t\t\t\t\t\t\t<\/p>\n\t\t\t\t\t\t\t\t\t\t<\/div>\n\t\t\t\t\t\t\t\t\t<\/div>\n\t\t\t\t\t\t\t\t\t\t\t\t\t\t\t<\/div>\n\t\t\t\t\t\t<\/div>\n\t\t\t\t\t\t\t\t\t\t\t<div class=\"member-modal__accordion\">\n\t\t\t\t\t\t\t<span class=\"accordion__title\">\n\t\t\t\t\t\t\t\tNuv\u00e6rende projekter\n\t\t\t\t\t\t\t<\/span>\n\t\t\t\t\t\t\t\t\t\t\t\t\t\t<div class=\"accordion__list\">\n\t\t\t\t\t\t\t\t\t\t\t\t\t\t\t\t\t<div class=\"list__item\">\n\t\t\t\t\t\t\t\t\t\t<button class=\"list__question\">\n\t\t\t\t\t\t\t\t\t\t\t<p>\n\t\t\t\t\t\t\t\t\t\t\t\tInnosleep\n\t\t\t\t\t\t\t\t\t\t\t<\/p>\n\t\t\t\t\t\t\t\t\t\t\t<div class=\"list__plus\">\n\t\t\t\t\t\t\t\t\t\t\t\t<span><\/span><span><\/span>\n\t\t\t\t\t\t\t\t\t\t\t<\/div>\n\t\t\t\t\t\t\t\t\t\t<\/button>\n\t\t\t\t\t\t\t\t\t\t<div class=\"list__answer\">\n\t\t\t\t\t\t\t\t\t\t\t<p>\n\t\t\t\t\t\t\t\t\t\t\t\t<p>Anne foretager kvalitative unders\u00f8gelser i enhedens EU projekter indenfor sundhedsinnovation, heriblandt anvendes kvalitative metoder som fokusgruppeinterviews, individuelle interviews, observationer, workshops med b\u00e5de patienter, borgere, sundhedsprofessionelle og p\u00e5r\u00f8rende.<\/p>\n\n\t\t\t\t\t\t\t\t\t\t\t<\/p>\n\t\t\t\t\t\t\t\t\t\t<\/div>\n\t\t\t\t\t\t\t\t\t<\/div>\n\t\t\t\t\t\t\t\t\t\t\t\t\t\t\t\t\t<div class=\"list__item\">\n\t\t\t\t\t\t\t\t\t\t<button class=\"list__question\">\n\t\t\t\t\t\t\t\t\t\t\t<p>\n\t\t\t\t\t\t\t\t\t\t\t\tUopdaget Synstab\n\t\t\t\t\t\t\t\t\t\t\t<\/p>\n\t\t\t\t\t\t\t\t\t\t\t<div class=\"list__plus\">\n\t\t\t\t\t\t\t\t\t\t\t\t<span><\/span><span><\/span>\n\t\t\t\t\t\t\t\t\t\t\t<\/div>\n\t\t\t\t\t\t\t\t\t\t<\/button>\n\t\t\t\t\t\t\t\t\t\t<div class=\"list__answer\">\n\t\t\t\t\t\t\t\t\t\t\t<p>\n\t\t\t\t\t\t\t\t\t\t\t\t<p>Anne foretager kvalitative unders\u00f8gelser i enhedens EU projekter indenfor sundhedsinnovation, heriblandt anvendes kvalitative metoder som fokusgruppeinterviews, individuelle interviews, observationer, workshops med b\u00e5de patienter, borgere, sundhedsprofessionelle og p\u00e5r\u00f8rende.<\/p>\n\n\t\t\t\t\t\t\t\t\t\t\t<\/p>\n\t\t\t\t\t\t\t\t\t\t<\/div>\n\t\t\t\t\t\t\t\t\t<\/div>\n\t\t\t\t\t\t\t\t\t\t\t\t\t\t\t<\/div>\n\t\t\t\t\t\t<\/div>\n\t\t\t\t\t\t\t\t\t\t\t<div class=\"member-modal__accordion\">\n\t\t\t\t\t\t\t<span class=\"accordion__title\">\n\t\t\t\t\t\t\t\tTidligere projekter\n\t\t\t\t\t\t\t<\/span>\n\t\t\t\t\t\t\t\t\t\t\t\t\t\t<div class=\"accordion__list\">\n\t\t\t\t\t\t\t\t\t\t\t\t\t\t\t\t\t<div class=\"list__item\">\n\t\t\t\t\t\t\t\t\t\t<button class=\"list__question\">\n\t\t\t\t\t\t\t\t\t\t\t<p>\n\t\t\t\t\t\t\t\t\t\t\t\tNorDigHealth\n\t\t\t\t\t\t\t\t\t\t\t<\/p>\n\t\t\t\t\t\t\t\t\t\t\t<div class=\"list__plus\">\n\t\t\t\t\t\t\t\t\t\t\t\t<span><\/span><span><\/span>\n\t\t\t\t\t\t\t\t\t\t\t<\/div>\n\t\t\t\t\t\t\t\t\t\t<\/button>\n\t\t\t\t\t\t\t\t\t\t<div class=\"list__answer\">\n\t\t\t\t\t\t\t\t\t\t\t<p>\n\t\t\t\t\t\t\t\t\t\t\t\t\n\t\t\t\t\t\t\t\t\t\t\t<\/p>\n\t\t\t\t\t\t\t\t\t\t<\/div>\n\t\t\t\t\t\t\t\t\t<\/div>\n\t\t\t\t\t\t\t\t\t\t\t\t\t\t\t\t\t<div class=\"list__item\">\n\t\t\t\t\t\t\t\t\t\t<button class=\"list__question\">\n\t\t\t\t\t\t\t\t\t\t\t<p>\n\t\t\t\t\t\t\t\t\t\t\t\tEffekt af brugen af elektroniske devices p\u00e5 helbred og trivsel\n\t\t\t\t\t\t\t\t\t\t\t<\/p>\n\t\t\t\t\t\t\t\t\t\t\t<div class=\"list__plus\">\n\t\t\t\t\t\t\t\t\t\t\t\t<span><\/span><span><\/span>\n\t\t\t\t\t\t\t\t\t\t\t<\/div>\n\t\t\t\t\t\t\t\t\t\t<\/button>\n\t\t\t\t\t\t\t\t\t\t<div class=\"list__answer\">\n\t\t\t\t\t\t\t\t\t\t\t<p>\n\t\t\t\t\t\t\t\t\t\t\t\t<p>Velliv-projekt.<\/p>\n\n\t\t\t\t\t\t\t\t\t\t\t<\/p>\n\t\t\t\t\t\t\t\t\t\t<\/div>\n\t\t\t\t\t\t\t\t\t<\/div>\n\t\t\t\t\t\t\t\t\t\t\t\t\t\t\t\t\t<div class=\"list__item\">\n\t\t\t\t\t\t\t\t\t\t<button class=\"list__question\">\n\t\t\t\t\t\t\t\t\t\t\t<p>\n\t\t\t\t\t\t\t\t\t\t\t\tChanging Cancer Care\n\t\t\t\t\t\t\t\t\t\t\t<\/p>\n\t\t\t\t\t\t\t\t\t\t\t<div class=\"list__plus\">\n\t\t\t\t\t\t\t\t\t\t\t\t<span><\/span><span><\/span>\n\t\t\t\t\t\t\t\t\t\t\t<\/div>\n\t\t\t\t\t\t\t\t\t\t<\/button>\n\t\t\t\t\t\t\t\t\t\t<div class=\"list__answer\">\n\t\t\t\t\t\t\t\t\t\t\t<p>\n\t\t\t\t\t\t\t\t\t\t\t\t\n\t\t\t\t\t\t\t\t\t\t\t<\/p>\n\t\t\t\t\t\t\t\t\t\t<\/div>\n\t\t\t\t\t\t\t\t\t<\/div>\n\t\t\t\t\t\t\t\t\t\t\t\t\t\t\t<\/div>\n\t\t\t\t\t\t<\/div>\n\t\t\t\t\t\t\t\t\t<\/div>\n\t\t\t\t\t<\/div>\n\t<\/template>\n\n<div class=\"member member--tile\" data-id=\"template-modal-585\">\n\t<div class=\"member__thumbnail\">\n\t\t<img decoding=\"async\" src=\"https:\/\/forskning.eu\/wp-content\/themes\/oak-theme\/assets\/images\/placeholder.png\" data-src=\"https:\/\/forskning.eu\/wp-content\/uploads\/2023\/06\/Anne-300x300.jpg\" data-srcset=\"https:\/\/forskning.eu\/wp-content\/uploads\/2023\/06\/Anne-300x300.jpg 300w, https:\/\/forskning.eu\/wp-content\/uploads\/2023\/06\/Anne-1024x1024.jpg 1024w, https:\/\/forskning.eu\/wp-content\/uploads\/2023\/06\/Anne-150x150.jpg 150w, https:\/\/forskning.eu\/wp-content\/uploads\/2023\/06\/Anne-768x768.jpg 768w, https:\/\/forskning.eu\/wp-content\/uploads\/2023\/06\/Anne.jpg 1200w\" sizes=\"(max-width: 100vw) 600px, 600px\" data-loading=\"lazy\" alt=\"\" \/>\n\t\t<div class=\"member__backdrop\"><\/div>\n\t\t\t\t\t<span class=\"member__label\">\n\t\t\t\tRead more\n\t\t\t<\/span>\n\t\t\t<\/div>\n\t<div class=\"member__container\">\n\t\t<span class=\"heading-3 member__title\">Anne Nistrup Skovsb\u00f8ll<\/span>\n\t\t<span class=\"member__position\">Faglig leder for det kvalitative team <\/span>\n\t\t<button class=\"member__toggle\" aria-label=\"Show more\">\n\t\t\t<span><\/span><span><\/span>\n\t\t<\/button>\n\t<\/div>\n\t<div class=\"member__contact\">\n\t\t<a href=\"tel:+4520468914\">\n\t\t\t+45 2046 8914\n\t\t<\/a>\n\t\t<a href=\"mailto:annenh@regionsjaelland.dk\">annenh@regionsjaelland.dk<\/a>\n\t<\/div>\n<\/div>\n\t\t\t\t\t\t\t\n\t<template id=\"template-modal-537\">\n\t\t<div class=\"member-modal__image\">\n\t\t\t<img decoding=\"async\" src=\"https:\/\/forskning.eu\/wp-content\/uploads\/2023\/06\/camilla-1024x1024.jpg\" srcset=\"https:\/\/forskning.eu\/wp-content\/uploads\/2023\/06\/camilla-1024x1024.jpg 1024w, https:\/\/forskning.eu\/wp-content\/uploads\/2023\/06\/camilla-300x300.jpg 300w, https:\/\/forskning.eu\/wp-content\/uploads\/2023\/06\/camilla-150x150.jpg 150w, https:\/\/forskning.eu\/wp-content\/uploads\/2023\/06\/camilla-768x768.jpg 768w, https:\/\/forskning.eu\/wp-content\/uploads\/2023\/06\/camilla.jpg 1200w\" sizes=\"(max-width: 100vw) 1000px, 1000px\" loading=\"auto\" alt=\"\" \/>\n\t\t\t<div class=\"member-modal__scrolldown\">\n\t\t\t\t<div class=\"scrolldown\">\n\t<div class=\"scrolldown-curve\">\n\t\t<svg width=\"229\" height=\"85\" viewBox=\"0 0 229 85\" fill=\"none\" xmlns=\"http:\/\/www.w3.org\/2000\/svg\">\n<path d=\"M228.5 84.5C228.5 84.5 151.73 84.5 106 84.5C60.2696 84.5 21.5 84.5 0 84.5C64.0424 84.5 48.8701 0 118.088 0C180.836 0 167.692 84.5 228.5 84.5Z\" fill=\"white\"\/>\n<\/svg>\n\n\t<\/div>\n\t<button class=\"btn btn--round scrolldown-btn\" aria-label=\"Scroll button\">\n\t\t<svg width=\"73\" height=\"73\" viewBox=\"0 0 73 73\" fill=\"none\" xmlns=\"http:\/\/www.w3.org\/2000\/svg\">\n<path d=\"M53.5924 32.4964L45.223 24.127C45.223 24.127 45.223 24.127 45.223 24.1269C44.6325 23.5362 44.3008 22.7352 44.3008 21.9C44.3008 21.0647 44.6325 20.2636 45.223 19.6729C45.8137 19.0824 46.6148 18.7507 47.45 18.7507C48.2853 18.7507 49.0863 19.0825 49.677 19.673L64.2769 34.2729C64.277 34.2729 64.277 34.2729 64.277 34.273C64.8675 34.8637 65.1992 35.6647 65.1992 36.5C65.1992 37.3352 64.8675 38.1362 64.277 38.7269C64.277 38.727 64.277 38.727 64.2769 38.727L49.6802 53.3238C49.0864 53.8957 48.292 54.2121 47.4675 54.205C46.6415 54.1978 45.8515 53.8665 45.2675 53.2825C44.6834 52.6985 44.3521 51.9084 44.345 51.0825C44.3378 50.258 44.6542 49.4636 45.2261 48.8698L53.5924 40.5035L54.446 39.65H53.2389L10.95 39.65C10.1146 39.65 9.31334 39.3181 8.7226 38.7273C8.13186 38.1366 7.79999 37.3354 7.79999 36.5C7.79999 35.6645 8.13186 34.8633 8.7226 34.2726C9.31334 33.6818 10.1146 33.35 10.95 33.35L53.2389 33.35H54.446L53.5924 32.4964Z\" fill=\"currentColor\" stroke=\"currentColor\"\/>\n<\/svg>\n\n\t<\/button>\n<\/div>\n\t\t\t<\/div>\n\t\t<\/div>\n\t\t<div class=\"member-modal__container\">\n\t\t\t<div class=\"member-modal__close\">\n\t\t\t\t<button class=\"member-modal__close-btn\">\n\t\t\t\t\t<span><\/span><span><\/span>\n\t\t\t\t<\/button>\n\t\t\t<\/div>\n\t\t\t<div class=\"member-modal__content\">\n\t\t\t\t<span class=\"heading-3 member-modal__title\">\n\t\t\t\t\tCamilla Ida Ravnb\u00f8l\n\t\t\t\t<\/span>\n\t\t\t\t<span class=\"member-modal__position\">\n\t\t\t\t\tChefkonsulent og forsker, ph.d. Lektor ved Institut for Mennesker og Teknologi p\u00e5 Roskilde Universitet.\n\t\t\t\t<\/span>\n\t\t\t\t<p class=\"member-modal__excerpt\">\n\t\t\t\t\tCamilla Ravnb\u00f8l er chefkonsulent og seniorforsker, ph.d ved Forskningsenheden i Staben p\u00e5 Sj\u00e6llands Universitetshospital og lektor ved Institut for Mennesker og Teknologi p\u00e5 Roskilde Universitet.\r\n\r\n\r\nCamilla har en Ph.d. i antropologi fra K\u00f8benhavns Universitet og har i mange \u00e5r forsket i social ulighed, hjeml\u00f8shed og migration. Camilla har tidligere arbejdet for internationale organisationer i forskellige dele af verden, med fokus p\u00e5 menneskerettigheder og minoriteter. \n\t\t\t\t<\/p>\n\t\t\t\t<div class=\"member-modal__contact\">\n\t\t\t\t\t<a href=\"tel:+4524808283\"\n\t\t\t\t\t\tclass=\"member-modal__phone\">\n\t\t\t\t\t\t+4524808283\n\t\t\t\t\t<\/a>\n\t\t\t\t\t<a href=\"mailto:camrav@regionsjaelland.dk \"\n\t\t\t\t\t\tclass=\"member-modal__email\">\n\t\t\t\t\t\tcamrav@regionsjaelland.dk \n\t\t\t\t\t<\/a>\n\t\t\t\t<\/div>\n\t\t\t<\/div>\n\n\t\t\t\t\t\t\t<div class=\"member-modal__accordions\">\n\t\t\t\t\t\t\t\t\t\t\t<div class=\"member-modal__accordion\">\n\t\t\t\t\t\t\t<span class=\"accordion__title\">\n\t\t\t\t\t\t\t\tOm Camilla\n\t\t\t\t\t\t\t<\/span>\n\t\t\t\t\t\t\t\t\t\t\t\t\t\t<div class=\"accordion__list\">\n\t\t\t\t\t\t\t\t\t\t\t\t\t\t\t\t\t<div class=\"list__item\">\n\t\t\t\t\t\t\t\t\t\t<button class=\"list__question\">\n\t\t\t\t\t\t\t\t\t\t\t<p>\n\t\t\t\t\t\t\t\t\t\t\t\tCV\n\t\t\t\t\t\t\t\t\t\t\t<\/p>\n\t\t\t\t\t\t\t\t\t\t\t<div class=\"list__plus\">\n\t\t\t\t\t\t\t\t\t\t\t\t<span><\/span><span><\/span>\n\t\t\t\t\t\t\t\t\t\t\t<\/div>\n\t\t\t\t\t\t\t\t\t\t<\/button>\n\t\t\t\t\t\t\t\t\t\t<div class=\"list__answer\">\n\t\t\t\t\t\t\t\t\t\t\t<p>\n\t\t\t\t\t\t\t\t\t\t\t\t<p>Uddannelse:<br \/>\n&#8211; Ph.d. i antropologi, K\u00f8benhavns Universitet, 2018<br \/>\n&#8211; Kandidatgrad i antropologi, K\u00f8benhavns Universitet, 2008<br \/>\n&#8211; European Master\u2019s Degree in Human Rights and Democratization, E.MA, 2007<\/p>\n<p>Tidligere ans\u00e6ttelser<br \/>\n&#8211; Post doc. ved Institut for Antropologi, K\u00f8benhavns Universitet (2019-2022), efter afsluttet Ph.d. studie ved Institut for Antropologi (2013-2018)<br \/>\n&#8211; Konsulent, Central European University &amp; Council of Europe, med ansvar for monitoreringsrapporter om Danmarks implementering af den nationale Roma strategi (2018-2022).<br \/>\n&#8211; Projektleder, Caritas, Danmark (2011-2013)<\/p>\n\n\t\t\t\t\t\t\t\t\t\t\t<\/p>\n\t\t\t\t\t\t\t\t\t\t<\/div>\n\t\t\t\t\t\t\t\t\t<\/div>\n\t\t\t\t\t\t\t\t\t\t\t\t\t\t\t<\/div>\n\t\t\t\t\t\t<\/div>\n\t\t\t\t\t\t\t\t\t\t\t<div class=\"member-modal__accordion\">\n\t\t\t\t\t\t\t<span class=\"accordion__title\">\n\t\t\t\t\t\t\t\tNuv\u00e6rende projekter\n\t\t\t\t\t\t\t<\/span>\n\t\t\t\t\t\t\t\t\t\t\t\t\t\t<div class=\"accordion__list\">\n\t\t\t\t\t\t\t\t\t\t\t\t\t\t\t\t\t<div class=\"list__item\">\n\t\t\t\t\t\t\t\t\t\t<button class=\"list__question\">\n\t\t\t\t\t\t\t\t\t\t\t<p>\n\t\t\t\t\t\t\t\t\t\t\t\tCAT: Child to Adult Transitions\n\t\t\t\t\t\t\t\t\t\t\t<\/p>\n\t\t\t\t\t\t\t\t\t\t\t<div class=\"list__plus\">\n\t\t\t\t\t\t\t\t\t\t\t\t<span><\/span><span><\/span>\n\t\t\t\t\t\t\t\t\t\t\t<\/div>\n\t\t\t\t\t\t\t\t\t\t<\/button>\n\t\t\t\t\t\t\t\t\t\t<div class=\"list__answer\">\n\t\t\t\t\t\t\t\t\t\t\t<p>\n\t\t\t\t\t\t\t\t\t\t\t\t<p>Ansvarlig for at udarbejde ans\u00f8gningen og tilknyttet som forsker i forbindelse med et kvalitativt studie af unge i transition fra b\u00f8rne- til voksenbehandling indenfor reumatologi.<\/p>\n\n\t\t\t\t\t\t\t\t\t\t\t<\/p>\n\t\t\t\t\t\t\t\t\t\t<\/div>\n\t\t\t\t\t\t\t\t\t<\/div>\n\t\t\t\t\t\t\t\t\t\t\t\t\t\t\t<\/div>\n\t\t\t\t\t\t<\/div>\n\t\t\t\t\t\t\t\t\t\t\t<div class=\"member-modal__accordion\">\n\t\t\t\t\t\t\t<span class=\"accordion__title\">\n\t\t\t\t\t\t\t\tTidligere projekter\n\t\t\t\t\t\t\t<\/span>\n\t\t\t\t\t\t\t\t\t\t\t\t\t\t<div class=\"accordion__list\">\n\t\t\t\t\t\t\t\t\t\t\t\t\t\t\t\t\t<div class=\"list__item\">\n\t\t\t\t\t\t\t\t\t\t<button class=\"list__question\">\n\t\t\t\t\t\t\t\t\t\t\t<p>\n\t\t\t\t\t\t\t\t\t\t\t\tKan Du Se Fremtiden\n\t\t\t\t\t\t\t\t\t\t\t<\/p>\n\t\t\t\t\t\t\t\t\t\t\t<div class=\"list__plus\">\n\t\t\t\t\t\t\t\t\t\t\t\t<span><\/span><span><\/span>\n\t\t\t\t\t\t\t\t\t\t\t<\/div>\n\t\t\t\t\t\t\t\t\t\t<\/button>\n\t\t\t\t\t\t\t\t\t\t<div class=\"list__answer\">\n\t\t\t\t\t\t\t\t\t\t\t<p>\n\t\t\t\t\t\t\t\t\t\t\t\t<p>Kvalitative unders\u00f8gelser om livet med synstab blandt personer med \u00f8jensygdommen t\u00f8r AMD.<\/p>\n\n\t\t\t\t\t\t\t\t\t\t\t<\/p>\n\t\t\t\t\t\t\t\t\t\t<\/div>\n\t\t\t\t\t\t\t\t\t<\/div>\n\t\t\t\t\t\t\t\t\t\t\t\t\t\t\t<\/div>\n\t\t\t\t\t\t<\/div>\n\t\t\t\t\t\t\t\t\t<\/div>\n\t\t\t\t\t<\/div>\n\t<\/template>\n\n<div class=\"member member--tile\" data-id=\"template-modal-537\">\n\t<div class=\"member__thumbnail\">\n\t\t<img decoding=\"async\" src=\"https:\/\/forskning.eu\/wp-content\/themes\/oak-theme\/assets\/images\/placeholder.png\" data-src=\"https:\/\/forskning.eu\/wp-content\/uploads\/2023\/06\/camilla-300x300.jpg\" data-srcset=\"https:\/\/forskning.eu\/wp-content\/uploads\/2023\/06\/camilla-300x300.jpg 300w, https:\/\/forskning.eu\/wp-content\/uploads\/2023\/06\/camilla-1024x1024.jpg 1024w, https:\/\/forskning.eu\/wp-content\/uploads\/2023\/06\/camilla-150x150.jpg 150w, https:\/\/forskning.eu\/wp-content\/uploads\/2023\/06\/camilla-768x768.jpg 768w, https:\/\/forskning.eu\/wp-content\/uploads\/2023\/06\/camilla.jpg 1200w\" sizes=\"(max-width: 100vw) 600px, 600px\" data-loading=\"lazy\" alt=\"\" \/>\n\t\t<div class=\"member__backdrop\"><\/div>\n\t\t\t\t\t<span class=\"member__label\">\n\t\t\t\tRead more\n\t\t\t<\/span>\n\t\t\t<\/div>\n\t<div class=\"member__container\">\n\t\t<span class=\"heading-3 member__title\">Camilla Ida Ravnb\u00f8l<\/span>\n\t\t<span class=\"member__position\">Chefkonsulent og forsker, ph.d. Lektor ved Institut for Mennesker og Teknologi p\u00e5 Roskilde Universitet.<\/span>\n\t\t<button class=\"member__toggle\" aria-label=\"Show more\">\n\t\t\t<span><\/span><span><\/span>\n\t\t<\/button>\n\t<\/div>\n\t<div class=\"member__contact\">\n\t\t<a href=\"tel:+4524808283\">\n\t\t\t+4524808283\n\t\t<\/a>\n\t\t<a href=\"mailto:camrav@regionsjaelland.dk \">camrav@regionsjaelland.dk <\/a>\n\t<\/div>\n<\/div>\n\t\t\t\t\t\t\t\n\t<template id=\"template-modal-1149\">\n\t\t<div class=\"member-modal__image\">\n\t\t\t<img decoding=\"async\" src=\"https:\/\/forskning.eu\/wp-content\/uploads\/2023\/06\/Frederike-1024x1024.jpg\" srcset=\"https:\/\/forskning.eu\/wp-content\/uploads\/2023\/06\/Frederike-1024x1024.jpg 1024w, https:\/\/forskning.eu\/wp-content\/uploads\/2023\/06\/Frederike-300x300.jpg 300w, https:\/\/forskning.eu\/wp-content\/uploads\/2023\/06\/Frederike-150x150.jpg 150w, https:\/\/forskning.eu\/wp-content\/uploads\/2023\/06\/Frederike-768x768.jpg 768w, https:\/\/forskning.eu\/wp-content\/uploads\/2023\/06\/Frederike.jpg 1200w\" sizes=\"(max-width: 100vw) 1000px, 1000px\" loading=\"auto\" alt=\"\" \/>\n\t\t\t<div class=\"member-modal__scrolldown\">\n\t\t\t\t<div class=\"scrolldown\">\n\t<div class=\"scrolldown-curve\">\n\t\t<svg width=\"229\" height=\"85\" viewBox=\"0 0 229 85\" fill=\"none\" xmlns=\"http:\/\/www.w3.org\/2000\/svg\">\n<path d=\"M228.5 84.5C228.5 84.5 151.73 84.5 106 84.5C60.2696 84.5 21.5 84.5 0 84.5C64.0424 84.5 48.8701 0 118.088 0C180.836 0 167.692 84.5 228.5 84.5Z\" fill=\"white\"\/>\n<\/svg>\n\n\t<\/div>\n\t<button class=\"btn btn--round scrolldown-btn\" aria-label=\"Scroll button\">\n\t\t<svg width=\"73\" height=\"73\" viewBox=\"0 0 73 73\" fill=\"none\" xmlns=\"http:\/\/www.w3.org\/2000\/svg\">\n<path d=\"M53.5924 32.4964L45.223 24.127C45.223 24.127 45.223 24.127 45.223 24.1269C44.6325 23.5362 44.3008 22.7352 44.3008 21.9C44.3008 21.0647 44.6325 20.2636 45.223 19.6729C45.8137 19.0824 46.6148 18.7507 47.45 18.7507C48.2853 18.7507 49.0863 19.0825 49.677 19.673L64.2769 34.2729C64.277 34.2729 64.277 34.2729 64.277 34.273C64.8675 34.8637 65.1992 35.6647 65.1992 36.5C65.1992 37.3352 64.8675 38.1362 64.277 38.7269C64.277 38.727 64.277 38.727 64.2769 38.727L49.6802 53.3238C49.0864 53.8957 48.292 54.2121 47.4675 54.205C46.6415 54.1978 45.8515 53.8665 45.2675 53.2825C44.6834 52.6985 44.3521 51.9084 44.345 51.0825C44.3378 50.258 44.6542 49.4636 45.2261 48.8698L53.5924 40.5035L54.446 39.65H53.2389L10.95 39.65C10.1146 39.65 9.31334 39.3181 8.7226 38.7273C8.13186 38.1366 7.79999 37.3354 7.79999 36.5C7.79999 35.6645 8.13186 34.8633 8.7226 34.2726C9.31334 33.6818 10.1146 33.35 10.95 33.35L53.2389 33.35H54.446L53.5924 32.4964Z\" fill=\"currentColor\" stroke=\"currentColor\"\/>\n<\/svg>\n\n\t<\/button>\n<\/div>\n\t\t\t<\/div>\n\t\t<\/div>\n\t\t<div class=\"member-modal__container\">\n\t\t\t<div class=\"member-modal__close\">\n\t\t\t\t<button class=\"member-modal__close-btn\">\n\t\t\t\t\t<span><\/span><span><\/span>\n\t\t\t\t<\/button>\n\t\t\t<\/div>\n\t\t\t<div class=\"member-modal__content\">\n\t\t\t\t<span class=\"heading-3 member-modal__title\">\n\t\t\t\t\tFrederike Fahse\n\t\t\t\t<\/span>\n\t\t\t\t<span class=\"member-modal__position\">\n\t\t\t\t\tSpecialkonsulent og ph.d.-studerende\n\t\t\t\t<\/span>\n\t\t\t\t<p class=\"member-modal__excerpt\">\n\t\t\t\t\tFrederike er uddannet antropolog fra K\u00f8benhavns Universitet. Hun har i de seneste \u00e5r arbejdet med hjemtag af EU-midler til regionens forsknings- og innovationsprojekter samt gennemf\u00f8rt kvalitative studier i disse projekter. For tiden arbejder hun p\u00e5 et ph.d.-projekt omkring brugen af sundhedsteknologier blandt mennesker med epilepsi. \n\t\t\t\t<\/p>\n\t\t\t\t<div class=\"member-modal__contact\">\n\t\t\t\t\t<a href=\"tel:+4593567385\"\n\t\t\t\t\t\tclass=\"member-modal__phone\">\n\t\t\t\t\t\t+45 93567385\n\t\t\t\t\t<\/a>\n\t\t\t\t\t<a href=\"mailto:ffah@regionsjaelland.dk\"\n\t\t\t\t\t\tclass=\"member-modal__email\">\n\t\t\t\t\t\tffah@regionsjaelland.dk\n\t\t\t\t\t<\/a>\n\t\t\t\t<\/div>\n\t\t\t<\/div>\n\n\t\t\t\t\t<\/div>\n\t<\/template>\n\n<div class=\"member member--tile\" data-id=\"template-modal-1149\">\n\t<div class=\"member__thumbnail\">\n\t\t<img decoding=\"async\" src=\"https:\/\/forskning.eu\/wp-content\/themes\/oak-theme\/assets\/images\/placeholder.png\" data-src=\"https:\/\/forskning.eu\/wp-content\/uploads\/2023\/06\/Frederike-300x300.jpg\" data-srcset=\"https:\/\/forskning.eu\/wp-content\/uploads\/2023\/06\/Frederike-300x300.jpg 300w, https:\/\/forskning.eu\/wp-content\/uploads\/2023\/06\/Frederike-1024x1024.jpg 1024w, https:\/\/forskning.eu\/wp-content\/uploads\/2023\/06\/Frederike-150x150.jpg 150w, https:\/\/forskning.eu\/wp-content\/uploads\/2023\/06\/Frederike-768x768.jpg 768w, https:\/\/forskning.eu\/wp-content\/uploads\/2023\/06\/Frederike.jpg 1200w\" sizes=\"(max-width: 100vw) 600px, 600px\" data-loading=\"lazy\" alt=\"\" \/>\n\t\t<div class=\"member__backdrop\"><\/div>\n\t\t\t\t\t<span class=\"member__label\">\n\t\t\t\tRead more\n\t\t\t<\/span>\n\t\t\t<\/div>\n\t<div class=\"member__container\">\n\t\t<span class=\"heading-3 member__title\">Frederike Fahse<\/span>\n\t\t<span class=\"member__position\">Specialkonsulent og ph.d.-studerende<\/span>\n\t\t<button class=\"member__toggle\" aria-label=\"Show more\">\n\t\t\t<span><\/span><span><\/span>\n\t\t<\/button>\n\t<\/div>\n\t<div class=\"member__contact\">\n\t\t<a href=\"tel:+4593567385\">\n\t\t\t+45 93567385\n\t\t<\/a>\n\t\t<a href=\"mailto:ffah@regionsjaelland.dk\">ffah@regionsjaelland.dk<\/a>\n\t<\/div>\n<\/div>\n\t\t\t\t\t\t\t\n\t<template id=\"template-modal-1225\">\n\t\t<div class=\"member-modal__image\">\n\t\t\t<img decoding=\"async\" src=\"https:\/\/forskning.eu\/wp-content\/uploads\/2023\/12\/00_Katrine_002_foretrukne_WEB-e1701427481419-852x1024.jpg\" srcset=\"https:\/\/forskning.eu\/wp-content\/uploads\/2023\/12\/00_Katrine_002_foretrukne_WEB-e1701427481419-852x1024.jpg 852w, https:\/\/forskning.eu\/wp-content\/uploads\/2023\/12\/00_Katrine_002_foretrukne_WEB-e1701427481419-249x300.jpg 249w, https:\/\/forskning.eu\/wp-content\/uploads\/2023\/12\/00_Katrine_002_foretrukne_WEB-e1701427481419-768x924.jpg 768w, https:\/\/forskning.eu\/wp-content\/uploads\/2023\/12\/00_Katrine_002_foretrukne_WEB-e1701427481419-1277x1536.jpg 1277w, https:\/\/forskning.eu\/wp-content\/uploads\/2023\/12\/00_Katrine_002_foretrukne_WEB-e1701427481419.jpg 1318w\" sizes=\"(max-width: 100vw) 1000px, 1000px\" loading=\"auto\" alt=\"\" \/>\n\t\t\t<div class=\"member-modal__scrolldown\">\n\t\t\t\t<div class=\"scrolldown\">\n\t<div class=\"scrolldown-curve\">\n\t\t<svg width=\"229\" height=\"85\" viewBox=\"0 0 229 85\" fill=\"none\" xmlns=\"http:\/\/www.w3.org\/2000\/svg\">\n<path d=\"M228.5 84.5C228.5 84.5 151.73 84.5 106 84.5C60.2696 84.5 21.5 84.5 0 84.5C64.0424 84.5 48.8701 0 118.088 0C180.836 0 167.692 84.5 228.5 84.5Z\" fill=\"white\"\/>\n<\/svg>\n\n\t<\/div>\n\t<button class=\"btn btn--round scrolldown-btn\" aria-label=\"Scroll button\">\n\t\t<svg width=\"73\" height=\"73\" viewBox=\"0 0 73 73\" fill=\"none\" xmlns=\"http:\/\/www.w3.org\/2000\/svg\">\n<path d=\"M53.5924 32.4964L45.223 24.127C45.223 24.127 45.223 24.127 45.223 24.1269C44.6325 23.5362 44.3008 22.7352 44.3008 21.9C44.3008 21.0647 44.6325 20.2636 45.223 19.6729C45.8137 19.0824 46.6148 18.7507 47.45 18.7507C48.2853 18.7507 49.0863 19.0825 49.677 19.673L64.2769 34.2729C64.277 34.2729 64.277 34.2729 64.277 34.273C64.8675 34.8637 65.1992 35.6647 65.1992 36.5C65.1992 37.3352 64.8675 38.1362 64.277 38.7269C64.277 38.727 64.277 38.727 64.2769 38.727L49.6802 53.3238C49.0864 53.8957 48.292 54.2121 47.4675 54.205C46.6415 54.1978 45.8515 53.8665 45.2675 53.2825C44.6834 52.6985 44.3521 51.9084 44.345 51.0825C44.3378 50.258 44.6542 49.4636 45.2261 48.8698L53.5924 40.5035L54.446 39.65H53.2389L10.95 39.65C10.1146 39.65 9.31334 39.3181 8.7226 38.7273C8.13186 38.1366 7.79999 37.3354 7.79999 36.5C7.79999 35.6645 8.13186 34.8633 8.7226 34.2726C9.31334 33.6818 10.1146 33.35 10.95 33.35L53.2389 33.35H54.446L53.5924 32.4964Z\" fill=\"currentColor\" stroke=\"currentColor\"\/>\n<\/svg>\n\n\t<\/button>\n<\/div>\n\t\t\t<\/div>\n\t\t<\/div>\n\t\t<div class=\"member-modal__container\">\n\t\t\t<div class=\"member-modal__close\">\n\t\t\t\t<button class=\"member-modal__close-btn\">\n\t\t\t\t\t<span><\/span><span><\/span>\n\t\t\t\t<\/button>\n\t\t\t<\/div>\n\t\t\t<div class=\"member-modal__content\">\n\t\t\t\t<span class=\"heading-3 member-modal__title\">\n\t\t\t\t\tKatrine Stensgaard J\u00f8rsum\n\t\t\t\t<\/span>\n\t\t\t\t<span class=\"member-modal__position\">\n\t\t\t\t\tKvalitativ projektleder\n\t\t\t\t<\/span>\n\t\t\t\t<p class=\"member-modal__excerpt\">\n\t\t\t\t\tKatrine er uddannet antropolog og har tidligere arbejdet i den kommunale sektor indenfor uddannelses- og arbejdsmarkedsomr\u00e5det, s\u00e6rligt med fokus p\u00e5 b\u00f8rn og unge. Hun er optaget af et helhedsorienteret blik p\u00e5 problemstillingerne, og hvordan kvalitative metoder kan bidrage hertil gennem involvering af relevante akt\u00f8rer. Katrine har desuden en sk\u00f8nlitter\u00e6r bogklub.\n\t\t\t\t<\/p>\n\t\t\t\t<div class=\"member-modal__contact\">\n\t\t\t\t\t<a href=\"tel:+4529317898\"\n\t\t\t\t\t\tclass=\"member-modal__phone\">\n\t\t\t\t\t\t+45 29 31 78 98\n\t\t\t\t\t<\/a>\n\t\t\t\t\t<a href=\"mailto:kjors@regionsjaelland.dk\"\n\t\t\t\t\t\tclass=\"member-modal__email\">\n\t\t\t\t\t\tkjors@regionsjaelland.dk\n\t\t\t\t\t<\/a>\n\t\t\t\t<\/div>\n\t\t\t<\/div>\n\n\t\t\t\t\t\t\t<div class=\"member-modal__accordions\">\n\t\t\t\t\t\t\t\t\t\t\t<div class=\"member-modal__accordion\">\n\t\t\t\t\t\t\t<span class=\"accordion__title\">\n\t\t\t\t\t\t\t\tOm Katrine\n\t\t\t\t\t\t\t<\/span>\n\t\t\t\t\t\t\t\t\t\t\t\t\t\t<div class=\"accordion__list\">\n\t\t\t\t\t\t\t\t\t\t\t\t\t\t\t\t\t<div class=\"list__item\">\n\t\t\t\t\t\t\t\t\t\t<button class=\"list__question\">\n\t\t\t\t\t\t\t\t\t\t\t<p>\n\t\t\t\t\t\t\t\t\t\t\t\tCV\n\t\t\t\t\t\t\t\t\t\t\t<\/p>\n\t\t\t\t\t\t\t\t\t\t\t<div class=\"list__plus\">\n\t\t\t\t\t\t\t\t\t\t\t\t<span><\/span><span><\/span>\n\t\t\t\t\t\t\t\t\t\t\t<\/div>\n\t\t\t\t\t\t\t\t\t\t<\/button>\n\t\t\t\t\t\t\t\t\t\t<div class=\"list__answer\">\n\t\t\t\t\t\t\t\t\t\t\t<p>\n\t\t\t\t\t\t\t\t\t\t\t\t<p>Uddannelser:<\/p>\n<ul>\n<li>2016 Kandidat i Antropologi, K\u00f8benhavns Universitet<\/li>\n<li>2012 Bachelor i Antropologi, K\u00f8benhavns Universitet<\/li>\n<\/ul>\n<p>Erhverserfaring:<\/p>\n<ul>\n<li>2020-2023 Udviklingskonsulent i Arbejdsmarkedssekretariatet, Vordingborg Kommune<\/li>\n<li>2017-2018 Projektleder i Center for B\u00f8rn og Undervisning, Faxe Kommune<\/li>\n<li>2017 Akademisk medarbejder i Center for Dagtilbud og Skoler, Ish\u00f8j Kommune<\/li>\n<\/ul>\n\n\t\t\t\t\t\t\t\t\t\t\t<\/p>\n\t\t\t\t\t\t\t\t\t\t<\/div>\n\t\t\t\t\t\t\t\t\t<\/div>\n\t\t\t\t\t\t\t\t\t\t\t\t\t\t\t<\/div>\n\t\t\t\t\t\t<\/div>\n\t\t\t\t\t\t\t\t\t\t\t<div class=\"member-modal__accordion\">\n\t\t\t\t\t\t\t<span class=\"accordion__title\">\n\t\t\t\t\t\t\t\tNuv\u00e6rende projekter\n\t\t\t\t\t\t\t<\/span>\n\t\t\t\t\t\t\t\t\t\t\t\t\t\t<div class=\"accordion__list\">\n\t\t\t\t\t\t\t\t\t\t\t\t\t\t\t\t\t<div class=\"list__item\">\n\t\t\t\t\t\t\t\t\t\t<button class=\"list__question\">\n\t\t\t\t\t\t\t\t\t\t\t<p>\n\t\t\t\t\t\t\t\t\t\t\t\tOPTIMIZE\n\t\t\t\t\t\t\t\t\t\t\t<\/p>\n\t\t\t\t\t\t\t\t\t\t\t<div class=\"list__plus\">\n\t\t\t\t\t\t\t\t\t\t\t\t<span><\/span><span><\/span>\n\t\t\t\t\t\t\t\t\t\t\t<\/div>\n\t\t\t\t\t\t\t\t\t\t<\/button>\n\t\t\t\t\t\t\t\t\t\t<div class=\"list__answer\">\n\t\t\t\t\t\t\t\t\t\t\t<p>\n\t\t\t\t\t\t\t\t\t\t\t\t<p>Katrine er kvalitativ konsulent p\u00e5 projektet.<\/p>\n\n\t\t\t\t\t\t\t\t\t\t\t<\/p>\n\t\t\t\t\t\t\t\t\t\t<\/div>\n\t\t\t\t\t\t\t\t\t<\/div>\n\t\t\t\t\t\t\t\t\t\t\t\t\t\t\t\t\t<div class=\"list__item\">\n\t\t\t\t\t\t\t\t\t\t<button class=\"list__question\">\n\t\t\t\t\t\t\t\t\t\t\t<p>\n\t\t\t\t\t\t\t\t\t\t\t\t\u00d6re-Sund\n\t\t\t\t\t\t\t\t\t\t\t<\/p>\n\t\t\t\t\t\t\t\t\t\t\t<div class=\"list__plus\">\n\t\t\t\t\t\t\t\t\t\t\t\t<span><\/span><span><\/span>\n\t\t\t\t\t\t\t\t\t\t\t<\/div>\n\t\t\t\t\t\t\t\t\t\t<\/button>\n\t\t\t\t\t\t\t\t\t\t<div class=\"list__answer\">\n\t\t\t\t\t\t\t\t\t\t\t<p>\n\t\t\t\t\t\t\t\t\t\t\t\t<p>Katrine er kvalitativ konsulent p\u00e5 projektet.<\/p>\n\n\t\t\t\t\t\t\t\t\t\t\t<\/p>\n\t\t\t\t\t\t\t\t\t\t<\/div>\n\t\t\t\t\t\t\t\t\t<\/div>\n\t\t\t\t\t\t\t\t\t\t\t\t\t\t\t<\/div>\n\t\t\t\t\t\t<\/div>\n\t\t\t\t\t\t\t\t\t<\/div>\n\t\t\t\t\t<\/div>\n\t<\/template>\n\n<div class=\"member member--tile\" data-id=\"template-modal-1225\">\n\t<div class=\"member__thumbnail\">\n\t\t<img decoding=\"async\" src=\"https:\/\/forskning.eu\/wp-content\/themes\/oak-theme\/assets\/images\/placeholder.png\" data-src=\"https:\/\/forskning.eu\/wp-content\/uploads\/2023\/12\/00_Katrine_002_foretrukne_WEB-e1701427481419-249x300.jpg\" data-srcset=\"https:\/\/forskning.eu\/wp-content\/uploads\/2023\/12\/00_Katrine_002_foretrukne_WEB-e1701427481419-249x300.jpg 249w, https:\/\/forskning.eu\/wp-content\/uploads\/2023\/12\/00_Katrine_002_foretrukne_WEB-e1701427481419-852x1024.jpg 852w, https:\/\/forskning.eu\/wp-content\/uploads\/2023\/12\/00_Katrine_002_foretrukne_WEB-e1701427481419-768x924.jpg 768w, https:\/\/forskning.eu\/wp-content\/uploads\/2023\/12\/00_Katrine_002_foretrukne_WEB-e1701427481419-1277x1536.jpg 1277w, https:\/\/forskning.eu\/wp-content\/uploads\/2023\/12\/00_Katrine_002_foretrukne_WEB-e1701427481419.jpg 1318w\" sizes=\"(max-width: 100vw) 600px, 600px\" data-loading=\"lazy\" alt=\"\" \/>\n\t\t<div class=\"member__backdrop\"><\/div>\n\t\t\t\t\t<span class=\"member__label\">\n\t\t\t\tRead more\n\t\t\t<\/span>\n\t\t\t<\/div>\n\t<div class=\"member__container\">\n\t\t<span class=\"heading-3 member__title\">Katrine Stensgaard J\u00f8rsum<\/span>\n\t\t<span class=\"member__position\">Kvalitativ projektleder<\/span>\n\t\t<button class=\"member__toggle\" aria-label=\"Show more\">\n\t\t\t<span><\/span><span><\/span>\n\t\t<\/button>\n\t<\/div>\n\t<div class=\"member__contact\">\n\t\t<a href=\"tel:+4529317898\">\n\t\t\t+45 29 31 78 98\n\t\t<\/a>\n\t\t<a href=\"mailto:kjors@regionsjaelland.dk\">kjors@regionsjaelland.dk<\/a>\n\t<\/div>\n<\/div>\n\t\t\t\t\t\t\t\n\t<template id=\"template-modal-1220\">\n\t\t<div class=\"member-modal__image\">\n\t\t\t<img decoding=\"async\" src=\"https:\/\/forskning.eu\/wp-content\/uploads\/2023\/12\/Maja_1-scaled-e1701424877270-858x1024.jpg\" srcset=\"https:\/\/forskning.eu\/wp-content\/uploads\/2023\/12\/Maja_1-scaled-e1701424877270-858x1024.jpg 858w, https:\/\/forskning.eu\/wp-content\/uploads\/2023\/12\/Maja_1-scaled-e1701424877270-251x300.jpg 251w, https:\/\/forskning.eu\/wp-content\/uploads\/2023\/12\/Maja_1-scaled-e1701424877270-768x916.jpg 768w, https:\/\/forskning.eu\/wp-content\/uploads\/2023\/12\/Maja_1-scaled-e1701424877270-1287x1536.jpg 1287w, https:\/\/forskning.eu\/wp-content\/uploads\/2023\/12\/Maja_1-scaled-e1701424877270-1716x2048.jpg 1716w, https:\/\/forskning.eu\/wp-content\/uploads\/2023\/12\/Maja_1-scaled-e1701424877270.jpg 1838w\" sizes=\"(max-width: 100vw) 1000px, 1000px\" loading=\"auto\" alt=\"\" \/>\n\t\t\t<div class=\"member-modal__scrolldown\">\n\t\t\t\t<div class=\"scrolldown\">\n\t<div class=\"scrolldown-curve\">\n\t\t<svg width=\"229\" height=\"85\" viewBox=\"0 0 229 85\" fill=\"none\" xmlns=\"http:\/\/www.w3.org\/2000\/svg\">\n<path d=\"M228.5 84.5C228.5 84.5 151.73 84.5 106 84.5C60.2696 84.5 21.5 84.5 0 84.5C64.0424 84.5 48.8701 0 118.088 0C180.836 0 167.692 84.5 228.5 84.5Z\" fill=\"white\"\/>\n<\/svg>\n\n\t<\/div>\n\t<button class=\"btn btn--round scrolldown-btn\" aria-label=\"Scroll button\">\n\t\t<svg width=\"73\" height=\"73\" viewBox=\"0 0 73 73\" fill=\"none\" xmlns=\"http:\/\/www.w3.org\/2000\/svg\">\n<path d=\"M53.5924 32.4964L45.223 24.127C45.223 24.127 45.223 24.127 45.223 24.1269C44.6325 23.5362 44.3008 22.7352 44.3008 21.9C44.3008 21.0647 44.6325 20.2636 45.223 19.6729C45.8137 19.0824 46.6148 18.7507 47.45 18.7507C48.2853 18.7507 49.0863 19.0825 49.677 19.673L64.2769 34.2729C64.277 34.2729 64.277 34.2729 64.277 34.273C64.8675 34.8637 65.1992 35.6647 65.1992 36.5C65.1992 37.3352 64.8675 38.1362 64.277 38.7269C64.277 38.727 64.277 38.727 64.2769 38.727L49.6802 53.3238C49.0864 53.8957 48.292 54.2121 47.4675 54.205C46.6415 54.1978 45.8515 53.8665 45.2675 53.2825C44.6834 52.6985 44.3521 51.9084 44.345 51.0825C44.3378 50.258 44.6542 49.4636 45.2261 48.8698L53.5924 40.5035L54.446 39.65H53.2389L10.95 39.65C10.1146 39.65 9.31334 39.3181 8.7226 38.7273C8.13186 38.1366 7.79999 37.3354 7.79999 36.5C7.79999 35.6645 8.13186 34.8633 8.7226 34.2726C9.31334 33.6818 10.1146 33.35 10.95 33.35L53.2389 33.35H54.446L53.5924 32.4964Z\" fill=\"currentColor\" stroke=\"currentColor\"\/>\n<\/svg>\n\n\t<\/button>\n<\/div>\n\t\t\t<\/div>\n\t\t<\/div>\n\t\t<div class=\"member-modal__container\">\n\t\t\t<div class=\"member-modal__close\">\n\t\t\t\t<button class=\"member-modal__close-btn\">\n\t\t\t\t\t<span><\/span><span><\/span>\n\t\t\t\t<\/button>\n\t\t\t<\/div>\n\t\t\t<div class=\"member-modal__content\">\n\t\t\t\t<span class=\"heading-3 member-modal__title\">\n\t\t\t\t\tMaja Sch\u00f8ler\n\t\t\t\t<\/span>\n\t\t\t\t<span class=\"member-modal__position\">\n\t\t\t\t\tKvalitativ specialkonsulent\n\t\t\t\t<\/span>\n\t\t\t\t<p class=\"member-modal__excerpt\">\n\t\t\t\t\tMaja er specialkonsulent ved Forskningsenheden i Staben p\u00e5 Sj\u00e6llands Universitetshospital (SUH), hvor hun foretager kvalitative unders\u00f8gelser af nye behandlingsmuligheder og teknologiske l\u00f8sninger i sundhedsv\u00e6senet samt udarbejder EU fondsans\u00f8gninger.  Maja er uddannet Cand.mag. i antropologi og Europastudier og har en ph.d. fra K\u00f8benhavns Universitet. Maja har tidligere arbejdet som kvalitativ konsulent for Ballerup kommune, hvor hun bl.a. har arbejdet med det kommunale akut- og kr\u00e6ftomr\u00e5de med fokus p\u00e5 \u00e6ldre og s\u00e5rbare borgere samt det tv\u00e6rsektorielle samarbejde.\n\t\t\t\t<\/p>\n\t\t\t\t<div class=\"member-modal__contact\">\n\t\t\t\t\t<a href=\"tel:+4529450478\"\n\t\t\t\t\t\tclass=\"member-modal__phone\">\n\t\t\t\t\t\t+45 29 45 04 78\n\t\t\t\t\t<\/a>\n\t\t\t\t\t<a href=\"mailto:majsch@regionsjaelland.dk\"\n\t\t\t\t\t\tclass=\"member-modal__email\">\n\t\t\t\t\t\tmajsch@regionsjaelland.dk\n\t\t\t\t\t<\/a>\n\t\t\t\t<\/div>\n\t\t\t<\/div>\n\n\t\t\t\t\t\t\t<div class=\"member-modal__accordions\">\n\t\t\t\t\t\t\t\t\t\t\t<div class=\"member-modal__accordion\">\n\t\t\t\t\t\t\t<span class=\"accordion__title\">\n\t\t\t\t\t\t\t\tOm Maja\n\t\t\t\t\t\t\t<\/span>\n\t\t\t\t\t\t\t\t\t\t\t\t\t\t<div class=\"accordion__list\">\n\t\t\t\t\t\t\t\t\t\t\t\t\t\t\t\t\t<div class=\"list__item\">\n\t\t\t\t\t\t\t\t\t\t<button class=\"list__question\">\n\t\t\t\t\t\t\t\t\t\t\t<p>\n\t\t\t\t\t\t\t\t\t\t\t\tCV\n\t\t\t\t\t\t\t\t\t\t\t<\/p>\n\t\t\t\t\t\t\t\t\t\t\t<div class=\"list__plus\">\n\t\t\t\t\t\t\t\t\t\t\t\t<span><\/span><span><\/span>\n\t\t\t\t\t\t\t\t\t\t\t<\/div>\n\t\t\t\t\t\t\t\t\t\t<\/button>\n\t\t\t\t\t\t\t\t\t\t<div class=\"list__answer\">\n\t\t\t\t\t\t\t\t\t\t\t<p>\n\t\t\t\t\t\t\t\t\t\t\t\t<p>Uddannelser:<\/p>\n<ul>\n<li>2016 PhD ved Center for Sund Aldring og Afdeling for Etnologi, K\u00f8benhavns Universitet<\/li>\n<li>2007 Cand. mag. i Europastudier, Aarhus Universitet<\/li>\n<li>2005 Bachelor i Antropologi, Aarhus Universitet<\/li>\n<\/ul>\n<p>Erhvervserfaring:<\/p>\n<ul>\n<li>2023 Projektansat konsulent, Center for Sundhed, Familie og Fritid, Vallensb\u00e6k Kommune<\/li>\n<li>2018-2023 Antropolog og Konsulent, Center for Voksne og Sundhed, Ballerup Kommune<\/li>\n<li>2018-2020 Projektansat konsulent, Center for Sundhed, Familie og Fritid<\/li>\n<\/ul>\n\n\t\t\t\t\t\t\t\t\t\t\t<\/p>\n\t\t\t\t\t\t\t\t\t\t<\/div>\n\t\t\t\t\t\t\t\t\t<\/div>\n\t\t\t\t\t\t\t\t\t\t\t\t\t\t\t<\/div>\n\t\t\t\t\t\t<\/div>\n\t\t\t\t\t\t\t\t\t\t\t<div class=\"member-modal__accordion\">\n\t\t\t\t\t\t\t<span class=\"accordion__title\">\n\t\t\t\t\t\t\t\tNuv\u00e6rende projekter\n\t\t\t\t\t\t\t<\/span>\n\t\t\t\t\t\t\t\t\t\t\t\t\t\t<div class=\"accordion__list\">\n\t\t\t\t\t\t\t\t\t\t\t\t\t\t\t\t\t<div class=\"list__item\">\n\t\t\t\t\t\t\t\t\t\t<button class=\"list__question\">\n\t\t\t\t\t\t\t\t\t\t\t<p>\n\t\t\t\t\t\t\t\t\t\t\t\tThe Good Prescriber\n\t\t\t\t\t\t\t\t\t\t\t<\/p>\n\t\t\t\t\t\t\t\t\t\t\t<div class=\"list__plus\">\n\t\t\t\t\t\t\t\t\t\t\t\t<span><\/span><span><\/span>\n\t\t\t\t\t\t\t\t\t\t\t<\/div>\n\t\t\t\t\t\t\t\t\t\t<\/button>\n\t\t\t\t\t\t\t\t\t\t<div class=\"list__answer\">\n\t\t\t\t\t\t\t\t\t\t\t<p>\n\t\t\t\t\t\t\t\t\t\t\t\t<p>Ansvarlig for udvikling og gennemf\u00f8relse af kvalitative unders\u00f8gelser af sundhedsprofessionelles erfaringer med nye teknologiske l\u00f8sninger i sundhedsv\u00e6senet i Danmark og Tyskland. Maja anvender bl.a. interviews, fokusgrupper og observationer til at belyse dette.<\/p>\n\n\t\t\t\t\t\t\t\t\t\t\t<\/p>\n\t\t\t\t\t\t\t\t\t\t<\/div>\n\t\t\t\t\t\t\t\t\t<\/div>\n\t\t\t\t\t\t\t\t\t\t\t\t\t\t\t\t\t<div class=\"list__item\">\n\t\t\t\t\t\t\t\t\t\t<button class=\"list__question\">\n\t\t\t\t\t\t\t\t\t\t\t<p>\n\t\t\t\t\t\t\t\t\t\t\t\tHospiBot\n\t\t\t\t\t\t\t\t\t\t\t<\/p>\n\t\t\t\t\t\t\t\t\t\t\t<div class=\"list__plus\">\n\t\t\t\t\t\t\t\t\t\t\t\t<span><\/span><span><\/span>\n\t\t\t\t\t\t\t\t\t\t\t<\/div>\n\t\t\t\t\t\t\t\t\t\t<\/button>\n\t\t\t\t\t\t\t\t\t\t<div class=\"list__answer\">\n\t\t\t\t\t\t\t\t\t\t\t<p>\n\t\t\t\t\t\t\t\t\t\t\t\t<p>Ansvarlig for udvikling og gennemf\u00f8relse af kvalitative unders\u00f8gelser af sundhedsprofessionelles og patienters erfaringer med nye teknologiske l\u00f8sninger, herunder robotteknologi, i sundhedsv\u00e6senet i Danmark og Tyskland. Maja anvender bl.a. interviews, fokusgrupper og observationer til at belyse disse erfaringer.<\/p>\n\n\t\t\t\t\t\t\t\t\t\t\t<\/p>\n\t\t\t\t\t\t\t\t\t\t<\/div>\n\t\t\t\t\t\t\t\t\t<\/div>\n\t\t\t\t\t\t\t\t\t\t\t\t\t\t\t<\/div>\n\t\t\t\t\t\t<\/div>\n\t\t\t\t\t\t\t\t\t<\/div>\n\t\t\t\t\t<\/div>\n\t<\/template>\n\n<div class=\"member member--tile\" data-id=\"template-modal-1220\">\n\t<div class=\"member__thumbnail\">\n\t\t<img decoding=\"async\" src=\"https:\/\/forskning.eu\/wp-content\/themes\/oak-theme\/assets\/images\/placeholder.png\" data-src=\"https:\/\/forskning.eu\/wp-content\/uploads\/2023\/12\/Maja_1-scaled-e1701424877270-251x300.jpg\" data-srcset=\"https:\/\/forskning.eu\/wp-content\/uploads\/2023\/12\/Maja_1-scaled-e1701424877270-251x300.jpg 251w, https:\/\/forskning.eu\/wp-content\/uploads\/2023\/12\/Maja_1-scaled-e1701424877270-858x1024.jpg 858w, https:\/\/forskning.eu\/wp-content\/uploads\/2023\/12\/Maja_1-scaled-e1701424877270-768x916.jpg 768w, https:\/\/forskning.eu\/wp-content\/uploads\/2023\/12\/Maja_1-scaled-e1701424877270-1287x1536.jpg 1287w, https:\/\/forskning.eu\/wp-content\/uploads\/2023\/12\/Maja_1-scaled-e1701424877270-1716x2048.jpg 1716w, https:\/\/forskning.eu\/wp-content\/uploads\/2023\/12\/Maja_1-scaled-e1701424877270.jpg 1838w\" sizes=\"(max-width: 100vw) 600px, 600px\" data-loading=\"lazy\" alt=\"\" \/>\n\t\t<div class=\"member__backdrop\"><\/div>\n\t\t\t\t\t<span class=\"member__label\">\n\t\t\t\tRead more\n\t\t\t<\/span>\n\t\t\t<\/div>\n\t<div class=\"member__container\">\n\t\t<span class=\"heading-3 member__title\">Maja Sch\u00f8ler<\/span>\n\t\t<span class=\"member__position\">Kvalitativ specialkonsulent<\/span>\n\t\t<button class=\"member__toggle\" aria-label=\"Show more\">\n\t\t\t<span><\/span><span><\/span>\n\t\t<\/button>\n\t<\/div>\n\t<div class=\"member__contact\">\n\t\t<a href=\"tel:+4529450478\">\n\t\t\t+45 29 45 04 78\n\t\t<\/a>\n\t\t<a href=\"mailto:majsch@regionsjaelland.dk\">majsch@regionsjaelland.dk<\/a>\n\t<\/div>\n<\/div>\n\t\t\t\t\t\t\t\n\t<template id=\"template-modal-1013\">\n\t\t<div class=\"member-modal__image\">\n\t\t\t<img decoding=\"async\" src=\"https:\/\/forskning.eu\/wp-content\/uploads\/2023\/06\/Marie-1024x1024.jpg\" srcset=\"https:\/\/forskning.eu\/wp-content\/uploads\/2023\/06\/Marie-1024x1024.jpg 1024w, https:\/\/forskning.eu\/wp-content\/uploads\/2023\/06\/Marie-300x300.jpg 300w, https:\/\/forskning.eu\/wp-content\/uploads\/2023\/06\/Marie-150x150.jpg 150w, https:\/\/forskning.eu\/wp-content\/uploads\/2023\/06\/Marie-768x768.jpg 768w, https:\/\/forskning.eu\/wp-content\/uploads\/2023\/06\/Marie.jpg 1200w\" sizes=\"(max-width: 100vw) 1000px, 1000px\" loading=\"auto\" alt=\"\" \/>\n\t\t\t<div class=\"member-modal__scrolldown\">\n\t\t\t\t<div class=\"scrolldown\">\n\t<div class=\"scrolldown-curve\">\n\t\t<svg width=\"229\" height=\"85\" viewBox=\"0 0 229 85\" fill=\"none\" xmlns=\"http:\/\/www.w3.org\/2000\/svg\">\n<path d=\"M228.5 84.5C228.5 84.5 151.73 84.5 106 84.5C60.2696 84.5 21.5 84.5 0 84.5C64.0424 84.5 48.8701 0 118.088 0C180.836 0 167.692 84.5 228.5 84.5Z\" fill=\"white\"\/>\n<\/svg>\n\n\t<\/div>\n\t<button class=\"btn btn--round scrolldown-btn\" aria-label=\"Scroll button\">\n\t\t<svg width=\"73\" height=\"73\" viewBox=\"0 0 73 73\" fill=\"none\" xmlns=\"http:\/\/www.w3.org\/2000\/svg\">\n<path d=\"M53.5924 32.4964L45.223 24.127C45.223 24.127 45.223 24.127 45.223 24.1269C44.6325 23.5362 44.3008 22.7352 44.3008 21.9C44.3008 21.0647 44.6325 20.2636 45.223 19.6729C45.8137 19.0824 46.6148 18.7507 47.45 18.7507C48.2853 18.7507 49.0863 19.0825 49.677 19.673L64.2769 34.2729C64.277 34.2729 64.277 34.2729 64.277 34.273C64.8675 34.8637 65.1992 35.6647 65.1992 36.5C65.1992 37.3352 64.8675 38.1362 64.277 38.7269C64.277 38.727 64.277 38.727 64.2769 38.727L49.6802 53.3238C49.0864 53.8957 48.292 54.2121 47.4675 54.205C46.6415 54.1978 45.8515 53.8665 45.2675 53.2825C44.6834 52.6985 44.3521 51.9084 44.345 51.0825C44.3378 50.258 44.6542 49.4636 45.2261 48.8698L53.5924 40.5035L54.446 39.65H53.2389L10.95 39.65C10.1146 39.65 9.31334 39.3181 8.7226 38.7273C8.13186 38.1366 7.79999 37.3354 7.79999 36.5C7.79999 35.6645 8.13186 34.8633 8.7226 34.2726C9.31334 33.6818 10.1146 33.35 10.95 33.35L53.2389 33.35H54.446L53.5924 32.4964Z\" fill=\"currentColor\" stroke=\"currentColor\"\/>\n<\/svg>\n\n\t<\/button>\n<\/div>\n\t\t\t<\/div>\n\t\t<\/div>\n\t\t<div class=\"member-modal__container\">\n\t\t\t<div class=\"member-modal__close\">\n\t\t\t\t<button class=\"member-modal__close-btn\">\n\t\t\t\t\t<span><\/span><span><\/span>\n\t\t\t\t<\/button>\n\t\t\t<\/div>\n\t\t\t<div class=\"member-modal__content\">\n\t\t\t\t<span class=\"heading-3 member-modal__title\">\n\t\t\t\t\tMarie Bruun Nielsen\n\t\t\t\t<\/span>\n\t\t\t\t<span class=\"member-modal__position\">\n\t\t\t\t\tKonsulent, kvalitativ konsulent\n\t\t\t\t<\/span>\n\t\t\t\t<p class=\"member-modal__excerpt\">\n\t\t\t\t\tProfiltekst p\u00e5 vej.\n\t\t\t\t<\/p>\n\t\t\t\t<div class=\"member-modal__contact\">\n\t\t\t\t\t<a href=\"tel:+4593566625\"\n\t\t\t\t\t\tclass=\"member-modal__phone\">\n\t\t\t\t\t\t+45 93 56 66 25\n\t\t\t\t\t<\/a>\n\t\t\t\t\t<a href=\"mailto:marbni@regionsjaelland.dk\"\n\t\t\t\t\t\tclass=\"member-modal__email\">\n\t\t\t\t\t\tmarbni@regionsjaelland.dk\n\t\t\t\t\t<\/a>\n\t\t\t\t<\/div>\n\t\t\t<\/div>\n\n\t\t\t\t\t<\/div>\n\t<\/template>\n\n<div class=\"member member--tile\" data-id=\"template-modal-1013\">\n\t<div class=\"member__thumbnail\">\n\t\t<img decoding=\"async\" src=\"https:\/\/forskning.eu\/wp-content\/themes\/oak-theme\/assets\/images\/placeholder.png\" data-src=\"https:\/\/forskning.eu\/wp-content\/uploads\/2023\/06\/Marie-300x300.jpg\" data-srcset=\"https:\/\/forskning.eu\/wp-content\/uploads\/2023\/06\/Marie-300x300.jpg 300w, https:\/\/forskning.eu\/wp-content\/uploads\/2023\/06\/Marie-1024x1024.jpg 1024w, https:\/\/forskning.eu\/wp-content\/uploads\/2023\/06\/Marie-150x150.jpg 150w, https:\/\/forskning.eu\/wp-content\/uploads\/2023\/06\/Marie-768x768.jpg 768w, https:\/\/forskning.eu\/wp-content\/uploads\/2023\/06\/Marie.jpg 1200w\" sizes=\"(max-width: 100vw) 600px, 600px\" data-loading=\"lazy\" alt=\"\" \/>\n\t\t<div class=\"member__backdrop\"><\/div>\n\t\t\t\t\t<span class=\"member__label\">\n\t\t\t\tRead more\n\t\t\t<\/span>\n\t\t\t<\/div>\n\t<div class=\"member__container\">\n\t\t<span class=\"heading-3 member__title\">Marie Bruun Nielsen<\/span>\n\t\t<span class=\"member__position\">Konsulent, kvalitativ konsulent<\/span>\n\t\t<button class=\"member__toggle\" aria-label=\"Show more\">\n\t\t\t<span><\/span><span><\/span>\n\t\t<\/button>\n\t<\/div>\n\t<div class=\"member__contact\">\n\t\t<a href=\"tel:+4593566625\">\n\t\t\t+45 93 56 66 25\n\t\t<\/a>\n\t\t<a href=\"mailto:marbni@regionsjaelland.dk\">marbni@regionsjaelland.dk<\/a>\n\t<\/div>\n<\/div>\n\t\t\t\t\t\t\t\n\t<template id=\"template-modal-512\">\n\t\t<div class=\"member-modal__image\">\n\t\t\t<img decoding=\"async\" src=\"https:\/\/forskning.eu\/wp-content\/uploads\/2023\/06\/Natasha-1024x1024.jpg\" srcset=\"https:\/\/forskning.eu\/wp-content\/uploads\/2023\/06\/Natasha-1024x1024.jpg 1024w, https:\/\/forskning.eu\/wp-content\/uploads\/2023\/06\/Natasha-300x300.jpg 300w, https:\/\/forskning.eu\/wp-content\/uploads\/2023\/06\/Natasha-150x150.jpg 150w, https:\/\/forskning.eu\/wp-content\/uploads\/2023\/06\/Natasha-768x768.jpg 768w, https:\/\/forskning.eu\/wp-content\/uploads\/2023\/06\/Natasha.jpg 1200w\" sizes=\"(max-width: 100vw) 1000px, 1000px\" loading=\"auto\" alt=\"\" \/>\n\t\t\t<div class=\"member-modal__scrolldown\">\n\t\t\t\t<div class=\"scrolldown\">\n\t<div class=\"scrolldown-curve\">\n\t\t<svg width=\"229\" height=\"85\" viewBox=\"0 0 229 85\" fill=\"none\" xmlns=\"http:\/\/www.w3.org\/2000\/svg\">\n<path d=\"M228.5 84.5C228.5 84.5 151.73 84.5 106 84.5C60.2696 84.5 21.5 84.5 0 84.5C64.0424 84.5 48.8701 0 118.088 0C180.836 0 167.692 84.5 228.5 84.5Z\" fill=\"white\"\/>\n<\/svg>\n\n\t<\/div>\n\t<button class=\"btn btn--round scrolldown-btn\" aria-label=\"Scroll button\">\n\t\t<svg width=\"73\" height=\"73\" viewBox=\"0 0 73 73\" fill=\"none\" xmlns=\"http:\/\/www.w3.org\/2000\/svg\">\n<path d=\"M53.5924 32.4964L45.223 24.127C45.223 24.127 45.223 24.127 45.223 24.1269C44.6325 23.5362 44.3008 22.7352 44.3008 21.9C44.3008 21.0647 44.6325 20.2636 45.223 19.6729C45.8137 19.0824 46.6148 18.7507 47.45 18.7507C48.2853 18.7507 49.0863 19.0825 49.677 19.673L64.2769 34.2729C64.277 34.2729 64.277 34.2729 64.277 34.273C64.8675 34.8637 65.1992 35.6647 65.1992 36.5C65.1992 37.3352 64.8675 38.1362 64.277 38.7269C64.277 38.727 64.277 38.727 64.2769 38.727L49.6802 53.3238C49.0864 53.8957 48.292 54.2121 47.4675 54.205C46.6415 54.1978 45.8515 53.8665 45.2675 53.2825C44.6834 52.6985 44.3521 51.9084 44.345 51.0825C44.3378 50.258 44.6542 49.4636 45.2261 48.8698L53.5924 40.5035L54.446 39.65H53.2389L10.95 39.65C10.1146 39.65 9.31334 39.3181 8.7226 38.7273C8.13186 38.1366 7.79999 37.3354 7.79999 36.5C7.79999 35.6645 8.13186 34.8633 8.7226 34.2726C9.31334 33.6818 10.1146 33.35 10.95 33.35L53.2389 33.35H54.446L53.5924 32.4964Z\" fill=\"currentColor\" stroke=\"currentColor\"\/>\n<\/svg>\n\n\t<\/button>\n<\/div>\n\t\t\t<\/div>\n\t\t<\/div>\n\t\t<div class=\"member-modal__container\">\n\t\t\t<div class=\"member-modal__close\">\n\t\t\t\t<button class=\"member-modal__close-btn\">\n\t\t\t\t\t<span><\/span><span><\/span>\n\t\t\t\t<\/button>\n\t\t\t<\/div>\n\t\t\t<div class=\"member-modal__content\">\n\t\t\t\t<span class=\"heading-3 member-modal__title\">\n\t\t\t\t\tNatasha R\u00f8sland Skov\n\t\t\t\t<\/span>\n\t\t\t\t<span class=\"member-modal__position\">\n\t\t\t\t\tKvalitativ studentermedarbejder\n\t\t\t\t<\/span>\n\t\t\t\t<p class=\"member-modal__excerpt\">\n\t\t\t\t\tNatasha har v\u00e6ret i Forskningsenheden siden sommeren 2021 og har i sommeren 2022 f\u00e6rdiggjort sin bachelor i europ\u00e6isk etnologi. Hendes interessefokus ligger inde for bruger\/patientinvolvering, samt selvmonitorering af egen behandling. Tidligere har Natasha arbejdet som handicapmedhj\u00e6lper. Natashas store hobby er madlavning og madkultur.\n\t\t\t\t<\/p>\n\t\t\t\t<div class=\"member-modal__contact\">\n\t\t\t\t\t<a href=\"tel:+4520828552\"\n\t\t\t\t\t\tclass=\"member-modal__phone\">\n\t\t\t\t\t\t+4520828552\n\t\t\t\t\t<\/a>\n\t\t\t\t\t<a href=\"mailto:nasko@regionsjaelland.dk\"\n\t\t\t\t\t\tclass=\"member-modal__email\">\n\t\t\t\t\t\tnasko@regionsjaelland.dk\n\t\t\t\t\t<\/a>\n\t\t\t\t<\/div>\n\t\t\t<\/div>\n\n\t\t\t\t\t\t\t<div class=\"member-modal__accordions\">\n\t\t\t\t\t\t\t\t\t\t\t<div class=\"member-modal__accordion\">\n\t\t\t\t\t\t\t<span class=\"accordion__title\">\n\t\t\t\t\t\t\t\tOm Natasha\n\t\t\t\t\t\t\t<\/span>\n\t\t\t\t\t\t\t\t\t\t\t\t\t\t<div class=\"accordion__list\">\n\t\t\t\t\t\t\t\t\t\t\t\t\t\t\t\t\t<div class=\"list__item\">\n\t\t\t\t\t\t\t\t\t\t<button class=\"list__question\">\n\t\t\t\t\t\t\t\t\t\t\t<p>\n\t\t\t\t\t\t\t\t\t\t\t\tCV\n\t\t\t\t\t\t\t\t\t\t\t<\/p>\n\t\t\t\t\t\t\t\t\t\t\t<div class=\"list__plus\">\n\t\t\t\t\t\t\t\t\t\t\t\t<span><\/span><span><\/span>\n\t\t\t\t\t\t\t\t\t\t\t<\/div>\n\t\t\t\t\t\t\t\t\t\t<\/button>\n\t\t\t\t\t\t\t\t\t\t<div class=\"list__answer\">\n\t\t\t\t\t\t\t\t\t\t\t<p>\n\t\t\t\t\t\t\t\t\t\t\t\t<p>Uddannelser:<br \/>\n&#8211; 2023 August bachelor i Europ\u00e6isk etnologi<\/p>\n<p>Tidligere ans\u00e6ttelser:<br \/>\n&#8211; Maj 2020- oktober 2022 Handicap medhj\u00e6lper<br \/>\n&#8211; Juni 2018- februar 2020 Lufthavnsvikar<\/p>\n\n\t\t\t\t\t\t\t\t\t\t\t<\/p>\n\t\t\t\t\t\t\t\t\t\t<\/div>\n\t\t\t\t\t\t\t\t\t<\/div>\n\t\t\t\t\t\t\t\t\t\t\t\t\t\t\t<\/div>\n\t\t\t\t\t\t<\/div>\n\t\t\t\t\t\t\t\t\t\t\t<div class=\"member-modal__accordion\">\n\t\t\t\t\t\t\t<span class=\"accordion__title\">\n\t\t\t\t\t\t\t\tNuv\u00e6rende projekter\n\t\t\t\t\t\t\t<\/span>\n\t\t\t\t\t\t\t\t\t\t\t\t\t\t<div class=\"accordion__list\">\n\t\t\t\t\t\t\t\t\t\t\t\t\t\t\t\t\t<div class=\"list__item\">\n\t\t\t\t\t\t\t\t\t\t<button class=\"list__question\">\n\t\t\t\t\t\t\t\t\t\t\t<p>\n\t\t\t\t\t\t\t\t\t\t\t\tOPTIMIZE\n\t\t\t\t\t\t\t\t\t\t\t<\/p>\n\t\t\t\t\t\t\t\t\t\t\t<div class=\"list__plus\">\n\t\t\t\t\t\t\t\t\t\t\t\t<span><\/span><span><\/span>\n\t\t\t\t\t\t\t\t\t\t\t<\/div>\n\t\t\t\t\t\t\t\t\t\t<\/button>\n\t\t\t\t\t\t\t\t\t\t<div class=\"list__answer\">\n\t\t\t\t\t\t\t\t\t\t\t<p>\n\t\t\t\t\t\t\t\t\t\t\t\t<p>Baselineunders\u00f8gelse af an\u00e6stesien og v\u00e5gne operationer. Interviews og observationer med sundhedspersonale og patienter i forbindelse med unders\u00f8gelsen.<\/p>\n\n\t\t\t\t\t\t\t\t\t\t\t<\/p>\n\t\t\t\t\t\t\t\t\t\t<\/div>\n\t\t\t\t\t\t\t\t\t<\/div>\n\t\t\t\t\t\t\t\t\t\t\t\t\t\t\t<\/div>\n\t\t\t\t\t\t<\/div>\n\t\t\t\t\t\t\t\t\t\t\t<div class=\"member-modal__accordion\">\n\t\t\t\t\t\t\t<span class=\"accordion__title\">\n\t\t\t\t\t\t\t\tTidligere projekter\n\t\t\t\t\t\t\t<\/span>\n\t\t\t\t\t\t\t\t\t\t\t\t\t\t<div class=\"accordion__list\">\n\t\t\t\t\t\t\t\t\t\t\t\t\t\t\t\t\t<div class=\"list__item\">\n\t\t\t\t\t\t\t\t\t\t<button class=\"list__question\">\n\t\t\t\t\t\t\t\t\t\t\t<p>\n\t\t\t\t\t\t\t\t\t\t\t\tNorDigHealth\n\t\t\t\t\t\t\t\t\t\t\t<\/p>\n\t\t\t\t\t\t\t\t\t\t\t<div class=\"list__plus\">\n\t\t\t\t\t\t\t\t\t\t\t\t<span><\/span><span><\/span>\n\t\t\t\t\t\t\t\t\t\t\t<\/div>\n\t\t\t\t\t\t\t\t\t\t<\/button>\n\t\t\t\t\t\t\t\t\t\t<div class=\"list__answer\">\n\t\t\t\t\t\t\t\t\t\t\t<p>\n\t\t\t\t\t\t\t\t\t\t\t\t<p>Kvalitative unders\u00f8gelser i projektet, interviews og observationer af udlevering af GOBE ur til borgerne, samt vejning af borgerne i projektet. Opf\u00f8lgende hjemme interviews med borgerne omkring uret og selvmonitorering af kalorie indtag.<\/p>\n\n\t\t\t\t\t\t\t\t\t\t\t<\/p>\n\t\t\t\t\t\t\t\t\t\t<\/div>\n\t\t\t\t\t\t\t\t\t<\/div>\n\t\t\t\t\t\t\t\t\t\t\t\t\t\t\t\t\t<div class=\"list__item\">\n\t\t\t\t\t\t\t\t\t\t<button class=\"list__question\">\n\t\t\t\t\t\t\t\t\t\t\t<p>\n\t\t\t\t\t\t\t\t\t\t\t\tKan du se fremtiden?\n\t\t\t\t\t\t\t\t\t\t\t<\/p>\n\t\t\t\t\t\t\t\t\t\t\t<div class=\"list__plus\">\n\t\t\t\t\t\t\t\t\t\t\t\t<span><\/span><span><\/span>\n\t\t\t\t\t\t\t\t\t\t\t<\/div>\n\t\t\t\t\t\t\t\t\t\t<\/button>\n\t\t\t\t\t\t\t\t\t\t<div class=\"list__answer\">\n\t\t\t\t\t\t\t\t\t\t\t<p>\n\t\t\t\t\t\t\t\t\t\t\t\t<p>Kvalitative unders\u00f8gelser i projektet, heriblandt hjemme interviews af AMD patienter. Observationer og deltagerobservationer af patienter i interventionstr\u00e6ning, samt fokusgruppeinterviews af patienterne ved tr\u00e6ningsafslutning.<\/p>\n\n\t\t\t\t\t\t\t\t\t\t\t<\/p>\n\t\t\t\t\t\t\t\t\t\t<\/div>\n\t\t\t\t\t\t\t\t\t<\/div>\n\t\t\t\t\t\t\t\t\t\t\t\t\t\t\t\t\t<div class=\"list__item\">\n\t\t\t\t\t\t\t\t\t\t<button class=\"list__question\">\n\t\t\t\t\t\t\t\t\t\t\t<p>\n\t\t\t\t\t\t\t\t\t\t\t\tSAW \u2013 Sleep Across Water \n\t\t\t\t\t\t\t\t\t\t\t<\/p>\n\t\t\t\t\t\t\t\t\t\t\t<div class=\"list__plus\">\n\t\t\t\t\t\t\t\t\t\t\t\t<span><\/span><span><\/span>\n\t\t\t\t\t\t\t\t\t\t\t<\/div>\n\t\t\t\t\t\t\t\t\t\t<\/button>\n\t\t\t\t\t\t\t\t\t\t<div class=\"list__answer\">\n\t\t\t\t\t\t\t\t\t\t\t<p>\n\t\t\t\t\t\t\t\t\t\t\t\t<p>Kvalitative unders\u00f8gelser i projektet, heriblandt observationer af s\u00f8vnapn\u00f8 patienter ved multidisciplin\u00e6r konsultation. Deltagerobservation af undervisning til s\u00f8vnapn\u00f8patienter.<\/p>\n\n\t\t\t\t\t\t\t\t\t\t\t<\/p>\n\t\t\t\t\t\t\t\t\t\t<\/div>\n\t\t\t\t\t\t\t\t\t<\/div>\n\t\t\t\t\t\t\t\t\t\t\t\t\t\t\t<\/div>\n\t\t\t\t\t\t<\/div>\n\t\t\t\t\t\t\t\t\t<\/div>\n\t\t\t\t\t<\/div>\n\t<\/template>\n\n<div class=\"member member--tile\" data-id=\"template-modal-512\">\n\t<div class=\"member__thumbnail\">\n\t\t<img decoding=\"async\" src=\"https:\/\/forskning.eu\/wp-content\/themes\/oak-theme\/assets\/images\/placeholder.png\" data-src=\"https:\/\/forskning.eu\/wp-content\/uploads\/2023\/06\/Natasha-300x300.jpg\" data-srcset=\"https:\/\/forskning.eu\/wp-content\/uploads\/2023\/06\/Natasha-300x300.jpg 300w, https:\/\/forskning.eu\/wp-content\/uploads\/2023\/06\/Natasha-1024x1024.jpg 1024w, https:\/\/forskning.eu\/wp-content\/uploads\/2023\/06\/Natasha-150x150.jpg 150w, https:\/\/forskning.eu\/wp-content\/uploads\/2023\/06\/Natasha-768x768.jpg 768w, https:\/\/forskning.eu\/wp-content\/uploads\/2023\/06\/Natasha.jpg 1200w\" sizes=\"(max-width: 100vw) 600px, 600px\" data-loading=\"lazy\" alt=\"\" \/>\n\t\t<div class=\"member__backdrop\"><\/div>\n\t\t\t\t\t<span class=\"member__label\">\n\t\t\t\tRead more\n\t\t\t<\/span>\n\t\t\t<\/div>\n\t<div class=\"member__container\">\n\t\t<span class=\"heading-3 member__title\">Natasha R\u00f8sland Skov<\/span>\n\t\t<span class=\"member__position\">Kvalitativ studentermedarbejder<\/span>\n\t\t<button class=\"member__toggle\" aria-label=\"Show more\">\n\t\t\t<span><\/span><span><\/span>\n\t\t<\/button>\n\t<\/div>\n\t<div class=\"member__contact\">\n\t\t<a href=\"tel:+4520828552\">\n\t\t\t+4520828552\n\t\t<\/a>\n\t\t<a href=\"mailto:nasko@regionsjaelland.dk\">nasko@regionsjaelland.dk<\/a>\n\t<\/div>\n<\/div>\n\t\t\t\t\t\t\t\n\t<template id=\"template-modal-584\">\n\t\t<div class=\"member-modal__image\">\n\t\t\t<img decoding=\"async\" src=\"https:\/\/forskning.eu\/wp-content\/uploads\/2023\/06\/Sara-1024x1024.jpg\" srcset=\"https:\/\/forskning.eu\/wp-content\/uploads\/2023\/06\/Sara-1024x1024.jpg 1024w, https:\/\/forskning.eu\/wp-content\/uploads\/2023\/06\/Sara-300x300.jpg 300w, https:\/\/forskning.eu\/wp-content\/uploads\/2023\/06\/Sara-150x150.jpg 150w, https:\/\/forskning.eu\/wp-content\/uploads\/2023\/06\/Sara-768x768.jpg 768w, https:\/\/forskning.eu\/wp-content\/uploads\/2023\/06\/Sara.jpg 1200w\" sizes=\"(max-width: 100vw) 1000px, 1000px\" loading=\"auto\" alt=\"\" \/>\n\t\t\t<div class=\"member-modal__scrolldown\">\n\t\t\t\t<div class=\"scrolldown\">\n\t<div class=\"scrolldown-curve\">\n\t\t<svg width=\"229\" height=\"85\" viewBox=\"0 0 229 85\" fill=\"none\" xmlns=\"http:\/\/www.w3.org\/2000\/svg\">\n<path d=\"M228.5 84.5C228.5 84.5 151.73 84.5 106 84.5C60.2696 84.5 21.5 84.5 0 84.5C64.0424 84.5 48.8701 0 118.088 0C180.836 0 167.692 84.5 228.5 84.5Z\" fill=\"white\"\/>\n<\/svg>\n\n\t<\/div>\n\t<button class=\"btn btn--round scrolldown-btn\" aria-label=\"Scroll button\">\n\t\t<svg width=\"73\" height=\"73\" viewBox=\"0 0 73 73\" fill=\"none\" xmlns=\"http:\/\/www.w3.org\/2000\/svg\">\n<path d=\"M53.5924 32.4964L45.223 24.127C45.223 24.127 45.223 24.127 45.223 24.1269C44.6325 23.5362 44.3008 22.7352 44.3008 21.9C44.3008 21.0647 44.6325 20.2636 45.223 19.6729C45.8137 19.0824 46.6148 18.7507 47.45 18.7507C48.2853 18.7507 49.0863 19.0825 49.677 19.673L64.2769 34.2729C64.277 34.2729 64.277 34.2729 64.277 34.273C64.8675 34.8637 65.1992 35.6647 65.1992 36.5C65.1992 37.3352 64.8675 38.1362 64.277 38.7269C64.277 38.727 64.277 38.727 64.2769 38.727L49.6802 53.3238C49.0864 53.8957 48.292 54.2121 47.4675 54.205C46.6415 54.1978 45.8515 53.8665 45.2675 53.2825C44.6834 52.6985 44.3521 51.9084 44.345 51.0825C44.3378 50.258 44.6542 49.4636 45.2261 48.8698L53.5924 40.5035L54.446 39.65H53.2389L10.95 39.65C10.1146 39.65 9.31334 39.3181 8.7226 38.7273C8.13186 38.1366 7.79999 37.3354 7.79999 36.5C7.79999 35.6645 8.13186 34.8633 8.7226 34.2726C9.31334 33.6818 10.1146 33.35 10.95 33.35L53.2389 33.35H54.446L53.5924 32.4964Z\" fill=\"currentColor\" stroke=\"currentColor\"\/>\n<\/svg>\n\n\t<\/button>\n<\/div>\n\t\t\t<\/div>\n\t\t<\/div>\n\t\t<div class=\"member-modal__container\">\n\t\t\t<div class=\"member-modal__close\">\n\t\t\t\t<button class=\"member-modal__close-btn\">\n\t\t\t\t\t<span><\/span><span><\/span>\n\t\t\t\t<\/button>\n\t\t\t<\/div>\n\t\t\t<div class=\"member-modal__content\">\n\t\t\t\t<span class=\"heading-3 member-modal__title\">\n\t\t\t\t\tSara Herfelt\n\t\t\t\t<\/span>\n\t\t\t\t<span class=\"member-modal__position\">\n\t\t\t\t\tKvalitativ projektleder\n\t\t\t\t<\/span>\n\t\t\t\t<p class=\"member-modal__excerpt\">\n\t\t\t\t\tSara er uddannet jordemoder og er ved at l\u00e6se en kandidat i Tv\u00e6rvidenskabelige Sundhedsstudier p\u00e5 RUC. Hun arbejder to dage om ugen i Forskningsenheden, hvor hun er tilknyttet det kvalitative team, og hun er optaget af at unders\u00f8ge, hvordan patienter p\u00e5 bedst mulig vis bliver hjulpet i det danske sundhedsv\u00e6sen.\n\t\t\t\t<\/p>\n\t\t\t\t<div class=\"member-modal__contact\">\n\t\t\t\t\t<a href=\"tel:+4524807758\"\n\t\t\t\t\t\tclass=\"member-modal__phone\">\n\t\t\t\t\t\t+45 2480 7758\n\t\t\t\t\t<\/a>\n\t\t\t\t\t<a href=\"mailto:sherf@regionsjaelland.dk\"\n\t\t\t\t\t\tclass=\"member-modal__email\">\n\t\t\t\t\t\tsherf@regionsjaelland.dk\n\t\t\t\t\t<\/a>\n\t\t\t\t<\/div>\n\t\t\t<\/div>\n\n\t\t\t\t\t\t\t<div class=\"member-modal__accordions\">\n\t\t\t\t\t\t\t\t\t\t\t<div class=\"member-modal__accordion\">\n\t\t\t\t\t\t\t<span class=\"accordion__title\">\n\t\t\t\t\t\t\t\tOm Sara\n\t\t\t\t\t\t\t<\/span>\n\t\t\t\t\t\t\t\t\t\t\t\t\t\t<div class=\"accordion__list\">\n\t\t\t\t\t\t\t\t\t\t\t\t\t\t\t\t\t<div class=\"list__item\">\n\t\t\t\t\t\t\t\t\t\t<button class=\"list__question\">\n\t\t\t\t\t\t\t\t\t\t\t<p>\n\t\t\t\t\t\t\t\t\t\t\t\tCV\n\t\t\t\t\t\t\t\t\t\t\t<\/p>\n\t\t\t\t\t\t\t\t\t\t\t<div class=\"list__plus\">\n\t\t\t\t\t\t\t\t\t\t\t\t<span><\/span><span><\/span>\n\t\t\t\t\t\t\t\t\t\t\t<\/div>\n\t\t\t\t\t\t\t\t\t\t<\/button>\n\t\t\t\t\t\t\t\t\t\t<div class=\"list__answer\">\n\t\t\t\t\t\t\t\t\t\t\t<p>\n\t\t\t\t\t\t\t\t\t\t\t\t<p>2020-2021: Jordemodervikar ved forskellige hospitaler i Danmark og Norge (bl.a. Rigshospitalet i K\u00f8benhavn og f\u00f8deafdelinger i Bergen, Oslo og Stavanger).<br \/>\n2019-2020: Jordemoder, Vesterbro L\u00e6gehus<br \/>\n2015-2018: Jordemoder, Gyn\u00e6kologisk og Obstetrisk Afdeling p\u00e5 Nordsj\u00e6llands Hospital<\/p>\n<p>Uddannelser:<br \/>\n2022-2024: Kandidat i Tv\u00e6rvidenskabelige Sundhedsstudier, Roskilde Universitet<br \/>\n2012-2015: BA Jordemoderkundskab, K\u00f8benhavns Professionsh\u00f8jskole<br \/>\n2007-2010: BA Kommunikation og Sundhedsfremme &amp; Sundhedsstrategier, Roskilde Universitet<\/p>\n\n\t\t\t\t\t\t\t\t\t\t\t<\/p>\n\t\t\t\t\t\t\t\t\t\t<\/div>\n\t\t\t\t\t\t\t\t\t<\/div>\n\t\t\t\t\t\t\t\t\t\t\t\t\t\t\t<\/div>\n\t\t\t\t\t\t<\/div>\n\t\t\t\t\t\t\t\t\t\t\t<div class=\"member-modal__accordion\">\n\t\t\t\t\t\t\t<span class=\"accordion__title\">\n\t\t\t\t\t\t\t\tNuv\u00e6rende projekter\n\t\t\t\t\t\t\t<\/span>\n\t\t\t\t\t\t\t\t\t\t\t\t\t\t<div class=\"accordion__list\">\n\t\t\t\t\t\t\t\t\t\t\t\t\t\t\t\t\t<div class=\"list__item\">\n\t\t\t\t\t\t\t\t\t\t<button class=\"list__question\">\n\t\t\t\t\t\t\t\t\t\t\t<p>\n\t\t\t\t\t\t\t\t\t\t\t\tCAT (Child to Adult Transition)\n\t\t\t\t\t\t\t\t\t\t\t<\/p>\n\t\t\t\t\t\t\t\t\t\t\t<div class=\"list__plus\">\n\t\t\t\t\t\t\t\t\t\t\t\t<span><\/span><span><\/span>\n\t\t\t\t\t\t\t\t\t\t\t<\/div>\n\t\t\t\t\t\t\t\t\t\t<\/button>\n\t\t\t\t\t\t\t\t\t\t<div class=\"list__answer\">\n\t\t\t\t\t\t\t\t\t\t\t<p>\n\t\t\t\t\t\t\t\t\t\t\t\t<p>Planl\u00e6gger og udf\u00f8rer kvalitative interviewunders\u00f8gelser af unge patienters oplevelse af overgangen fra b\u00f8rneafdelingen til voksenafdelingen i hospitalsregi. Ogs\u00e5 patienternes for\u00e6ldre og sundhedspersonale interviewes i projektet med det form\u00e5l at bedre de unges transitionsproces.<\/p>\n\n\t\t\t\t\t\t\t\t\t\t\t<\/p>\n\t\t\t\t\t\t\t\t\t\t<\/div>\n\t\t\t\t\t\t\t\t\t<\/div>\n\t\t\t\t\t\t\t\t\t\t\t\t\t\t\t<\/div>\n\t\t\t\t\t\t<\/div>\n\t\t\t\t\t\t\t\t\t\t\t<div class=\"member-modal__accordion\">\n\t\t\t\t\t\t\t<span class=\"accordion__title\">\n\t\t\t\t\t\t\t\tTidligere projekter\n\t\t\t\t\t\t\t<\/span>\n\t\t\t\t\t\t\t\t\t\t\t\t\t\t<div class=\"accordion__list\">\n\t\t\t\t\t\t\t\t\t\t\t\t\t\t\t\t\t<div class=\"list__item\">\n\t\t\t\t\t\t\t\t\t\t<button class=\"list__question\">\n\t\t\t\t\t\t\t\t\t\t\t<p>\n\t\t\t\t\t\t\t\t\t\t\t\tKan du se fremtiden?\n\t\t\t\t\t\t\t\t\t\t\t<\/p>\n\t\t\t\t\t\t\t\t\t\t\t<div class=\"list__plus\">\n\t\t\t\t\t\t\t\t\t\t\t\t<span><\/span><span><\/span>\n\t\t\t\t\t\t\t\t\t\t\t<\/div>\n\t\t\t\t\t\t\t\t\t\t<\/button>\n\t\t\t\t\t\t\t\t\t\t<div class=\"list__answer\">\n\t\t\t\t\t\t\t\t\t\t\t<p>\n\t\t\t\t\t\t\t\t\t\t\t\t<p>Gennemf\u00f8rte fokusgruppeinterviews med patienter som havde \u00f8jensygdomme AMD. Det blev unders\u00f8gt, hvilke positive effekter ugentlig fysisk tr\u00e6ning kan have p\u00e5 b\u00e5de sygdommens symptomer og p\u00e5 livet med AMD.<\/p>\n\n\t\t\t\t\t\t\t\t\t\t\t<\/p>\n\t\t\t\t\t\t\t\t\t\t<\/div>\n\t\t\t\t\t\t\t\t\t<\/div>\n\t\t\t\t\t\t\t\t\t\t\t\t\t\t\t\t\t<div class=\"list__item\">\n\t\t\t\t\t\t\t\t\t\t<button class=\"list__question\">\n\t\t\t\t\t\t\t\t\t\t\t<p>\n\t\t\t\t\t\t\t\t\t\t\t\tSleep Across Waters\n\t\t\t\t\t\t\t\t\t\t\t<\/p>\n\t\t\t\t\t\t\t\t\t\t\t<div class=\"list__plus\">\n\t\t\t\t\t\t\t\t\t\t\t\t<span><\/span><span><\/span>\n\t\t\t\t\t\t\t\t\t\t\t<\/div>\n\t\t\t\t\t\t\t\t\t\t<\/button>\n\t\t\t\t\t\t\t\t\t\t<div class=\"list__answer\">\n\t\t\t\t\t\t\t\t\t\t\t<p>\n\t\t\t\t\t\t\t\t\t\t\t\t<p>Gennemf\u00f8rte interviews med patienter med s\u00f8vnapn\u00f8, som havde v\u00e6ret en del af en ny interdisciplin\u00e6r konferencetype. I interviewene blev bl.a. patienternes oplevelse af konferencen belyst.<\/p>\n\n\t\t\t\t\t\t\t\t\t\t\t<\/p>\n\t\t\t\t\t\t\t\t\t\t<\/div>\n\t\t\t\t\t\t\t\t\t<\/div>\n\t\t\t\t\t\t\t\t\t\t\t\t\t\t\t<\/div>\n\t\t\t\t\t\t<\/div>\n\t\t\t\t\t\t\t\t\t<\/div>\n\t\t\t\t\t<\/div>\n\t<\/template>\n\n<div class=\"member member--tile\" data-id=\"template-modal-584\">\n\t<div class=\"member__thumbnail\">\n\t\t<img decoding=\"async\" src=\"https:\/\/forskning.eu\/wp-content\/themes\/oak-theme\/assets\/images\/placeholder.png\" data-src=\"https:\/\/forskning.eu\/wp-content\/uploads\/2023\/06\/Sara-300x300.jpg\" data-srcset=\"https:\/\/forskning.eu\/wp-content\/uploads\/2023\/06\/Sara-300x300.jpg 300w, https:\/\/forskning.eu\/wp-content\/uploads\/2023\/06\/Sara-1024x1024.jpg 1024w, https:\/\/forskning.eu\/wp-content\/uploads\/2023\/06\/Sara-150x150.jpg 150w, https:\/\/forskning.eu\/wp-content\/uploads\/2023\/06\/Sara-768x768.jpg 768w, https:\/\/forskning.eu\/wp-content\/uploads\/2023\/06\/Sara.jpg 1200w\" sizes=\"(max-width: 100vw) 600px, 600px\" data-loading=\"lazy\" alt=\"\" \/>\n\t\t<div class=\"member__backdrop\"><\/div>\n\t\t\t\t\t<span class=\"member__label\">\n\t\t\t\tRead more\n\t\t\t<\/span>\n\t\t\t<\/div>\n\t<div class=\"member__container\">\n\t\t<span class=\"heading-3 member__title\">Sara Herfelt<\/span>\n\t\t<span class=\"member__position\">Kvalitativ projektleder<\/span>\n\t\t<button class=\"member__toggle\" aria-label=\"Show more\">\n\t\t\t<span><\/span><span><\/span>\n\t\t<\/button>\n\t<\/div>\n\t<div class=\"member__contact\">\n\t\t<a href=\"tel:+4524807758\">\n\t\t\t+45 2480 7758\n\t\t<\/a>\n\t\t<a href=\"mailto:sherf@regionsjaelland.dk\">sherf@regionsjaelland.dk<\/a>\n\t<\/div>\n<\/div>\n\t\t\t\t\t<\/div>\n\t<\/div>\n\n\t<div class=\"team__modal\"><\/div>\n\t\t\t\t<\/div>\n\t\t\t\t\t<\/div>\n\t<\/section>\n","protected":false},"excerpt":{"rendered":"","protected":false},"author":3,"featured_media":0,"parent":0,"menu_order":0,"comment_status":"closed","ping_status":"closed","template":"","meta":{"_acf_changed":false,"footnotes":""},"class_list":["post-1554","page","type-page","status-publish","hentry"],"acf":[],"_links":{"self":[{"href":"https:\/\/forskning.eu\/de\/wp-json\/wp\/v2\/pages\/1554","targetHints":{"allow":["GET"]}}],"collection":[{"href":"https:\/\/forskning.eu\/de\/wp-json\/wp\/v2\/pages"}],"about":[{"href":"https:\/\/forskning.eu\/de\/wp-json\/wp\/v2\/types\/page"}],"author":[{"embeddable":true,"href":"https:\/\/forskning.eu\/de\/wp-json\/wp\/v2\/users\/3"}],"replies":[{"embeddable":true,"href":"https:\/\/forskning.eu\/de\/wp-json\/wp\/v2\/comments?post=1554"}],"version-history":[{"count":4,"href":"https:\/\/forskning.eu\/de\/wp-json\/wp\/v2\/pages\/1554\/revisions"}],"predecessor-version":[{"id":1763,"href":"https:\/\/forskning.eu\/de\/wp-json\/wp\/v2\/pages\/1554\/revisions\/1763"}],"wp:attachment":[{"href":"https:\/\/forskning.eu\/de\/wp-json\/wp\/v2\/media?parent=1554"}],"curies":[{"name":"wp","href":"https:\/\/api.w.org\/{rel}","templated":true}]}}